{"version":"1.0","provider_name":"Darka Maz\u00ee","provider_url":"https:\/\/darkamazi.info","title":"Xwe radest kirina Ocalan bo tirkiy\u00ea \u00fb der kirina biryaran di \u00eemraliy\u00ea de - Darka Maz\u00ee","type":"rich","width":600,"height":338,"html":"<blockquote class=\"darka-embedded-content\" data-secret=\"vYSLnsm9cD\"><a href=\"https:\/\/darkamazi.info\/archives\/1010802\">Xwe radest kirina Ocalan bo tirkiy\u00ea \u00fb der kirina biryaran di \u00eemraliy\u00ea de<\/a><\/blockquote><iframe sandbox=\"allow-scripts\" security=\"restricted\" src=\"https:\/\/darkamazi.info\/archives\/1010802\/embed#?secret=vYSLnsm9cD\" width=\"600\" height=\"338\" title=\"&#8220;Xwe radest kirina Ocalan bo tirkiy\u00ea \u00fb der kirina biryaran di \u00eemraliy\u00ea de&#8221; &#8212; Darka Maz\u00ee\" data-secret=\"vYSLnsm9cD\" frameborder=\"0\" marginwidth=\"0\" marginheight=\"0\" scrolling=\"no\" class=\"darka-embedded-content\"><\/iframe><script>\n\/*! This file is auto-generated *\/\n!function(d,l){\"use strict\";l.querySelector&&d.addEventListener&&\"undefined\"!=typeof URL&&(d.wp=d.wp||{},d.wp.receiveEmbedMessage||(d.wp.receiveEmbedMessage=function(e){var t=e.data;if((t||t.secret||t.message||t.value)&&!\/[^a-zA-Z0-9]\/.test(t.secret)){for(var s,r,n,a=l.querySelectorAll('iframe[data-secret=\"'+t.secret+'\"]'),o=l.querySelectorAll('blockquote[data-secret=\"'+t.secret+'\"]'),c=new RegExp(\"^https?:$\",\"i\"),i=0;i<o.length;i++)o[i].style.display=\"none\";for(i=0;i<a.length;i++)s=a[i],e.source===s.contentWindow&&(s.removeAttribute(\"style\"),\"height\"===t.message?(1e3<(r=parseInt(t.value,10))?r=1e3:~~r<200&&(r=200),s.height=r):\"link\"===t.message&&(r=new URL(s.getAttribute(\"src\")),n=new URL(t.value),c.test(n.protocol))&&n.host===r.host&&l.activeElement===s&&(d.top.location.href=t.value))}},d.addEventListener(\"message\",d.wp.receiveEmbedMessage,!1),l.addEventListener(\"DOMContentLoaded\",function(){for(var e,t,s=l.querySelectorAll(\"iframe.darka-embedded-content\"),r=0;r<s.length;r++)(t=(e=s[r]).getAttribute(\"data-secret\"))||(t=Math.random().toString(36).substring(2,12),e.src+=\"#?secret=\"+t,e.setAttribute(\"data-secret\",t)),e.contentWindow.postMessage({message:\"ready\",secret:t},\"*\")},!1)))}(window,document);\n\/\/# sourceURL=https:\/\/darkamazi.info\/other\/js\/wp-embed.min.js\n<\/script>\n","thumbnail_url":"https:\/\/darkamazi.info\/file\/2019\/12\/Ocalan-te-girtin.jpg","thumbnail_width":940,"thumbnail_height":577,"description":"[darkamazi_row][darkamazi_column][darkamazi_video link=&#8221;https:\/\/www.youtube.com\/watch?v=1mMyiFIpSm8&#8243; align=&#8221;center&#8221;][darkamazi_column_text] PKKE LI W\u00ca BAWER\u00ca YE KU OCALAN DI P\u00ceLANEKE NAVDEWLET\u00ce DE HATIYE GIRTIN Li 15\u00ea \u015fubata sala 1999an de, Ebdula Ocalan r\u00eaber\u00ea Partiya Karker\u00ean Kurdistan\u00ea &#8220;PKK\u00ea&#8221; li wlat\u00ea K\u00eenyay\u00ea t\u00ea desteser kirin, PKKe desteser kirina Ocalan bi p\u00eelaneke navdewlet\u00ee dide zan\u00een, l\u00ea aya bi rast\u00ee j\u00ee ev yek wihaye? Yan j\u00ee Ocalan [&hellip;]"}