{"version":"1.0","provider_name":"Darka Maz\u00ee","provider_url":"https:\/\/darkamazi.info","title":"PKK e bi zaneb\u00fbn ab\u00fbr \u00fb tor\u00eezma Ba\u015f\u00fbr\u00ea Kurdistan\u00ea hedef dike - Darka Maz\u00ee","type":"rich","width":600,"height":338,"html":"<blockquote class=\"darka-embedded-content\" data-secret=\"y9V5F7tsSF\"><a href=\"https:\/\/darkamazi.info\/archives\/1017227\">PKK e bi zaneb\u00fbn ab\u00fbr \u00fb tor\u00eezma Ba\u015f\u00fbr\u00ea Kurdistan\u00ea hedef dike<\/a><\/blockquote><iframe sandbox=\"allow-scripts\" security=\"restricted\" src=\"https:\/\/darkamazi.info\/archives\/1017227\/embed#?secret=y9V5F7tsSF\" width=\"600\" height=\"338\" title=\"&#8220;PKK e bi zaneb\u00fbn ab\u00fbr \u00fb tor\u00eezma Ba\u015f\u00fbr\u00ea Kurdistan\u00ea hedef dike&#8221; &#8212; Darka Maz\u00ee\" data-secret=\"y9V5F7tsSF\" frameborder=\"0\" marginwidth=\"0\" marginheight=\"0\" scrolling=\"no\" class=\"darka-embedded-content\"><\/iframe><script>\n\/*! This file is auto-generated *\/\n!function(d,l){\"use strict\";l.querySelector&&d.addEventListener&&\"undefined\"!=typeof URL&&(d.wp=d.wp||{},d.wp.receiveEmbedMessage||(d.wp.receiveEmbedMessage=function(e){var t=e.data;if((t||t.secret||t.message||t.value)&&!\/[^a-zA-Z0-9]\/.test(t.secret)){for(var s,r,n,a=l.querySelectorAll('iframe[data-secret=\"'+t.secret+'\"]'),o=l.querySelectorAll('blockquote[data-secret=\"'+t.secret+'\"]'),c=new RegExp(\"^https?:$\",\"i\"),i=0;i<o.length;i++)o[i].style.display=\"none\";for(i=0;i<a.length;i++)s=a[i],e.source===s.contentWindow&&(s.removeAttribute(\"style\"),\"height\"===t.message?(1e3<(r=parseInt(t.value,10))?r=1e3:~~r<200&&(r=200),s.height=r):\"link\"===t.message&&(r=new URL(s.getAttribute(\"src\")),n=new URL(t.value),c.test(n.protocol))&&n.host===r.host&&l.activeElement===s&&(d.top.location.href=t.value))}},d.addEventListener(\"message\",d.wp.receiveEmbedMessage,!1),l.addEventListener(\"DOMContentLoaded\",function(){for(var e,t,s=l.querySelectorAll(\"iframe.darka-embedded-content\"),r=0;r<s.length;r++)(t=(e=s[r]).getAttribute(\"data-secret\"))||(t=Math.random().toString(36).substring(2,12),e.src+=\"#?secret=\"+t,e.setAttribute(\"data-secret\",t)),e.contentWindow.postMessage({message:\"ready\",secret:t},\"*\")},!1)))}(window,document);\n\/\/# sourceURL=https:\/\/darkamazi.info\/other\/js\/wp-embed.min.js\n<\/script>\n","thumbnail_url":"https:\/\/darkamazi.info\/file\/2020\/11\/turizm-kurmanci.jpg","thumbnail_width":900,"thumbnail_height":545,"description":"[darkamazi_row][darkamazi_column][darkamazi_video link=&#8221;https:\/\/youtu.be\/0XR2d37HJLU&#8221; align=&#8221;center&#8221;][darkamazi_column_text] Part\u00eeya Karker\u00ean Kurdistan\u00ea, weke pence\u015f\u00ear\u00ea ket\u00eeye di Ba\u015f\u00fbr\u00ea welat de \u00fb zirar bi her der \u00fb al\u00ee xist\u00eeye, di ner\u00eena v\u00ea r\u00eaxistin\u00ea de, \u015fer\u00ea li gel Ba\u015f\u00fbr ji \u015fer\u00ea li gel dewleta Tirk bi rumet tire, ew li ser v\u00ea esas\u00ea \u00e7ekdar\u00ean xwe perwerde dike, t\u00eakdana take per\u00e7eya azad j\u00ee bi dozeke [&hellip;]"}