{"version":"1.0","provider_name":"Darka Maz\u00ee","provider_url":"https:\/\/darkamazi.info","title":"Careke din Y\u00fbnanistan\u00ea banga cezakirina Tirkiy\u00ea li Yek\u00eetiya Ewropa kir - Darka Maz\u00ee","type":"rich","width":600,"height":338,"html":"<blockquote class=\"darka-embedded-content\" data-secret=\"ecCELB0eHj\"><a href=\"https:\/\/darkamazi.info\/archives\/1017720\">Careke din Y\u00fbnanistan\u00ea banga cezakirina Tirkiy\u00ea li Yek\u00eetiya Ewropa kir<\/a><\/blockquote><iframe sandbox=\"allow-scripts\" security=\"restricted\" src=\"https:\/\/darkamazi.info\/archives\/1017720\/embed#?secret=ecCELB0eHj\" width=\"600\" height=\"338\" title=\"&#8220;Careke din Y\u00fbnanistan\u00ea banga cezakirina Tirkiy\u00ea li Yek\u00eetiya Ewropa kir&#8221; &#8212; Darka Maz\u00ee\" data-secret=\"ecCELB0eHj\" frameborder=\"0\" marginwidth=\"0\" marginheight=\"0\" scrolling=\"no\" class=\"darka-embedded-content\"><\/iframe><script>\n\/*! This file is auto-generated *\/\n!function(d,l){\"use strict\";l.querySelector&&d.addEventListener&&\"undefined\"!=typeof URL&&(d.wp=d.wp||{},d.wp.receiveEmbedMessage||(d.wp.receiveEmbedMessage=function(e){var t=e.data;if((t||t.secret||t.message||t.value)&&!\/[^a-zA-Z0-9]\/.test(t.secret)){for(var s,r,n,a=l.querySelectorAll('iframe[data-secret=\"'+t.secret+'\"]'),o=l.querySelectorAll('blockquote[data-secret=\"'+t.secret+'\"]'),c=new RegExp(\"^https?:$\",\"i\"),i=0;i<o.length;i++)o[i].style.display=\"none\";for(i=0;i<a.length;i++)s=a[i],e.source===s.contentWindow&&(s.removeAttribute(\"style\"),\"height\"===t.message?(1e3<(r=parseInt(t.value,10))?r=1e3:~~r<200&&(r=200),s.height=r):\"link\"===t.message&&(r=new URL(s.getAttribute(\"src\")),n=new URL(t.value),c.test(n.protocol))&&n.host===r.host&&l.activeElement===s&&(d.top.location.href=t.value))}},d.addEventListener(\"message\",d.wp.receiveEmbedMessage,!1),l.addEventListener(\"DOMContentLoaded\",function(){for(var e,t,s=l.querySelectorAll(\"iframe.darka-embedded-content\"),r=0;r<s.length;r++)(t=(e=s[r]).getAttribute(\"data-secret\"))||(t=Math.random().toString(36).substring(2,12),e.src+=\"#?secret=\"+t,e.setAttribute(\"data-secret\",t)),e.contentWindow.postMessage({message:\"ready\",secret:t},\"*\")},!1)))}(window,document);\n\/\/# sourceURL=https:\/\/darkamazi.info\/other\/js\/wp-embed.min.js\n<\/script>\n","thumbnail_url":"https:\/\/darkamazi.info\/file\/2020\/12\/Nikos-Dendias.jpg","thumbnail_width":822,"thumbnail_height":454,"description":"Wez\u00eer\u00ea Derve y\u00ea Y\u00fbnanistan\u00ea Nikos Dendias, ji Yek\u00eetiya Ewropay\u00ea (YE) careke din li ser aloziya Rojhilat\u00ea Deryaya Sp\u00ee xwest, Tirkiye were cezakirin. Li gor\u00ee rojnameya Cathimrini ya Y\u00fbnanistan\u00ea\u00a0 Nikos Dendias \u00eero careke din banga sepandina dorp\u00ea\u00e7an li ser Tirkiy\u00ea kir. Dendias di civ\u00eena online ya wez\u00eer\u00ean derve y\u00ean YE de diyar kir ku r\u00eaveberiya Enqer\u00ea [&hellip;]"}