{"version":"1.0","provider_name":"Darka Maz\u00ee","provider_url":"https:\/\/darkamazi.info","title":"\u00c7ima Dewlet Bax\u00e7el\u00ee \u00fb Tirk\u00ean fa\u015f\u00eest bi d\u00eetina nex\u015feya Kurdistan\u00ea Kurtan\u00ea xwe fir\u00eada? - Darka Maz\u00ee","type":"rich","width":600,"height":338,"html":"<blockquote class=\"darka-embedded-content\" data-secret=\"oUcfIjTSXp\"><a href=\"https:\/\/darkamazi.info\/archives\/1020099\">\u00c7ima Dewlet Bax\u00e7el\u00ee \u00fb Tirk\u00ean fa\u015f\u00eest bi d\u00eetina nex\u015feya Kurdistan\u00ea Kurtan\u00ea xwe fir\u00eada?<\/a><\/blockquote><iframe sandbox=\"allow-scripts\" security=\"restricted\" src=\"https:\/\/darkamazi.info\/archives\/1020099\/embed#?secret=oUcfIjTSXp\" width=\"600\" height=\"338\" title=\"&#8220;\u00c7ima Dewlet Bax\u00e7el\u00ee \u00fb Tirk\u00ean fa\u015f\u00eest bi d\u00eetina nex\u015feya Kurdistan\u00ea Kurtan\u00ea xwe fir\u00eada?&#8221; &#8212; Darka Maz\u00ee\" data-secret=\"oUcfIjTSXp\" frameborder=\"0\" marginwidth=\"0\" marginheight=\"0\" scrolling=\"no\" class=\"darka-embedded-content\"><\/iframe><script>\n\/*! This file is auto-generated *\/\n!function(d,l){\"use strict\";l.querySelector&&d.addEventListener&&\"undefined\"!=typeof URL&&(d.wp=d.wp||{},d.wp.receiveEmbedMessage||(d.wp.receiveEmbedMessage=function(e){var t=e.data;if((t||t.secret||t.message||t.value)&&!\/[^a-zA-Z0-9]\/.test(t.secret)){for(var s,r,n,a=l.querySelectorAll('iframe[data-secret=\"'+t.secret+'\"]'),o=l.querySelectorAll('blockquote[data-secret=\"'+t.secret+'\"]'),c=new RegExp(\"^https?:$\",\"i\"),i=0;i<o.length;i++)o[i].style.display=\"none\";for(i=0;i<a.length;i++)s=a[i],e.source===s.contentWindow&&(s.removeAttribute(\"style\"),\"height\"===t.message?(1e3<(r=parseInt(t.value,10))?r=1e3:~~r<200&&(r=200),s.height=r):\"link\"===t.message&&(r=new URL(s.getAttribute(\"src\")),n=new URL(t.value),c.test(n.protocol))&&n.host===r.host&&l.activeElement===s&&(d.top.location.href=t.value))}},d.addEventListener(\"message\",d.wp.receiveEmbedMessage,!1),l.addEventListener(\"DOMContentLoaded\",function(){for(var e,t,s=l.querySelectorAll(\"iframe.darka-embedded-content\"),r=0;r<s.length;r++)(t=(e=s[r]).getAttribute(\"data-secret\"))||(t=Math.random().toString(36).substring(2,12),e.src+=\"#?secret=\"+t,e.setAttribute(\"data-secret\",t)),e.contentWindow.postMessage({message:\"ready\",secret:t},\"*\")},!1)))}(window,document);\n\/\/# sourceURL=https:\/\/darkamazi.info\/other\/js\/wp-embed.min.js\n<\/script>\n","thumbnail_url":"https:\/\/darkamazi.info\/file\/2021\/03\/WhatsApp-Image-2021-03-14-at-4.36.34-PM.jpeg","thumbnail_width":900,"thumbnail_height":497,"description":"Memet M\u00eard\u00een\u00ee Pa\u015f seredana papa francs ji bo \u00ceraq \u00fb Her\u00eama Kurdistan\u00ea, Hik\u00fbmeta Her\u00eam\u00ea weke r\u00eazgirtin ji boy hatina papa, m\u00eenaka p\u00fblek\u00ee ji boy \u00e7apkirin \u00fb karp\u00eakirin bi w\u00ea p\u00fbl\u00ea ber\u00e7av kir, ev yek b\u00fb sedemek ku hin bertek\u00ean her\u00eam\u00ee li pey xwe b\u00eene. Dujmin\u00ean Kurdistan\u00ea her yek\u00ea bi awayek\u00ee bertek n\u00ee\u015fandan, ew weke gur\u00ean [&hellip;]"}