{"version":"1.0","provider_name":"Darka Maz\u00ee","provider_url":"https:\/\/darkamazi.info","title":"Dije Terora Kurdistan\u00ea bersiva fermandarek\u00ee He\u015fda \u015eeb\u00ee da - Darka Maz\u00ee","type":"rich","width":600,"height":338,"html":"<blockquote class=\"darka-embedded-content\" data-secret=\"gvpbqXnwcn\"><a href=\"https:\/\/darkamazi.info\/archives\/1020268\">Dije Terora Kurdistan\u00ea bersiva fermandarek\u00ee He\u015fda \u015eeb\u00ee da<\/a><\/blockquote><iframe sandbox=\"allow-scripts\" security=\"restricted\" src=\"https:\/\/darkamazi.info\/archives\/1020268\/embed#?secret=gvpbqXnwcn\" width=\"600\" height=\"338\" title=\"&#8220;Dije Terora Kurdistan\u00ea bersiva fermandarek\u00ee He\u015fda \u015eeb\u00ee da&#8221; &#8212; Darka Maz\u00ee\" data-secret=\"gvpbqXnwcn\" frameborder=\"0\" marginwidth=\"0\" marginheight=\"0\" scrolling=\"no\" class=\"darka-embedded-content\"><\/iframe><script>\n\/*! This file is auto-generated *\/\n!function(d,l){\"use strict\";l.querySelector&&d.addEventListener&&\"undefined\"!=typeof URL&&(d.wp=d.wp||{},d.wp.receiveEmbedMessage||(d.wp.receiveEmbedMessage=function(e){var t=e.data;if((t||t.secret||t.message||t.value)&&!\/[^a-zA-Z0-9]\/.test(t.secret)){for(var s,r,n,a=l.querySelectorAll('iframe[data-secret=\"'+t.secret+'\"]'),o=l.querySelectorAll('blockquote[data-secret=\"'+t.secret+'\"]'),c=new RegExp(\"^https?:$\",\"i\"),i=0;i<o.length;i++)o[i].style.display=\"none\";for(i=0;i<a.length;i++)s=a[i],e.source===s.contentWindow&&(s.removeAttribute(\"style\"),\"height\"===t.message?(1e3<(r=parseInt(t.value,10))?r=1e3:~~r<200&&(r=200),s.height=r):\"link\"===t.message&&(r=new URL(s.getAttribute(\"src\")),n=new URL(t.value),c.test(n.protocol))&&n.host===r.host&&l.activeElement===s&&(d.top.location.href=t.value))}},d.addEventListener(\"message\",d.wp.receiveEmbedMessage,!1),l.addEventListener(\"DOMContentLoaded\",function(){for(var e,t,s=l.querySelectorAll(\"iframe.darka-embedded-content\"),r=0;r<s.length;r++)(t=(e=s[r]).getAttribute(\"data-secret\"))||(t=Math.random().toString(36).substring(2,12),e.src+=\"#?secret=\"+t,e.setAttribute(\"data-secret\",t)),e.contentWindow.postMessage({message:\"ready\",secret:t},\"*\")},!1)))}(window,document);\n\/\/# sourceURL=https:\/\/darkamazi.info\/other\/js\/wp-embed.min.js\n<\/script>\n","thumbnail_url":"https:\/\/darkamazi.info\/file\/2021\/03\/dije-teror-kurdistan.jpg","thumbnail_width":900,"thumbnail_height":497,"description":"Dije Terora Kurdistan\u00ea ji ser hesab\u00ea xwe y\u00ea tora medyaya civak\u00ee ji ser hesab\u00ea xwe y\u00ea Facebook\u00ea bersiva fermandeyek\u00ee koma Sey\u00eedul \u015euheda ya He\u015fda \u015eeib\u00ee, Eb\u00fb Ala El Wela\u00ee da \u00fb ragihand: \u2018\u2019H\u00fbn ne n\u00fbnertiya Iraq\u00ea dikin \u00fb ne j\u00ee xwediy\u00ea statuyeke ferm\u00ee ne, h\u00fbn teror\u00eest\u00ean tirsonek in \u00fb li ser daxwz\u00ean axay\u00ean xwe welat [&hellip;]"}