{"version":"1.0","provider_name":"Darka Maz\u00ee","provider_url":"https:\/\/darkamazi.info","title":"PKK\u00ea li Bruksel\u00ea dij\u00ee Nato \u00fb Amer\u00eekay\u00ea \u00e7alakiyek lidarxist - Darka Maz\u00ee","type":"rich","width":600,"height":338,"html":"<blockquote class=\"darka-embedded-content\" data-secret=\"UhK1GQa2wv\"><a href=\"https:\/\/darkamazi.info\/archives\/1022146\">PKK\u00ea li Bruksel\u00ea dij\u00ee Nato \u00fb Amer\u00eekay\u00ea \u00e7alakiyek lidarxist<\/a><\/blockquote><iframe sandbox=\"allow-scripts\" security=\"restricted\" src=\"https:\/\/darkamazi.info\/archives\/1022146\/embed#?secret=UhK1GQa2wv\" width=\"600\" height=\"338\" title=\"&#8220;PKK\u00ea li Bruksel\u00ea dij\u00ee Nato \u00fb Amer\u00eekay\u00ea \u00e7alakiyek lidarxist&#8221; &#8212; Darka Maz\u00ee\" data-secret=\"UhK1GQa2wv\" frameborder=\"0\" marginwidth=\"0\" marginheight=\"0\" scrolling=\"no\" class=\"darka-embedded-content\"><\/iframe><script>\n\/*! This file is auto-generated *\/\n!function(d,l){\"use strict\";l.querySelector&&d.addEventListener&&\"undefined\"!=typeof URL&&(d.wp=d.wp||{},d.wp.receiveEmbedMessage||(d.wp.receiveEmbedMessage=function(e){var t=e.data;if((t||t.secret||t.message||t.value)&&!\/[^a-zA-Z0-9]\/.test(t.secret)){for(var s,r,n,a=l.querySelectorAll('iframe[data-secret=\"'+t.secret+'\"]'),o=l.querySelectorAll('blockquote[data-secret=\"'+t.secret+'\"]'),c=new RegExp(\"^https?:$\",\"i\"),i=0;i<o.length;i++)o[i].style.display=\"none\";for(i=0;i<a.length;i++)s=a[i],e.source===s.contentWindow&&(s.removeAttribute(\"style\"),\"height\"===t.message?(1e3<(r=parseInt(t.value,10))?r=1e3:~~r<200&&(r=200),s.height=r):\"link\"===t.message&&(r=new URL(s.getAttribute(\"src\")),n=new URL(t.value),c.test(n.protocol))&&n.host===r.host&&l.activeElement===s&&(d.top.location.href=t.value))}},d.addEventListener(\"message\",d.wp.receiveEmbedMessage,!1),l.addEventListener(\"DOMContentLoaded\",function(){for(var e,t,s=l.querySelectorAll(\"iframe.darka-embedded-content\"),r=0;r<s.length;r++)(t=(e=s[r]).getAttribute(\"data-secret\"))||(t=Math.random().toString(36).substring(2,12),e.src+=\"#?secret=\"+t,e.setAttribute(\"data-secret\",t)),e.contentWindow.postMessage({message:\"ready\",secret:t},\"*\")},!1)))}(window,document);\n\/\/# sourceURL=https:\/\/darkamazi.info\/other\/js\/wp-embed.min.js\n<\/script>\n","thumbnail_url":"https:\/\/darkamazi.info\/file\/2021\/06\/bruksel-pkk-girse-apo-awropa.jpg","thumbnail_width":900,"thumbnail_height":497,"description":"Li van roj\u00ean dawiy\u00ea \u00e7alakiy\u00ean PKK\u00ea li dij\u00ee DYA z\u00eadetir dibin. Di heyva Gulan\u00ea de PKK\u00ea destp\u00eak\u00ea bi nav\u00ea ciwan\u00ean \u015eore\u015fger karwan\u00ea DYA dab\u00fb ber kevira. Her\u00ee daw\u00ee j\u00ee di 29\u00ee Gulan\u00ea de li Bel\u00e7\u00eeka, Bruksel\u00ea \u00a0li ber balyozxaneya gi\u015ft\u00eeya DYA \u00e7alakiyek hat \u00e7\u00eakirin. Diru\u015fma (Silogana) di v\u00ea \u00e7alakiy\u00ea de diyar ev b\u00fb &#8220;bila ABD [&hellip;]"}