{"version":"1.0","provider_name":"Darka Maz\u00ee","provider_url":"https:\/\/darkamazi.info","title":"Dewleta Tirk bombe li mal\u00ean welatiyan barandin - Darka Maz\u00ee","type":"rich","width":600,"height":338,"html":"<blockquote class=\"darka-embedded-content\" data-secret=\"ksF7xDtDCm\"><a href=\"https:\/\/darkamazi.info\/archives\/1023760\">Dewleta Tirk bombe li mal\u00ean welatiyan barandin<\/a><\/blockquote><iframe sandbox=\"allow-scripts\" security=\"restricted\" src=\"https:\/\/darkamazi.info\/archives\/1023760\/embed#?secret=ksF7xDtDCm\" width=\"600\" height=\"338\" title=\"&#8220;Dewleta Tirk bombe li mal\u00ean welatiyan barandin&#8221; &#8212; Darka Maz\u00ee\" data-secret=\"ksF7xDtDCm\" frameborder=\"0\" marginwidth=\"0\" marginheight=\"0\" scrolling=\"no\" class=\"darka-embedded-content\"><\/iframe><script>\n\/*! This file is auto-generated *\/\n!function(d,l){\"use strict\";l.querySelector&&d.addEventListener&&\"undefined\"!=typeof URL&&(d.wp=d.wp||{},d.wp.receiveEmbedMessage||(d.wp.receiveEmbedMessage=function(e){var t=e.data;if((t||t.secret||t.message||t.value)&&!\/[^a-zA-Z0-9]\/.test(t.secret)){for(var s,r,n,a=l.querySelectorAll('iframe[data-secret=\"'+t.secret+'\"]'),o=l.querySelectorAll('blockquote[data-secret=\"'+t.secret+'\"]'),c=new RegExp(\"^https?:$\",\"i\"),i=0;i<o.length;i++)o[i].style.display=\"none\";for(i=0;i<a.length;i++)s=a[i],e.source===s.contentWindow&&(s.removeAttribute(\"style\"),\"height\"===t.message?(1e3<(r=parseInt(t.value,10))?r=1e3:~~r<200&&(r=200),s.height=r):\"link\"===t.message&&(r=new URL(s.getAttribute(\"src\")),n=new URL(t.value),c.test(n.protocol))&&n.host===r.host&&l.activeElement===s&&(d.top.location.href=t.value))}},d.addEventListener(\"message\",d.wp.receiveEmbedMessage,!1),l.addEventListener(\"DOMContentLoaded\",function(){for(var e,t,s=l.querySelectorAll(\"iframe.darka-embedded-content\"),r=0;r<s.length;r++)(t=(e=s[r]).getAttribute(\"data-secret\"))||(t=Math.random().toString(36).substring(2,12),e.src+=\"#?secret=\"+t,e.setAttribute(\"data-secret\",t)),e.contentWindow.postMessage({message:\"ready\",secret:t},\"*\")},!1)))}(window,document);\n\/\/# sourceURL=https:\/\/darkamazi.info\/other\/js\/wp-embed.min.js\n<\/script>\n","thumbnail_url":"https:\/\/darkamazi.info\/file\/2021\/07\/Minbic-u-Sehba-\u0645\u0646\u0628\u062c-\u0648-\u0634\u0647\u0628\u0627-rojava-1.jpg","thumbnail_width":900,"thumbnail_height":497,"description":"Art\u00ea\u015fa Tirkiy\u00ea \u00fb kom\u00ean \u00e7ekdar \u00ean ser bi w\u00ea ve, li bakur\u00ea rojavay\u00ea Minbic\u00ea top av\u00eatin gundek\u00ee, ji ber \u00eari\u015f\u00ea xisar li gelek malan b\u00fb, gundek\u00ee \u015eehbay\u00ea j\u00ee b\u00fb armanca topbarana dag\u00eerkeran. Li gor\u00ee navenda ragihandin \u00fb \u00e7apemeniy\u00ea a enc\u00fbmena le\u015fkir\u00ee a Minbic\u00ea, art\u00ea\u015fa Tirkiy\u00ea \u00fb kom\u00ean \u00e7ekdar\u00ean gir\u00eaday\u00ee w\u00ea ji biryargeha li gund\u00ea Ya\u015fl\u00eey\u00ea [&hellip;]"}