{"version":"1.0","provider_name":"Darka Maz\u00ee","provider_url":"https:\/\/darkamazi.info","title":"Tal\u00eeban ji Welat\u00eeyan Dixwaze ji Fir\u00eengeha Kabul\u00ea Derkevin - Darka Maz\u00ee","type":"rich","width":600,"height":338,"html":"<blockquote class=\"darka-embedded-content\" data-secret=\"q5RWfuZAVq\"><a href=\"https:\/\/darkamazi.info\/archives\/1024334\">Tal\u00eeban ji Welat\u00eeyan Dixwaze ji Fir\u00eengeha Kabul\u00ea Derkevin<\/a><\/blockquote><iframe sandbox=\"allow-scripts\" security=\"restricted\" src=\"https:\/\/darkamazi.info\/archives\/1024334\/embed#?secret=q5RWfuZAVq\" width=\"600\" height=\"338\" title=\"&#8220;Tal\u00eeban ji Welat\u00eeyan Dixwaze ji Fir\u00eengeha Kabul\u00ea Derkevin&#8221; &#8212; Darka Maz\u00ee\" data-secret=\"q5RWfuZAVq\" frameborder=\"0\" marginwidth=\"0\" marginheight=\"0\" scrolling=\"no\" class=\"darka-embedded-content\"><\/iframe><script>\n\/*! This file is auto-generated *\/\n!function(d,l){\"use strict\";l.querySelector&&d.addEventListener&&\"undefined\"!=typeof URL&&(d.wp=d.wp||{},d.wp.receiveEmbedMessage||(d.wp.receiveEmbedMessage=function(e){var t=e.data;if((t||t.secret||t.message||t.value)&&!\/[^a-zA-Z0-9]\/.test(t.secret)){for(var s,r,n,a=l.querySelectorAll('iframe[data-secret=\"'+t.secret+'\"]'),o=l.querySelectorAll('blockquote[data-secret=\"'+t.secret+'\"]'),c=new RegExp(\"^https?:$\",\"i\"),i=0;i<o.length;i++)o[i].style.display=\"none\";for(i=0;i<a.length;i++)s=a[i],e.source===s.contentWindow&&(s.removeAttribute(\"style\"),\"height\"===t.message?(1e3<(r=parseInt(t.value,10))?r=1e3:~~r<200&&(r=200),s.height=r):\"link\"===t.message&&(r=new URL(s.getAttribute(\"src\")),n=new URL(t.value),c.test(n.protocol))&&n.host===r.host&&l.activeElement===s&&(d.top.location.href=t.value))}},d.addEventListener(\"message\",d.wp.receiveEmbedMessage,!1),l.addEventListener(\"DOMContentLoaded\",function(){for(var e,t,s=l.querySelectorAll(\"iframe.darka-embedded-content\"),r=0;r<s.length;r++)(t=(e=s[r]).getAttribute(\"data-secret\"))||(t=Math.random().toString(36).substring(2,12),e.src+=\"#?secret=\"+t,e.setAttribute(\"data-secret\",t)),e.contentWindow.postMessage({message:\"ready\",secret:t},\"*\")},!1)))}(window,document);\n\/\/# sourceURL=https:\/\/darkamazi.info\/other\/js\/wp-embed.min.js\n<\/script>\n","thumbnail_url":"https:\/\/darkamazi.info\/file\/2021\/08\/taliban-kabul-afghanistan-2.jpg","thumbnail_width":900,"thumbnail_height":497,"description":"Ajansa n\u00fb\u00e7eyan ya Reuters\u00ea ragihand ku li fir\u00eengeha Kabul \u00fb li dora w\u00ea ji roja Yek\u015fem\u00ea vir ve 12 kes hatine ku\u015ftin. Reuters\u00ea ew agah\u00ee ji zar\u00ea karbidest\u00ean NATO \u00fb Tal\u00eeban\u00ea ragihand. Karbidestek\u00ee Tal\u00eeban\u00ea d\u00eeyar kir ku ew ku\u015ftin ji guleyan yan ji geremol\u00ea \u00e7\u00eab\u00fbne \u00fb bang li Afgan\u00ean maf\u00ean wan y\u00ean r\u00eaw\u00eet\u00eey\u00ean tune kir [&hellip;]"}