{"version":"1.0","provider_name":"Darka Maz\u00ee","provider_url":"https:\/\/darkamazi.info","title":"\u00cestixbarat\u00ean Tirkiy\u00ea jineke Kurd a ducan\u00ee ku\u015ftin - Darka Maz\u00ee","type":"rich","width":600,"height":338,"html":"<blockquote class=\"darka-embedded-content\" data-secret=\"9qh4mWFTBM\"><a href=\"https:\/\/darkamazi.info\/archives\/1026277\">\u00cestixbarat\u00ean Tirkiy\u00ea jineke Kurd a ducan\u00ee ku\u015ftin<\/a><\/blockquote><iframe sandbox=\"allow-scripts\" security=\"restricted\" src=\"https:\/\/darkamazi.info\/archives\/1026277\/embed#?secret=9qh4mWFTBM\" width=\"600\" height=\"338\" title=\"&#8220;\u00cestixbarat\u00ean Tirkiy\u00ea jineke Kurd a ducan\u00ee ku\u015ftin&#8221; &#8212; Darka Maz\u00ee\" data-secret=\"9qh4mWFTBM\" frameborder=\"0\" marginwidth=\"0\" marginheight=\"0\" scrolling=\"no\" class=\"darka-embedded-content\"><\/iframe><script>\n\/*! This file is auto-generated *\/\n!function(d,l){\"use strict\";l.querySelector&&d.addEventListener&&\"undefined\"!=typeof URL&&(d.wp=d.wp||{},d.wp.receiveEmbedMessage||(d.wp.receiveEmbedMessage=function(e){var t=e.data;if((t||t.secret||t.message||t.value)&&!\/[^a-zA-Z0-9]\/.test(t.secret)){for(var s,r,n,a=l.querySelectorAll('iframe[data-secret=\"'+t.secret+'\"]'),o=l.querySelectorAll('blockquote[data-secret=\"'+t.secret+'\"]'),c=new RegExp(\"^https?:$\",\"i\"),i=0;i<o.length;i++)o[i].style.display=\"none\";for(i=0;i<a.length;i++)s=a[i],e.source===s.contentWindow&&(s.removeAttribute(\"style\"),\"height\"===t.message?(1e3<(r=parseInt(t.value,10))?r=1e3:~~r<200&&(r=200),s.height=r):\"link\"===t.message&&(r=new URL(s.getAttribute(\"src\")),n=new URL(t.value),c.test(n.protocol))&&n.host===r.host&&l.activeElement===s&&(d.top.location.href=t.value))}},d.addEventListener(\"message\",d.wp.receiveEmbedMessage,!1),l.addEventListener(\"DOMContentLoaded\",function(){for(var e,t,s=l.querySelectorAll(\"iframe.darka-embedded-content\"),r=0;r<s.length;r++)(t=(e=s[r]).getAttribute(\"data-secret\"))||(t=Math.random().toString(36).substring(2,12),e.src+=\"#?secret=\"+t,e.setAttribute(\"data-secret\",t)),e.contentWindow.postMessage({message:\"ready\",secret:t},\"*\")},!1)))}(window,document);\n\/\/# sourceURL=https:\/\/darkamazi.info\/other\/js\/wp-embed.min.js\n<\/script>\n","thumbnail_url":"https:\/\/darkamazi.info\/file\/2021\/10\/\u0631\u0627\u062c\u0648-\u0639\u0641\u0631\u064a\u0646-\u0643\u0631\u062f\u0633\u062a\u0627\u0646-raco-efrin-kurdistan-kurd-jin-2.jpg","thumbnail_width":900,"thumbnail_height":497,"description":"R\u00eaxistina Maf\u00ean Mirov a Efr\u00een\u00ea ragihand ku jineke Kurd di j\u00ear \u00ee\u015fkenceya\u00a0 \u00fb \u00e7ekdar\u00ean opozisyona S\u00fbriy\u00ea de can\u00ea xwe ji dest daye. Li gor\u00ee r\u00eaxistina navbor\u00ee, roja Du\u015fem\u00ea, 11 \u00celon\u00ea, Istixbarata Tirkiy\u00ea \u00fb pol\u00ees\u00ean siv\u00eel, welatiya Kurd Nimat Behcet \u015e\u00eaxo ya 32 sal\u00ee, ji gund\u00ea Qube Hem\u015felik ser bi Racoy\u00ea girtine. Heman r\u00eaxistin\u00ea diyar kir [&hellip;]"}