{"version":"1.0","provider_name":"Darka Maz\u00ee","provider_url":"https:\/\/darkamazi.info","title":"Osman Baydem\u00eer: Yan w\u00ea m\u00eavantiya li Kurdistan\u00ea qeb\u00fbl bikin, yan j\u00ee c\u00eerantiya w\u00ea! - Darka Maz\u00ee","type":"rich","width":600,"height":338,"html":"<blockquote class=\"darka-embedded-content\" data-secret=\"WxT5jOeugj\"><a href=\"https:\/\/darkamazi.info\/archives\/1026576\">Osman Baydem\u00eer: Yan w\u00ea m\u00eavantiya li Kurdistan\u00ea qeb\u00fbl bikin, yan j\u00ee c\u00eerantiya w\u00ea!<\/a><\/blockquote><iframe sandbox=\"allow-scripts\" security=\"restricted\" src=\"https:\/\/darkamazi.info\/archives\/1026576\/embed#?secret=WxT5jOeugj\" width=\"600\" height=\"338\" title=\"&#8220;Osman Baydem\u00eer: Yan w\u00ea m\u00eavantiya li Kurdistan\u00ea qeb\u00fbl bikin, yan j\u00ee c\u00eerantiya w\u00ea!&#8221; &#8212; Darka Maz\u00ee\" data-secret=\"WxT5jOeugj\" frameborder=\"0\" marginwidth=\"0\" marginheight=\"0\" scrolling=\"no\" class=\"darka-embedded-content\"><\/iframe><script>\n\/*! This file is auto-generated *\/\n!function(d,l){\"use strict\";l.querySelector&&d.addEventListener&&\"undefined\"!=typeof URL&&(d.wp=d.wp||{},d.wp.receiveEmbedMessage||(d.wp.receiveEmbedMessage=function(e){var t=e.data;if((t||t.secret||t.message||t.value)&&!\/[^a-zA-Z0-9]\/.test(t.secret)){for(var s,r,n,a=l.querySelectorAll('iframe[data-secret=\"'+t.secret+'\"]'),o=l.querySelectorAll('blockquote[data-secret=\"'+t.secret+'\"]'),c=new RegExp(\"^https?:$\",\"i\"),i=0;i<o.length;i++)o[i].style.display=\"none\";for(i=0;i<a.length;i++)s=a[i],e.source===s.contentWindow&&(s.removeAttribute(\"style\"),\"height\"===t.message?(1e3<(r=parseInt(t.value,10))?r=1e3:~~r<200&&(r=200),s.height=r):\"link\"===t.message&&(r=new URL(s.getAttribute(\"src\")),n=new URL(t.value),c.test(n.protocol))&&n.host===r.host&&l.activeElement===s&&(d.top.location.href=t.value))}},d.addEventListener(\"message\",d.wp.receiveEmbedMessage,!1),l.addEventListener(\"DOMContentLoaded\",function(){for(var e,t,s=l.querySelectorAll(\"iframe.darka-embedded-content\"),r=0;r<s.length;r++)(t=(e=s[r]).getAttribute(\"data-secret\"))||(t=Math.random().toString(36).substring(2,12),e.src+=\"#?secret=\"+t,e.setAttribute(\"data-secret\",t)),e.contentWindow.postMessage({message:\"ready\",secret:t},\"*\")},!1)))}(window,document);\n\/\/# sourceURL=https:\/\/darkamazi.info\/other\/js\/wp-embed.min.js\n<\/script>\n","thumbnail_url":"https:\/\/darkamazi.info\/file\/2021\/10\/osman-baydemir.jpg","thumbnail_width":900,"thumbnail_height":497,"description":"Parlamentar \u00fb \u015faredar\u00ea ber\u00ea y\u00ea Diyarbekir\u00ea Osman Baydemir bersiv da pirsa derbar\u00ea bin\u00e7avkirina welatiy\u00ea bi nav\u00ea Cem\u00eel Ta\u015fkesen ku ji Meral Ak\u015fener re gotib\u00fb, \u2018Ev der Kurdistan e, t\u00ea \u00eenkarkirin\u2019 \u00fb got: \u201cDiv\u00ea dagirker bizanibin ku ew axa niha weke m\u00eavan l\u00ea ne, yan d\u00ea wek Kurdistan qeb\u00fbl bikin yan j\u00ee d\u00ea di pa\u015feroj\u00ea de [&hellip;]"}