{"version":"1.0","provider_name":"Darka Maz\u00ee","provider_url":"https:\/\/darkamazi.info","title":"Deriy\u00ea S\u00eamalka di Cejna Qurban\u00ea de d\u00ea were girtin - Darka Maz\u00ee","type":"rich","width":600,"height":338,"html":"<blockquote class=\"darka-embedded-content\" data-secret=\"P4pfn2v4JI\"><a href=\"https:\/\/darkamazi.info\/archives\/1031037\">Deriy\u00ea S\u00eamalka di Cejna Qurban\u00ea de d\u00ea were girtin<\/a><\/blockquote><iframe sandbox=\"allow-scripts\" security=\"restricted\" src=\"https:\/\/darkamazi.info\/archives\/1031037\/embed#?secret=P4pfn2v4JI\" width=\"600\" height=\"338\" title=\"&#8220;Deriy\u00ea S\u00eamalka di Cejna Qurban\u00ea de d\u00ea were girtin&#8221; &#8212; Darka Maz\u00ee\" data-secret=\"P4pfn2v4JI\" frameborder=\"0\" marginwidth=\"0\" marginheight=\"0\" scrolling=\"no\" class=\"darka-embedded-content\"><\/iframe><script>\n\/*! This file is auto-generated *\/\n!function(d,l){\"use strict\";l.querySelector&&d.addEventListener&&\"undefined\"!=typeof URL&&(d.wp=d.wp||{},d.wp.receiveEmbedMessage||(d.wp.receiveEmbedMessage=function(e){var t=e.data;if((t||t.secret||t.message||t.value)&&!\/[^a-zA-Z0-9]\/.test(t.secret)){for(var s,r,n,a=l.querySelectorAll('iframe[data-secret=\"'+t.secret+'\"]'),o=l.querySelectorAll('blockquote[data-secret=\"'+t.secret+'\"]'),c=new RegExp(\"^https?:$\",\"i\"),i=0;i<o.length;i++)o[i].style.display=\"none\";for(i=0;i<a.length;i++)s=a[i],e.source===s.contentWindow&&(s.removeAttribute(\"style\"),\"height\"===t.message?(1e3<(r=parseInt(t.value,10))?r=1e3:~~r<200&&(r=200),s.height=r):\"link\"===t.message&&(r=new URL(s.getAttribute(\"src\")),n=new URL(t.value),c.test(n.protocol))&&n.host===r.host&&l.activeElement===s&&(d.top.location.href=t.value))}},d.addEventListener(\"message\",d.wp.receiveEmbedMessage,!1),l.addEventListener(\"DOMContentLoaded\",function(){for(var e,t,s=l.querySelectorAll(\"iframe.darka-embedded-content\"),r=0;r<s.length;r++)(t=(e=s[r]).getAttribute(\"data-secret\"))||(t=Math.random().toString(36).substring(2,12),e.src+=\"#?secret=\"+t,e.setAttribute(\"data-secret\",t)),e.contentWindow.postMessage({message:\"ready\",secret:t},\"*\")},!1)))}(window,document);\n\/\/# sourceURL=https:\/\/darkamazi.info\/other\/js\/wp-embed.min.js\n<\/script>\n","thumbnail_url":"https:\/\/darkamazi.info\/file\/2022\/07\/Deriye-Semalka-Cejna-girtin.jpg","thumbnail_width":900,"thumbnail_height":497,"description":"Deriy\u00ea S\u00eamalka ya di navbera Rojavay\u00ea Kurdistan\u00ea \u00fb Ba\u015f\u00fbr\u00ea Kurdistan\u00ea de di roj\u00ean Cejna Qurban\u00ea de bi biryara r\u00eaveberiy\u00ea d\u00ea ji \u00e7\u00fbn \u00fb hatin\u00ea re b\u00ea girtin. R\u00eaveberiya Deriy\u00ea S\u00eamalka ragihand ku, ji ber hatina Cejna Qurban\u00ea, Deriy\u00ea S\u00eenor\u00ee y\u00ea S\u00eamalkay\u00ea, ji roja P\u00eanc\u015fem\u00ea 7\u00ea T\u00eermeha 2022an heta roja 13\u00ea T\u00eermeha 2022an d\u00ea ji bo [&hellip;]"}