{"version":"1.0","provider_name":"Darka Maz\u00ee","provider_url":"https:\/\/darkamazi.info","title":"PKK \u00e7ima d\u00eeyar kir ku R\u00eazan Caw\u00eed li Rojava jiyana xwe ji dest da ye - Darka Maz\u00ee","type":"rich","width":600,"height":338,"html":"<blockquote class=\"darka-embedded-content\" data-secret=\"RzBFx8A58D\"><a href=\"https:\/\/darkamazi.info\/archives\/1031753\">PKK \u00e7ima d\u00eeyar kir ku R\u00eazan Caw\u00eed li Rojava jiyana xwe ji dest da ye<\/a><\/blockquote><iframe sandbox=\"allow-scripts\" security=\"restricted\" src=\"https:\/\/darkamazi.info\/archives\/1031753\/embed#?secret=RzBFx8A58D\" width=\"600\" height=\"338\" title=\"&#8220;PKK \u00e7ima d\u00eeyar kir ku R\u00eazan Caw\u00eed li Rojava jiyana xwe ji dest da ye&#8221; &#8212; Darka Maz\u00ee\" data-secret=\"RzBFx8A58D\" frameborder=\"0\" marginwidth=\"0\" marginheight=\"0\" scrolling=\"no\" class=\"darka-embedded-content\"><\/iframe><script>\n\/*! This file is auto-generated *\/\n!function(d,l){\"use strict\";l.querySelector&&d.addEventListener&&\"undefined\"!=typeof URL&&(d.wp=d.wp||{},d.wp.receiveEmbedMessage||(d.wp.receiveEmbedMessage=function(e){var t=e.data;if((t||t.secret||t.message||t.value)&&!\/[^a-zA-Z0-9]\/.test(t.secret)){for(var s,r,n,a=l.querySelectorAll('iframe[data-secret=\"'+t.secret+'\"]'),o=l.querySelectorAll('blockquote[data-secret=\"'+t.secret+'\"]'),c=new RegExp(\"^https?:$\",\"i\"),i=0;i<o.length;i++)o[i].style.display=\"none\";for(i=0;i<a.length;i++)s=a[i],e.source===s.contentWindow&&(s.removeAttribute(\"style\"),\"height\"===t.message?(1e3<(r=parseInt(t.value,10))?r=1e3:~~r<200&&(r=200),s.height=r):\"link\"===t.message&&(r=new URL(s.getAttribute(\"src\")),n=new URL(t.value),c.test(n.protocol))&&n.host===r.host&&l.activeElement===s&&(d.top.location.href=t.value))}},d.addEventListener(\"message\",d.wp.receiveEmbedMessage,!1),l.addEventListener(\"DOMContentLoaded\",function(){for(var e,t,s=l.querySelectorAll(\"iframe.darka-embedded-content\"),r=0;r<s.length;r++)(t=(e=s[r]).getAttribute(\"data-secret\"))||(t=Math.random().toString(36).substring(2,12),e.src+=\"#?secret=\"+t,e.setAttribute(\"data-secret\",t)),e.contentWindow.postMessage({message:\"ready\",secret:t},\"*\")},!1)))}(window,document);\n\/\/# sourceURL=https:\/\/darkamazi.info\/other\/js\/wp-embed.min.js\n<\/script>\n","thumbnail_url":"https:\/\/darkamazi.info\/file\/2022\/08\/rezan-cavid-cavid-cawid-rezan-pkk-kck-pjak-2.jpg","thumbnail_width":900,"thumbnail_height":497,"description":"Duh Kom\u00eesyona Navxwey\u00ee ya R\u00eaveberiya Xweseriya Demokrat\u00eek a Her\u00eama Ciz\u00eer\u00ea ya Rojavay\u00ea Kurdistan\u00ea derbar\u00ea \u00ear\u00ee\u015fa daw\u00ee ya dron\u00ean dewleta Tirk de daxuyaniyek belav kir. Di daxuyaniy\u00ea de nav\u00ean kes\u00ean ku di \u00ear\u00ee\u015fa dron\u00ean dewleta Tirk de jiyana xwe ji dest dane hatin e\u015fkerekirin. Hat ragihandin ku yek ji wan r\u00eaveber\u00ea PJAK \u00ea Y\u00fbsif Mehm\u00fbd R\u00eaban\u00ee [&hellip;]"}