{"version":"1.0","provider_name":"Darka Maz\u00ee","provider_url":"https:\/\/darkamazi.info","title":"Deriyek\u00ee din \u00ea s\u00eenor\u00ee di navbera Her\u00eama Kurdistan\u00ea \u00fb \u00ceran\u00ea de t\u00ea vekirin - Darka Maz\u00ee","type":"rich","width":600,"height":338,"html":"<blockquote class=\"darka-embedded-content\" data-secret=\"2TRUsQePiR\"><a href=\"https:\/\/darkamazi.info\/archives\/1032369\">Deriyek\u00ee din \u00ea s\u00eenor\u00ee di navbera Her\u00eama Kurdistan\u00ea \u00fb \u00ceran\u00ea de t\u00ea vekirin<\/a><\/blockquote><iframe sandbox=\"allow-scripts\" security=\"restricted\" src=\"https:\/\/darkamazi.info\/archives\/1032369\/embed#?secret=2TRUsQePiR\" width=\"600\" height=\"338\" title=\"&#8220;Deriyek\u00ee din \u00ea s\u00eenor\u00ee di navbera Her\u00eama Kurdistan\u00ea \u00fb \u00ceran\u00ea de t\u00ea vekirin&#8221; &#8212; Darka Maz\u00ee\" data-secret=\"2TRUsQePiR\" frameborder=\"0\" marginwidth=\"0\" marginheight=\"0\" scrolling=\"no\" class=\"darka-embedded-content\"><\/iframe><script>\n\/*! This file is auto-generated *\/\n!function(d,l){\"use strict\";l.querySelector&&d.addEventListener&&\"undefined\"!=typeof URL&&(d.wp=d.wp||{},d.wp.receiveEmbedMessage||(d.wp.receiveEmbedMessage=function(e){var t=e.data;if((t||t.secret||t.message||t.value)&&!\/[^a-zA-Z0-9]\/.test(t.secret)){for(var s,r,n,a=l.querySelectorAll('iframe[data-secret=\"'+t.secret+'\"]'),o=l.querySelectorAll('blockquote[data-secret=\"'+t.secret+'\"]'),c=new RegExp(\"^https?:$\",\"i\"),i=0;i<o.length;i++)o[i].style.display=\"none\";for(i=0;i<a.length;i++)s=a[i],e.source===s.contentWindow&&(s.removeAttribute(\"style\"),\"height\"===t.message?(1e3<(r=parseInt(t.value,10))?r=1e3:~~r<200&&(r=200),s.height=r):\"link\"===t.message&&(r=new URL(s.getAttribute(\"src\")),n=new URL(t.value),c.test(n.protocol))&&n.host===r.host&&l.activeElement===s&&(d.top.location.href=t.value))}},d.addEventListener(\"message\",d.wp.receiveEmbedMessage,!1),l.addEventListener(\"DOMContentLoaded\",function(){for(var e,t,s=l.querySelectorAll(\"iframe.darka-embedded-content\"),r=0;r<s.length;r++)(t=(e=s[r]).getAttribute(\"data-secret\"))||(t=Math.random().toString(36).substring(2,12),e.src+=\"#?secret=\"+t,e.setAttribute(\"data-secret\",t)),e.contentWindow.postMessage({message:\"ready\",secret:t},\"*\")},!1)))}(window,document);\n\/\/# sourceURL=https:\/\/darkamazi.info\/other\/js\/wp-embed.min.js\n<\/script>\n","thumbnail_url":"https:\/\/darkamazi.info\/file\/2022\/09\/kurdistan-iran-erbil-soran.jpg","thumbnail_width":900,"thumbnail_height":497,"description":"Rayedar\u00ean Her\u00eama Kurdistan\u00ea \u00fb \u00ceran\u00ea di civ\u00een\u00ean her\u00ee daw\u00ee y\u00ean navbera wan de li hev kirin ku deriyek\u00ee din \u00ea s\u00eenor\u00ee li s\u00eenor\u00ea par\u00eazgeha Hewl\u00ear \u00fb \u00eedareya serbixwe ya Soran\u00ea, ku hevs\u00eenor\u00ea par\u00eazgeha Urmiy\u00ea ye, vekin. Deriy\u00ea s\u00eenor\u00ee dikeve daristana K\u00eale\u015f\u00een a li devera Biradost a ser bi bajarok\u00ea S\u00eedekan li s\u00eenor\u00ea \u00cedareya Serbixwe ya [&hellip;]"}