{"version":"1.0","provider_name":"Darka Maz\u00ee","provider_url":"https:\/\/darkamazi.info","title":"PKK\u00ea nasnameya du fermandar\u00ean xwe e\u015fkere kirin - Darka Maz\u00ee","type":"rich","width":600,"height":338,"html":"<blockquote class=\"darka-embedded-content\" data-secret=\"DoRMGyqVpF\"><a href=\"https:\/\/darkamazi.info\/archives\/1033192\">PKK\u00ea nasnameya du fermandar\u00ean xwe e\u015fkere kirin<\/a><\/blockquote><iframe sandbox=\"allow-scripts\" security=\"restricted\" src=\"https:\/\/darkamazi.info\/archives\/1033192\/embed#?secret=DoRMGyqVpF\" width=\"600\" height=\"338\" title=\"&#8220;PKK\u00ea nasnameya du fermandar\u00ean xwe e\u015fkere kirin&#8221; &#8212; Darka Maz\u00ee\" data-secret=\"DoRMGyqVpF\" frameborder=\"0\" marginwidth=\"0\" marginheight=\"0\" scrolling=\"no\" class=\"darka-embedded-content\"><\/iframe><script>\n\/*! This file is auto-generated *\/\n!function(d,l){\"use strict\";l.querySelector&&d.addEventListener&&\"undefined\"!=typeof URL&&(d.wp=d.wp||{},d.wp.receiveEmbedMessage||(d.wp.receiveEmbedMessage=function(e){var t=e.data;if((t||t.secret||t.message||t.value)&&!\/[^a-zA-Z0-9]\/.test(t.secret)){for(var s,r,n,a=l.querySelectorAll('iframe[data-secret=\"'+t.secret+'\"]'),o=l.querySelectorAll('blockquote[data-secret=\"'+t.secret+'\"]'),c=new RegExp(\"^https?:$\",\"i\"),i=0;i<o.length;i++)o[i].style.display=\"none\";for(i=0;i<a.length;i++)s=a[i],e.source===s.contentWindow&&(s.removeAttribute(\"style\"),\"height\"===t.message?(1e3<(r=parseInt(t.value,10))?r=1e3:~~r<200&&(r=200),s.height=r):\"link\"===t.message&&(r=new URL(s.getAttribute(\"src\")),n=new URL(t.value),c.test(n.protocol))&&n.host===r.host&&l.activeElement===s&&(d.top.location.href=t.value))}},d.addEventListener(\"message\",d.wp.receiveEmbedMessage,!1),l.addEventListener(\"DOMContentLoaded\",function(){for(var e,t,s=l.querySelectorAll(\"iframe.darka-embedded-content\"),r=0;r<s.length;r++)(t=(e=s[r]).getAttribute(\"data-secret\"))||(t=Math.random().toString(36).substring(2,12),e.src+=\"#?secret=\"+t,e.setAttribute(\"data-secret\",t)),e.contentWindow.postMessage({message:\"ready\",secret:t},\"*\")},!1)))}(window,document);\n\/\/# sourceURL=https:\/\/darkamazi.info\/other\/js\/wp-embed.min.js\n<\/script>\n","thumbnail_url":"https:\/\/darkamazi.info\/file\/2022\/10\/Bedreddin-Amanos-pkk-ocalan-2.jpg","thumbnail_width":900,"thumbnail_height":497,"description":"R\u00eaxistina PKK\u00ea nasnameya du fermandar\u00ean bask\u00ea xwe y\u00ea le\u015fker\u00ee HPG\u00ea e\u015fkere kir ku du salan ber\u00ea hatine ku\u015ftin \u00fb ji n\u00fb ve mirina wan ragihand. HPG\u00ea bask\u00ea le\u015fker\u00ee y\u00ea PKK\u00ea duh roja yek\u015fem\u00ee 16\/10\/2022\u00ea bi daxuyaniyek niv\u00eesk\u00ee e\u015fkere kir, herdu fermandar\u00ean w\u00ea \u00ean bi nav\u00ea \u00cebrah\u00eem \u015eengul \u00fb kodnav\u00ea Bedredd\u00een Amanos, her wiha \u00cesma\u00eel Erbay [&hellip;]"}