{"version":"1.0","provider_name":"Darka Maz\u00ee","provider_url":"https:\/\/darkamazi.info","title":"Li Rojava Pi\u015ft\u00ee nav\u00ea Kurdistan\u00ea ziman\u00ea Kurd\u00ee j\u00ee hat rakirin - Darka Maz\u00ee","type":"rich","width":600,"height":338,"html":"<blockquote class=\"darka-embedded-content\" data-secret=\"6p5b9Kstzv\"><a href=\"https:\/\/darkamazi.info\/archives\/1033464\">Li Rojava Pi\u015ft\u00ee nav\u00ea Kurdistan\u00ea ziman\u00ea Kurd\u00ee j\u00ee hat rakirin<\/a><\/blockquote><iframe sandbox=\"allow-scripts\" security=\"restricted\" src=\"https:\/\/darkamazi.info\/archives\/1033464\/embed#?secret=6p5b9Kstzv\" width=\"600\" height=\"338\" title=\"&#8220;Li Rojava Pi\u015ft\u00ee nav\u00ea Kurdistan\u00ea ziman\u00ea Kurd\u00ee j\u00ee hat rakirin&#8221; &#8212; Darka Maz\u00ee\" data-secret=\"6p5b9Kstzv\" frameborder=\"0\" marginwidth=\"0\" marginheight=\"0\" scrolling=\"no\" class=\"darka-embedded-content\"><\/iframe><script>\n\/*! This file is auto-generated *\/\n!function(d,l){\"use strict\";l.querySelector&&d.addEventListener&&\"undefined\"!=typeof URL&&(d.wp=d.wp||{},d.wp.receiveEmbedMessage||(d.wp.receiveEmbedMessage=function(e){var t=e.data;if((t||t.secret||t.message||t.value)&&!\/[^a-zA-Z0-9]\/.test(t.secret)){for(var s,r,n,a=l.querySelectorAll('iframe[data-secret=\"'+t.secret+'\"]'),o=l.querySelectorAll('blockquote[data-secret=\"'+t.secret+'\"]'),c=new RegExp(\"^https?:$\",\"i\"),i=0;i<o.length;i++)o[i].style.display=\"none\";for(i=0;i<a.length;i++)s=a[i],e.source===s.contentWindow&&(s.removeAttribute(\"style\"),\"height\"===t.message?(1e3<(r=parseInt(t.value,10))?r=1e3:~~r<200&&(r=200),s.height=r):\"link\"===t.message&&(r=new URL(s.getAttribute(\"src\")),n=new URL(t.value),c.test(n.protocol))&&n.host===r.host&&l.activeElement===s&&(d.top.location.href=t.value))}},d.addEventListener(\"message\",d.wp.receiveEmbedMessage,!1),l.addEventListener(\"DOMContentLoaded\",function(){for(var e,t,s=l.querySelectorAll(\"iframe.darka-embedded-content\"),r=0;r<s.length;r++)(t=(e=s[r]).getAttribute(\"data-secret\"))||(t=Math.random().toString(36).substring(2,12),e.src+=\"#?secret=\"+t,e.setAttribute(\"data-secret\",t)),e.contentWindow.postMessage({message:\"ready\",secret:t},\"*\")},!1)))}(window,document);\n\/\/# sourceURL=https:\/\/darkamazi.info\/other\/js\/wp-embed.min.js\n<\/script>\n","thumbnail_url":"https:\/\/darkamazi.info\/file\/2022\/11\/Kongerya-Federasyona-Gaziyan.jpg","thumbnail_width":900,"thumbnail_height":497,"description":"[darkamazi_row][darkamazi_column][darkamazi_column_text] Li Rojava Kurdistan\u00ea konferansa Gaz\u00eeya hat \u00e7ekirin, l\u00ea gelek balke\u015f b\u00fb ku ev konferans bes bi ziman\u00ea Areb\u00ee \u00e7eb\u00fb, ziman\u00ea Kurd\u00ee li konferans\u00ea ne hate bi kar an\u00een. Bir\u00eendar\u00ean \u015fer\u00ea Rojava Kurdistan\u00ea ber\u00ea ji boy xwe Federasyonek ava kirib\u00fbn, v\u00ea federasyon\u00ea duh Kongreya xwe a 2\u2019em\u00een \u00e7ekir, Nav\u00ea Kongre wisa hatib\u00fb niv\u00eesandin \u201cKongereya Federasyona [&hellip;]"}