{"version":"1.0","provider_name":"Darka Maz\u00ee","provider_url":"https:\/\/darkamazi.info","title":"NY: Rew\u015fa Rojhilata Kurdistan\u00ea metirs\u00eedare - Darka Maz\u00ee","type":"rich","width":600,"height":338,"html":"<blockquote class=\"darka-embedded-content\" data-secret=\"MiCSQXC2Nk\"><a href=\"https:\/\/darkamazi.info\/archives\/1033921\">NY: Rew\u015fa Rojhilata Kurdistan\u00ea metirs\u00eedare<\/a><\/blockquote><iframe sandbox=\"allow-scripts\" security=\"restricted\" src=\"https:\/\/darkamazi.info\/archives\/1033921\/embed#?secret=MiCSQXC2Nk\" width=\"600\" height=\"338\" title=\"&#8220;NY: Rew\u015fa Rojhilata Kurdistan\u00ea metirs\u00eedare&#8221; &#8212; Darka Maz\u00ee\" data-secret=\"MiCSQXC2Nk\" frameborder=\"0\" marginwidth=\"0\" marginheight=\"0\" scrolling=\"no\" class=\"darka-embedded-content\"><\/iframe><script>\n\/*! This file is auto-generated *\/\n!function(d,l){\"use strict\";l.querySelector&&d.addEventListener&&\"undefined\"!=typeof URL&&(d.wp=d.wp||{},d.wp.receiveEmbedMessage||(d.wp.receiveEmbedMessage=function(e){var t=e.data;if((t||t.secret||t.message||t.value)&&!\/[^a-zA-Z0-9]\/.test(t.secret)){for(var s,r,n,a=l.querySelectorAll('iframe[data-secret=\"'+t.secret+'\"]'),o=l.querySelectorAll('blockquote[data-secret=\"'+t.secret+'\"]'),c=new RegExp(\"^https?:$\",\"i\"),i=0;i<o.length;i++)o[i].style.display=\"none\";for(i=0;i<a.length;i++)s=a[i],e.source===s.contentWindow&&(s.removeAttribute(\"style\"),\"height\"===t.message?(1e3<(r=parseInt(t.value,10))?r=1e3:~~r<200&&(r=200),s.height=r):\"link\"===t.message&&(r=new URL(s.getAttribute(\"src\")),n=new URL(t.value),c.test(n.protocol))&&n.host===r.host&&l.activeElement===s&&(d.top.location.href=t.value))}},d.addEventListener(\"message\",d.wp.receiveEmbedMessage,!1),l.addEventListener(\"DOMContentLoaded\",function(){for(var e,t,s=l.querySelectorAll(\"iframe.darka-embedded-content\"),r=0;r<s.length;r++)(t=(e=s[r]).getAttribute(\"data-secret\"))||(t=Math.random().toString(36).substring(2,12),e.src+=\"#?secret=\"+t,e.setAttribute(\"data-secret\",t)),e.contentWindow.postMessage({message:\"ready\",secret:t},\"*\")},!1)))}(window,document);\n\/\/# sourceURL=https:\/\/darkamazi.info\/other\/js\/wp-embed.min.js\n<\/script>\n","thumbnail_url":"https:\/\/darkamazi.info\/file\/2022\/11\/iran-un-2022.jpg","thumbnail_width":900,"thumbnail_height":497,"description":"Kom\u00eeser\u00ea bilind\u00ea Maf\u00ean Mirovan y\u00ea Netewey\u00ean Yekb\u00fby\u00ee ragihand, rew\u015fa nav\u00e7ey\u00ean Kurdistan\u00ee y\u00ean li \u00ceran\u00ea metirs\u00eedare \u00fb rayedar\u00ean \u00ceran\u00ea rapor\u00ean b\u00eabingeh derbar\u00ea wan nav\u00e7eyan p\u00ea\u015fk\u00ea\u015f kirine. Volker Turk Kom\u00eeser\u00ea Bilind \u00ea Maf\u00ean Mirovan \u00ea Netewey\u00ean Yekb\u00fby\u00ee derbar\u00ea xwep\u00ea\u015fandan\u00ean \u00ceran\u00ea y\u00ean ku bi sedema mirina J\u00eena Em\u00een\u00ee li w\u00ee welat\u00ee destp\u00eakirine got, &#8220;Ji destp\u00eaka xwep\u00ea\u015fandan\u00ean \u00ceran\u00ea y\u00ean [&hellip;]"}