{"version":"1.0","provider_name":"Darka Maz\u00ee","provider_url":"https:\/\/darkamazi.info","title":"Daxwaza PKK\u00ea ji aliy\u00ea Dadgeha Yek\u00eetiya Ewropay\u00ea ve hat redkirin - Darka Maz\u00ee","type":"rich","width":600,"height":338,"html":"<blockquote class=\"darka-embedded-content\" data-secret=\"dpw0aTNDce\"><a href=\"https:\/\/darkamazi.info\/archives\/1033996\">Daxwaza PKK\u00ea ji aliy\u00ea Dadgeha Yek\u00eetiya Ewropay\u00ea ve hat redkirin<\/a><\/blockquote><iframe sandbox=\"allow-scripts\" security=\"restricted\" src=\"https:\/\/darkamazi.info\/archives\/1033996\/embed#?secret=dpw0aTNDce\" width=\"600\" height=\"338\" title=\"&#8220;Daxwaza PKK\u00ea ji aliy\u00ea Dadgeha Yek\u00eetiya Ewropay\u00ea ve hat redkirin&#8221; &#8212; Darka Maz\u00ee\" data-secret=\"dpw0aTNDce\" frameborder=\"0\" marginwidth=\"0\" marginheight=\"0\" scrolling=\"no\" class=\"darka-embedded-content\"><\/iframe><script>\n\/*! This file is auto-generated *\/\n!function(d,l){\"use strict\";l.querySelector&&d.addEventListener&&\"undefined\"!=typeof URL&&(d.wp=d.wp||{},d.wp.receiveEmbedMessage||(d.wp.receiveEmbedMessage=function(e){var t=e.data;if((t||t.secret||t.message||t.value)&&!\/[^a-zA-Z0-9]\/.test(t.secret)){for(var s,r,n,a=l.querySelectorAll('iframe[data-secret=\"'+t.secret+'\"]'),o=l.querySelectorAll('blockquote[data-secret=\"'+t.secret+'\"]'),c=new RegExp(\"^https?:$\",\"i\"),i=0;i<o.length;i++)o[i].style.display=\"none\";for(i=0;i<a.length;i++)s=a[i],e.source===s.contentWindow&&(s.removeAttribute(\"style\"),\"height\"===t.message?(1e3<(r=parseInt(t.value,10))?r=1e3:~~r<200&&(r=200),s.height=r):\"link\"===t.message&&(r=new URL(s.getAttribute(\"src\")),n=new URL(t.value),c.test(n.protocol))&&n.host===r.host&&l.activeElement===s&&(d.top.location.href=t.value))}},d.addEventListener(\"message\",d.wp.receiveEmbedMessage,!1),l.addEventListener(\"DOMContentLoaded\",function(){for(var e,t,s=l.querySelectorAll(\"iframe.darka-embedded-content\"),r=0;r<s.length;r++)(t=(e=s[r]).getAttribute(\"data-secret\"))||(t=Math.random().toString(36).substring(2,12),e.src+=\"#?secret=\"+t,e.setAttribute(\"data-secret\",t)),e.contentWindow.postMessage({message:\"ready\",secret:t},\"*\")},!1)))}(window,document);\n\/\/# sourceURL=https:\/\/darkamazi.info\/other\/js\/wp-embed.min.js\n<\/script>\n","thumbnail_url":"https:\/\/darkamazi.info\/file\/2022\/11\/coure-de-justice-des-communautes-europeennes-pkk-.jpg","thumbnail_width":900,"thumbnail_height":497,"description":"Dadgeha Yek\u00eetiya Ewropay\u00ea li Luksemburg\u00ea \u00eero biryara xwe ya li ser daxwazeke Partiya Karker\u00ean Kurdistan\u00ea (PKK) a\u015fkere kir \u00fb daxwaza PKK\u00ea red kir. PKK\u00ea daxwaz kirib\u00fb ku nav\u00ea w\u00ea ji l\u00eesteya teror\u00ea b\u00ea derxistin, l\u00ea Dadgeha Yek\u00eetiya Ewropay\u00ea di civ\u00eena xwe ya \u00eero de ew daxwaza PKK\u00ea red kir. Derbar\u00ea PKK\u00ea de bi gi\u015ft\u00ee 3 [&hellip;]"}