{"version":"1.0","provider_name":"Darka Maz\u00ee","provider_url":"https:\/\/darkamazi.info","title":"Deng\u00ean Kurdan \u00fb n\u00eeqa\u015f\u00ean li ser namzetiya \u00cemamoglu bo Serokomariya Tirkiy\u00ea - Darka Maz\u00ee","type":"rich","width":600,"height":338,"html":"<blockquote class=\"darka-embedded-content\" data-secret=\"hXfe6zZHeq\"><a href=\"https:\/\/darkamazi.info\/archives\/1034382\">Deng\u00ean Kurdan \u00fb n\u00eeqa\u015f\u00ean li ser namzetiya \u00cemamoglu bo Serokomariya Tirkiy\u00ea<\/a><\/blockquote><iframe sandbox=\"allow-scripts\" security=\"restricted\" src=\"https:\/\/darkamazi.info\/archives\/1034382\/embed#?secret=hXfe6zZHeq\" width=\"600\" height=\"338\" title=\"&#8220;Deng\u00ean Kurdan \u00fb n\u00eeqa\u015f\u00ean li ser namzetiya \u00cemamoglu bo Serokomariya Tirkiy\u00ea&#8221; &#8212; Darka Maz\u00ee\" data-secret=\"hXfe6zZHeq\" frameborder=\"0\" marginwidth=\"0\" marginheight=\"0\" scrolling=\"no\" class=\"darka-embedded-content\"><\/iframe><script>\n\/*! This file is auto-generated *\/\n!function(d,l){\"use strict\";l.querySelector&&d.addEventListener&&\"undefined\"!=typeof URL&&(d.wp=d.wp||{},d.wp.receiveEmbedMessage||(d.wp.receiveEmbedMessage=function(e){var t=e.data;if((t||t.secret||t.message||t.value)&&!\/[^a-zA-Z0-9]\/.test(t.secret)){for(var s,r,n,a=l.querySelectorAll('iframe[data-secret=\"'+t.secret+'\"]'),o=l.querySelectorAll('blockquote[data-secret=\"'+t.secret+'\"]'),c=new RegExp(\"^https?:$\",\"i\"),i=0;i<o.length;i++)o[i].style.display=\"none\";for(i=0;i<a.length;i++)s=a[i],e.source===s.contentWindow&&(s.removeAttribute(\"style\"),\"height\"===t.message?(1e3<(r=parseInt(t.value,10))?r=1e3:~~r<200&&(r=200),s.height=r):\"link\"===t.message&&(r=new URL(s.getAttribute(\"src\")),n=new URL(t.value),c.test(n.protocol))&&n.host===r.host&&l.activeElement===s&&(d.top.location.href=t.value))}},d.addEventListener(\"message\",d.wp.receiveEmbedMessage,!1),l.addEventListener(\"DOMContentLoaded\",function(){for(var e,t,s=l.querySelectorAll(\"iframe.darka-embedded-content\"),r=0;r<s.length;r++)(t=(e=s[r]).getAttribute(\"data-secret\"))||(t=Math.random().toString(36).substring(2,12),e.src+=\"#?secret=\"+t,e.setAttribute(\"data-secret\",t)),e.contentWindow.postMessage({message:\"ready\",secret:t},\"*\")},!1)))}(window,document);\n\/\/# sourceURL=https:\/\/darkamazi.info\/other\/js\/wp-embed.min.js\n<\/script>\n","thumbnail_url":"https:\/\/darkamazi.info\/file\/2022\/12\/tirkiye.jpg","thumbnail_width":900,"thumbnail_height":497,"description":"Ligel ku Serok\u00ea \u015earedar\u00ea Stenbol\u00ea Ekrem \u00cemamoglu bi deng\u00ea Kurdan b\u00fb \u015faredar j\u00ee, hem ew hem j\u00ee Maseya \u015ee\u015fal\u00ee di war\u00ea pirsa Kurd de b\u00eadengiya xwe didom\u00eenin. Hem \u00e7avd\u00ear\u00ean siyas\u00ee y\u00ean Tirk \u00fb hem j\u00ee siyasetmedar\u00ean Kurd di v\u00ea babet\u00ea de bal\u00ea diki\u015f\u00eenin ser giringiya deng\u00ea Kurdan \u00fb dib\u00eajin; b\u00eay\u00ee Kurd pesend bikin h\u00ee\u00e7 kesek [&hellip;]"}