{"version":"1.0","provider_name":"Darka Maz\u00ee","provider_url":"https:\/\/darkamazi.info","title":"\u00car\u00ee\u015fker\u00ea Par\u00ees\u00ea ji navenda \u00e7areseriya der\u00fbn\u00ee bo girt\u00eegeh\u00ea hat vegerandin - Darka Maz\u00ee","type":"rich","width":600,"height":338,"html":"<blockquote class=\"darka-embedded-content\" data-secret=\"HwV8daassu\"><a href=\"https:\/\/darkamazi.info\/archives\/1034424\">\u00car\u00ee\u015fker\u00ea Par\u00ees\u00ea ji navenda \u00e7areseriya der\u00fbn\u00ee bo girt\u00eegeh\u00ea hat vegerandin<\/a><\/blockquote><iframe sandbox=\"allow-scripts\" security=\"restricted\" src=\"https:\/\/darkamazi.info\/archives\/1034424\/embed#?secret=HwV8daassu\" width=\"600\" height=\"338\" title=\"&#8220;\u00car\u00ee\u015fker\u00ea Par\u00ees\u00ea ji navenda \u00e7areseriya der\u00fbn\u00ee bo girt\u00eegeh\u00ea hat vegerandin&#8221; &#8212; Darka Maz\u00ee\" data-secret=\"HwV8daassu\" frameborder=\"0\" marginwidth=\"0\" marginheight=\"0\" scrolling=\"no\" class=\"darka-embedded-content\"><\/iframe><script>\n\/*! This file is auto-generated *\/\n!function(d,l){\"use strict\";l.querySelector&&d.addEventListener&&\"undefined\"!=typeof URL&&(d.wp=d.wp||{},d.wp.receiveEmbedMessage||(d.wp.receiveEmbedMessage=function(e){var t=e.data;if((t||t.secret||t.message||t.value)&&!\/[^a-zA-Z0-9]\/.test(t.secret)){for(var s,r,n,a=l.querySelectorAll('iframe[data-secret=\"'+t.secret+'\"]'),o=l.querySelectorAll('blockquote[data-secret=\"'+t.secret+'\"]'),c=new RegExp(\"^https?:$\",\"i\"),i=0;i<o.length;i++)o[i].style.display=\"none\";for(i=0;i<a.length;i++)s=a[i],e.source===s.contentWindow&&(s.removeAttribute(\"style\"),\"height\"===t.message?(1e3<(r=parseInt(t.value,10))?r=1e3:~~r<200&&(r=200),s.height=r):\"link\"===t.message&&(r=new URL(s.getAttribute(\"src\")),n=new URL(t.value),c.test(n.protocol))&&n.host===r.host&&l.activeElement===s&&(d.top.location.href=t.value))}},d.addEventListener(\"message\",d.wp.receiveEmbedMessage,!1),l.addEventListener(\"DOMContentLoaded\",function(){for(var e,t,s=l.querySelectorAll(\"iframe.darka-embedded-content\"),r=0;r<s.length;r++)(t=(e=s[r]).getAttribute(\"data-secret\"))||(t=Math.random().toString(36).substring(2,12),e.src+=\"#?secret=\"+t,e.setAttribute(\"data-secret\",t)),e.contentWindow.postMessage({message:\"ready\",secret:t},\"*\")},!1)))}(window,document);\n\/\/# sourceURL=https:\/\/darkamazi.info\/other\/js\/wp-embed.min.js\n<\/script>\n","thumbnail_url":"https:\/\/darkamazi.info\/file\/2022\/12\/paris-kurd-fransa.jpg","thumbnail_width":900,"thumbnail_height":497,"description":"\u00car\u00ee\u015fkar\u00ea li ser Navenda \u00c7anda Kurd a Ahmet Kaya li Par\u00ees\u00ea, pi\u015ft\u00ee ku \u015fevek\u00ea li navenda \u00e7areseriya der\u00fbn\u00ee mab\u00fb, bo girt\u00eegeh\u00ea hate vegerandin. Serdozgeriya Par\u00ees\u00ea duh\u00ee biryar dab\u00fb ku \u00ear\u00ee\u015fkar\u00ea li ser Navenda \u00c7and\u00ea ya Ahmet Kaya ya Par\u00ees\u00ea ji girt\u00eegeh\u00ea bo navenda \u00e7areseriya der\u00fbn\u00ee b\u00ea veguhatin. Dozgera Gi\u015ft\u00ee ya Par\u00ees\u00ea Laura Bequeau ragihand, tawanbar\u00ea [&hellip;]"}