{"version":"1.0","provider_name":"Darka Maz\u00ee","provider_url":"https:\/\/darkamazi.info","title":"Parlamentera mecl\u00eesa Federal a Elmanya y\u00ea Sev\u00eem Dagdelen buxtan li P\u00ea\u015fmerge kir - Darka Maz\u00ee","type":"rich","width":600,"height":338,"html":"<blockquote class=\"darka-embedded-content\" data-secret=\"b99On0denl\"><a href=\"https:\/\/darkamazi.info\/archives\/1034906\">Parlamentera mecl\u00eesa Federal a Elmanya y\u00ea Sev\u00eem Dagdelen buxtan li P\u00ea\u015fmerge kir<\/a><\/blockquote><iframe sandbox=\"allow-scripts\" security=\"restricted\" src=\"https:\/\/darkamazi.info\/archives\/1034906\/embed#?secret=b99On0denl\" width=\"600\" height=\"338\" title=\"&#8220;Parlamentera mecl\u00eesa Federal a Elmanya y\u00ea Sev\u00eem Dagdelen buxtan li P\u00ea\u015fmerge kir&#8221; &#8212; Darka Maz\u00ee\" data-secret=\"b99On0denl\" frameborder=\"0\" marginwidth=\"0\" marginheight=\"0\" scrolling=\"no\" class=\"darka-embedded-content\"><\/iframe><script>\n\/*! This file is auto-generated *\/\n!function(d,l){\"use strict\";l.querySelector&&d.addEventListener&&\"undefined\"!=typeof URL&&(d.wp=d.wp||{},d.wp.receiveEmbedMessage||(d.wp.receiveEmbedMessage=function(e){var t=e.data;if((t||t.secret||t.message||t.value)&&!\/[^a-zA-Z0-9]\/.test(t.secret)){for(var s,r,n,a=l.querySelectorAll('iframe[data-secret=\"'+t.secret+'\"]'),o=l.querySelectorAll('blockquote[data-secret=\"'+t.secret+'\"]'),c=new RegExp(\"^https?:$\",\"i\"),i=0;i<o.length;i++)o[i].style.display=\"none\";for(i=0;i<a.length;i++)s=a[i],e.source===s.contentWindow&&(s.removeAttribute(\"style\"),\"height\"===t.message?(1e3<(r=parseInt(t.value,10))?r=1e3:~~r<200&&(r=200),s.height=r):\"link\"===t.message&&(r=new URL(s.getAttribute(\"src\")),n=new URL(t.value),c.test(n.protocol))&&n.host===r.host&&l.activeElement===s&&(d.top.location.href=t.value))}},d.addEventListener(\"message\",d.wp.receiveEmbedMessage,!1),l.addEventListener(\"DOMContentLoaded\",function(){for(var e,t,s=l.querySelectorAll(\"iframe.darka-embedded-content\"),r=0;r<s.length;r++)(t=(e=s[r]).getAttribute(\"data-secret\"))||(t=Math.random().toString(36).substring(2,12),e.src+=\"#?secret=\"+t,e.setAttribute(\"data-secret\",t)),e.contentWindow.postMessage({message:\"ready\",secret:t},\"*\")},!1)))}(window,document);\n\/\/# sourceURL=https:\/\/darkamazi.info\/other\/js\/wp-embed.min.js\n<\/script>\n","thumbnail_url":"https:\/\/darkamazi.info\/file\/2023\/01\/sevim-darkamazi.jpg","thumbnail_width":900,"thumbnail_height":497,"description":"Hat zan\u00een ku Sev\u00eem Dagdelen ku parlementera mecl\u00eesa federal a Almanyay\u00ea ye, di axaftina xwe ya li parlamentoy\u00ea de buxtan\u00ean b\u00eabingeh li h\u00eaz\u00ean P\u00ea\u015fmergey\u00ean Kurdistan\u00ea kiriye. Hate zan\u00een ku Sev\u00eem Dagdelen \u00eed\u00eea kiriye ku \u201cDi Komkujiya \u015eingal\u00ea de p\u00ea\u015fmergeyan \u00e7ek\u00ean \u00cazidiyan kom kirin da ku \u00cazid\u00ee b\u00ean qetilkirin.\u201d Di 18 \u00ea \u00c7ile de Mecl\u00eesa Federal [&hellip;]"}