{"version":"1.0","provider_name":"Darka Maz\u00ee","provider_url":"https:\/\/darkamazi.info","title":"Li Kerk\u00fbk\u00ea 7 endam\u00ean h\u00eaz\u00ean ewlehiy\u00ea hatin desteserkirin: Gule li Kurdan re\u015fandib\u00fbn - Darka Maz\u00ee","type":"rich","width":600,"height":338,"html":"<blockquote class=\"darka-embedded-content\" data-secret=\"9KQ7q4SCOJ\"><a href=\"https:\/\/darkamazi.info\/archives\/1037998\">Li Kerk\u00fbk\u00ea 7 endam\u00ean h\u00eaz\u00ean ewlehiy\u00ea hatin desteserkirin: Gule li Kurdan re\u015fandib\u00fbn<\/a><\/blockquote><iframe sandbox=\"allow-scripts\" security=\"restricted\" src=\"https:\/\/darkamazi.info\/archives\/1037998\/embed#?secret=9KQ7q4SCOJ\" width=\"600\" height=\"338\" title=\"&#8220;Li Kerk\u00fbk\u00ea 7 endam\u00ean h\u00eaz\u00ean ewlehiy\u00ea hatin desteserkirin: Gule li Kurdan re\u015fandib\u00fbn&#8221; &#8212; Darka Maz\u00ee\" data-secret=\"9KQ7q4SCOJ\" frameborder=\"0\" marginwidth=\"0\" marginheight=\"0\" scrolling=\"no\" class=\"darka-embedded-content\"><\/iframe><script>\n\/*! This file is auto-generated *\/\n!function(d,l){\"use strict\";l.querySelector&&d.addEventListener&&\"undefined\"!=typeof URL&&(d.wp=d.wp||{},d.wp.receiveEmbedMessage||(d.wp.receiveEmbedMessage=function(e){var t=e.data;if((t||t.secret||t.message||t.value)&&!\/[^a-zA-Z0-9]\/.test(t.secret)){for(var s,r,n,a=l.querySelectorAll('iframe[data-secret=\"'+t.secret+'\"]'),o=l.querySelectorAll('blockquote[data-secret=\"'+t.secret+'\"]'),c=new RegExp(\"^https?:$\",\"i\"),i=0;i<o.length;i++)o[i].style.display=\"none\";for(i=0;i<a.length;i++)s=a[i],e.source===s.contentWindow&&(s.removeAttribute(\"style\"),\"height\"===t.message?(1e3<(r=parseInt(t.value,10))?r=1e3:~~r<200&&(r=200),s.height=r):\"link\"===t.message&&(r=new URL(s.getAttribute(\"src\")),n=new URL(t.value),c.test(n.protocol))&&n.host===r.host&&l.activeElement===s&&(d.top.location.href=t.value))}},d.addEventListener(\"message\",d.wp.receiveEmbedMessage,!1),l.addEventListener(\"DOMContentLoaded\",function(){for(var e,t,s=l.querySelectorAll(\"iframe.darka-embedded-content\"),r=0;r<s.length;r++)(t=(e=s[r]).getAttribute(\"data-secret\"))||(t=Math.random().toString(36).substring(2,12),e.src+=\"#?secret=\"+t,e.setAttribute(\"data-secret\",t)),e.contentWindow.postMessage({message:\"ready\",secret:t},\"*\")},!1)))}(window,document);\n\/\/# sourceURL=https:\/\/darkamazi.info\/other\/js\/wp-embed.min.js\n<\/script>\n","thumbnail_url":"https:\/\/darkamazi.info\/file\/2023\/09\/kerkuk-kurd.jpg","thumbnail_width":900,"thumbnail_height":497,"description":"Di xwep\u00ea\u015fandan\u00ean doh \u00ean li Kerk\u00fbk\u00ea de 7 endam\u00ean h\u00eaz\u00ean ewlehiy\u00ea y\u00ean ku gule li xwep\u00ea\u015fander\u00ean Kurd re\u015fandib\u00fbn \u00fb 4 ciwan\u00ean Kurd \u015feh\u00eed kirib\u00fbn, hatin desteserkirin. Li par\u00eazgeha Kerk\u00fbk\u00ea ya Ba\u015f\u00fbr\u00ea Kurdistan\u00ea pi\u015ft\u00ee ku al\u00eegir\u00ean He\u015fd\u00ee \u015eeibiy\u00ea \u00fb Ereb \u00fb Tirkmen\u00ean ku ji dervey\u00ee baj\u00ear an\u00eeb\u00fbn li dij\u00ee biryara vegera PDKy\u00ea r\u00eaya Kerk\u00fbk-Hewl\u00ear\u00ea girtin. Kurdan [&hellip;]"}