{"version":"1.0","provider_name":"Darka Maz\u00ee","provider_url":"https:\/\/darkamazi.info","title":"Di derbar\u00ea Suleyman Salgucak de doz hat vekirin - Darka Maz\u00ee","type":"rich","width":600,"height":338,"html":"<blockquote class=\"darka-embedded-content\" data-secret=\"3xMf2pMBmQ\"><a href=\"https:\/\/darkamazi.info\/archives\/1042151\">Di derbar\u00ea Suleyman Salgucak de doz hat vekirin<\/a><\/blockquote><iframe sandbox=\"allow-scripts\" security=\"restricted\" src=\"https:\/\/darkamazi.info\/archives\/1042151\/embed#?secret=3xMf2pMBmQ\" width=\"600\" height=\"338\" title=\"&#8220;Di derbar\u00ea Suleyman Salgucak de doz hat vekirin&#8221; &#8212; Darka Maz\u00ee\" data-secret=\"3xMf2pMBmQ\" frameborder=\"0\" marginwidth=\"0\" marginheight=\"0\" scrolling=\"no\" class=\"darka-embedded-content\"><\/iframe><script>\n\/*! This file is auto-generated *\/\n!function(d,l){\"use strict\";l.querySelector&&d.addEventListener&&\"undefined\"!=typeof URL&&(d.wp=d.wp||{},d.wp.receiveEmbedMessage||(d.wp.receiveEmbedMessage=function(e){var t=e.data;if((t||t.secret||t.message||t.value)&&!\/[^a-zA-Z0-9]\/.test(t.secret)){for(var s,r,n,a=l.querySelectorAll('iframe[data-secret=\"'+t.secret+'\"]'),o=l.querySelectorAll('blockquote[data-secret=\"'+t.secret+'\"]'),c=new RegExp(\"^https?:$\",\"i\"),i=0;i<o.length;i++)o[i].style.display=\"none\";for(i=0;i<a.length;i++)s=a[i],e.source===s.contentWindow&&(s.removeAttribute(\"style\"),\"height\"===t.message?(1e3<(r=parseInt(t.value,10))?r=1e3:~~r<200&&(r=200),s.height=r):\"link\"===t.message&&(r=new URL(s.getAttribute(\"src\")),n=new URL(t.value),c.test(n.protocol))&&n.host===r.host&&l.activeElement===s&&(d.top.location.href=t.value))}},d.addEventListener(\"message\",d.wp.receiveEmbedMessage,!1),l.addEventListener(\"DOMContentLoaded\",function(){for(var e,t,s=l.querySelectorAll(\"iframe.darka-embedded-content\"),r=0;r<s.length;r++)(t=(e=s[r]).getAttribute(\"data-secret\"))||(t=Math.random().toString(36).substring(2,12),e.src+=\"#?secret=\"+t,e.setAttribute(\"data-secret\",t)),e.contentWindow.postMessage({message:\"ready\",secret:t},\"*\")},!1)))}(window,document);\n\/\/# sourceURL=https:\/\/darkamazi.info\/other\/js\/wp-embed.min.js\n<\/script>\n","thumbnail_url":"https:\/\/darkamazi.info\/file\/2024\/04\/Suleyman-Salgucak.jpg","thumbnail_width":900,"thumbnail_height":497,"description":"Wek t\u00ea zan\u00een, hik\u00fbmeta AKP ji bo ku \u015faredariya \u015eernex\u00ea bi dest bixe, bi hezaran pol\u00ees \u00fb le\u015fkir ji bajar\u00ean din an\u00eeb\u00fbn \u015eernex\u00ea \u00fb ew birib\u00fbn ser sindoqan. Kurd\u00ea bi nav\u00ea Suleyman Salgucak (61 sal\u00ee) yeko yeko ji pol\u00eesan dipirs\u00ee \u00fb digot \u201ckonu\u015f, sen n\u00earel\u00eesin \u2013 Biaxive, tu ji ku y\u00ee?\u201d Gotin\u00ean xal\u00ea Suleyman di [&hellip;]"}