{"version":"1.0","provider_name":"Darka Maz\u00ee","provider_url":"https:\/\/darkamazi.info","title":"Erdogan d\u00eesa gef li Rojavay\u00ea Kurdistan\u00ea xwar - Darka Maz\u00ee","type":"rich","width":600,"height":338,"html":"<blockquote class=\"darka-embedded-content\" data-secret=\"1FXQz7vtsT\"><a href=\"https:\/\/darkamazi.info\/archives\/1042422\">Erdogan d\u00eesa gef li Rojavay\u00ea Kurdistan\u00ea xwar<\/a><\/blockquote><iframe sandbox=\"allow-scripts\" security=\"restricted\" src=\"https:\/\/darkamazi.info\/archives\/1042422\/embed#?secret=1FXQz7vtsT\" width=\"600\" height=\"338\" title=\"&#8220;Erdogan d\u00eesa gef li Rojavay\u00ea Kurdistan\u00ea xwar&#8221; &#8212; Darka Maz\u00ee\" data-secret=\"1FXQz7vtsT\" frameborder=\"0\" marginwidth=\"0\" marginheight=\"0\" scrolling=\"no\" class=\"darka-embedded-content\"><\/iframe><script>\n\/*! This file is auto-generated *\/\n!function(d,l){\"use strict\";l.querySelector&&d.addEventListener&&\"undefined\"!=typeof URL&&(d.wp=d.wp||{},d.wp.receiveEmbedMessage||(d.wp.receiveEmbedMessage=function(e){var t=e.data;if((t||t.secret||t.message||t.value)&&!\/[^a-zA-Z0-9]\/.test(t.secret)){for(var s,r,n,a=l.querySelectorAll('iframe[data-secret=\"'+t.secret+'\"]'),o=l.querySelectorAll('blockquote[data-secret=\"'+t.secret+'\"]'),c=new RegExp(\"^https?:$\",\"i\"),i=0;i<o.length;i++)o[i].style.display=\"none\";for(i=0;i<a.length;i++)s=a[i],e.source===s.contentWindow&&(s.removeAttribute(\"style\"),\"height\"===t.message?(1e3<(r=parseInt(t.value,10))?r=1e3:~~r<200&&(r=200),s.height=r):\"link\"===t.message&&(r=new URL(s.getAttribute(\"src\")),n=new URL(t.value),c.test(n.protocol))&&n.host===r.host&&l.activeElement===s&&(d.top.location.href=t.value))}},d.addEventListener(\"message\",d.wp.receiveEmbedMessage,!1),l.addEventListener(\"DOMContentLoaded\",function(){for(var e,t,s=l.querySelectorAll(\"iframe.darka-embedded-content\"),r=0;r<s.length;r++)(t=(e=s[r]).getAttribute(\"data-secret\"))||(t=Math.random().toString(36).substring(2,12),e.src+=\"#?secret=\"+t,e.setAttribute(\"data-secret\",t)),e.contentWindow.postMessage({message:\"ready\",secret:t},\"*\")},!1)))}(window,document);\n\/\/# sourceURL=https:\/\/darkamazi.info\/other\/js\/wp-embed.min.js\n<\/script>\n","thumbnail_url":"https:\/\/darkamazi.info\/file\/2024\/05\/Erdogan-Rojava-gef-info.jpg","thumbnail_width":900,"thumbnail_height":497,"description":"Recep Tayy\u00eep Erdogan got, \u201cJi ber soz\u00ean ku hevalbend\u00ean me dane \u00fb bi c\u00eeh nean\u00eene, kar\u00ea me y\u00ea ku li S\u00fbriyey\u00ea nivco maye, gava ku dem \u00fb saeta w\u00ea hat teqez em d\u00ea temam bikin\u201d. Serokkomar\u00ea Tirkiyey\u00ea Recep Tayy\u00eep Erdogan pi\u015ft\u00ee civana kab\u00eeneya Hik\u00fbmeta Tirkiyey\u00ea axiv\u00ee. Erdogan di be\u015feke axaftina xwe de bal ki\u015fand ser [&hellip;]"}