{"version":"1.0","provider_name":"Darka Maz\u00ee","provider_url":"https:\/\/darkamazi.info","title":"Cemil Bayik: Em li dij\u00ee mudaxeleya li ser \u00ceran\u00ea ne - Darka Maz\u00ee","type":"rich","width":600,"height":338,"html":"<blockquote class=\"darka-embedded-content\" data-secret=\"WIHp9FKi6w\"><a href=\"https:\/\/darkamazi.info\/archives\/1046435\">Cemil Bayik: Em li dij\u00ee mudaxeleya li ser \u00ceran\u00ea ne<\/a><\/blockquote><iframe sandbox=\"allow-scripts\" security=\"restricted\" src=\"https:\/\/darkamazi.info\/archives\/1046435\/embed#?secret=WIHp9FKi6w\" width=\"600\" height=\"338\" title=\"&#8220;Cemil Bayik: Em li dij\u00ee mudaxeleya li ser \u00ceran\u00ea ne&#8221; &#8212; Darka Maz\u00ee\" data-secret=\"WIHp9FKi6w\" frameborder=\"0\" marginwidth=\"0\" marginheight=\"0\" scrolling=\"no\" class=\"darka-embedded-content\"><\/iframe><script>\n\/*! This file is auto-generated *\/\n!function(d,l){\"use strict\";l.querySelector&&d.addEventListener&&\"undefined\"!=typeof URL&&(d.wp=d.wp||{},d.wp.receiveEmbedMessage||(d.wp.receiveEmbedMessage=function(e){var t=e.data;if((t||t.secret||t.message||t.value)&&!\/[^a-zA-Z0-9]\/.test(t.secret)){for(var s,r,n,a=l.querySelectorAll('iframe[data-secret=\"'+t.secret+'\"]'),o=l.querySelectorAll('blockquote[data-secret=\"'+t.secret+'\"]'),c=new RegExp(\"^https?:$\",\"i\"),i=0;i<o.length;i++)o[i].style.display=\"none\";for(i=0;i<a.length;i++)s=a[i],e.source===s.contentWindow&&(s.removeAttribute(\"style\"),\"height\"===t.message?(1e3<(r=parseInt(t.value,10))?r=1e3:~~r<200&&(r=200),s.height=r):\"link\"===t.message&&(r=new URL(s.getAttribute(\"src\")),n=new URL(t.value),c.test(n.protocol))&&n.host===r.host&&l.activeElement===s&&(d.top.location.href=t.value))}},d.addEventListener(\"message\",d.wp.receiveEmbedMessage,!1),l.addEventListener(\"DOMContentLoaded\",function(){for(var e,t,s=l.querySelectorAll(\"iframe.darka-embedded-content\"),r=0;r<s.length;r++)(t=(e=s[r]).getAttribute(\"data-secret\"))||(t=Math.random().toString(36).substring(2,12),e.src+=\"#?secret=\"+t,e.setAttribute(\"data-secret\",t)),e.contentWindow.postMessage({message:\"ready\",secret:t},\"*\")},!1)))}(window,document);\n\/\/# sourceURL=https:\/\/darkamazi.info\/other\/js\/wp-embed.min.js\n<\/script>\n","thumbnail_url":"https:\/\/darkamazi.info\/file\/2025\/01\/Cemil-Bayik-iran-info.jpg","thumbnail_width":900,"thumbnail_height":507,"description":"Hevserok\u00ea KCK \u00ea Cemil Bayik di hevpeyv\u00eena xwe ya bi ANF re, rojnameya PKK\u00ea ya ku li Ewropay\u00ea we\u015fan\u00ea dike, n\u00ee\u015faney\u00ean siyaseta PKK\u00ea ya p\u00ea\u015feroj\u00ea diyar kir. Bayik careke din pi\u015ftgiriya xwe da \u00ceran\u00ea, got ku ew li dij\u00ee par\u00e7eb\u00fbna Iraq\u00ea \u00fb mudaxeleya li ser \u00ceran\u00ea ne, \u00fb ji bo hem\u00fb t\u00eak\u00e7\u00fbn\u00ean le\u015fker\u00ee j\u00ee PDK [&hellip;]"}