{"version":"1.0","provider_name":"Darka Maz\u00ee","provider_url":"https:\/\/darkamazi.info","title":"Karas\u00fb heyeta \u00cemraliy\u00ea rexnekir \u00fb dib\u00eaje \u00e7ima hevserok\u00ean DEM partiy\u00ea t\u00ea de n\u00eenin? - Darka Maz\u00ee","type":"rich","width":600,"height":338,"html":"<blockquote class=\"darka-embedded-content\" data-secret=\"oIsNBItIU8\"><a href=\"https:\/\/darkamazi.info\/archives\/1046438\">Karas\u00fb heyeta \u00cemraliy\u00ea rexnekir \u00fb dib\u00eaje \u00e7ima hevserok\u00ean DEM partiy\u00ea t\u00ea de n\u00eenin?<\/a><\/blockquote><iframe sandbox=\"allow-scripts\" security=\"restricted\" src=\"https:\/\/darkamazi.info\/archives\/1046438\/embed#?secret=oIsNBItIU8\" width=\"600\" height=\"338\" title=\"&#8220;Karas\u00fb heyeta \u00cemraliy\u00ea rexnekir \u00fb dib\u00eaje \u00e7ima hevserok\u00ean DEM partiy\u00ea t\u00ea de n\u00eenin?&#8221; &#8212; Darka Maz\u00ee\" data-secret=\"oIsNBItIU8\" frameborder=\"0\" marginwidth=\"0\" marginheight=\"0\" scrolling=\"no\" class=\"darka-embedded-content\"><\/iframe><script>\n\/*! This file is auto-generated *\/\n!function(d,l){\"use strict\";l.querySelector&&d.addEventListener&&\"undefined\"!=typeof URL&&(d.wp=d.wp||{},d.wp.receiveEmbedMessage||(d.wp.receiveEmbedMessage=function(e){var t=e.data;if((t||t.secret||t.message||t.value)&&!\/[^a-zA-Z0-9]\/.test(t.secret)){for(var s,r,n,a=l.querySelectorAll('iframe[data-secret=\"'+t.secret+'\"]'),o=l.querySelectorAll('blockquote[data-secret=\"'+t.secret+'\"]'),c=new RegExp(\"^https?:$\",\"i\"),i=0;i<o.length;i++)o[i].style.display=\"none\";for(i=0;i<a.length;i++)s=a[i],e.source===s.contentWindow&&(s.removeAttribute(\"style\"),\"height\"===t.message?(1e3<(r=parseInt(t.value,10))?r=1e3:~~r<200&&(r=200),s.height=r):\"link\"===t.message&&(r=new URL(s.getAttribute(\"src\")),n=new URL(t.value),c.test(n.protocol))&&n.host===r.host&&l.activeElement===s&&(d.top.location.href=t.value))}},d.addEventListener(\"message\",d.wp.receiveEmbedMessage,!1),l.addEventListener(\"DOMContentLoaded\",function(){for(var e,t,s=l.querySelectorAll(\"iframe.darka-embedded-content\"),r=0;r<s.length;r++)(t=(e=s[r]).getAttribute(\"data-secret\"))||(t=Math.random().toString(36).substring(2,12),e.src+=\"#?secret=\"+t,e.setAttribute(\"data-secret\",t)),e.contentWindow.postMessage({message:\"ready\",secret:t},\"*\")},!1)))}(window,document);\n\/\/# sourceURL=https:\/\/darkamazi.info\/other\/js\/wp-embed.min.js\n<\/script>\n","thumbnail_url":"https:\/\/darkamazi.info\/file\/2025\/01\/Karasu-imrali-heyet-info.jpg","thumbnail_width":900,"thumbnail_height":497,"description":"Endam\u00ea konseya r\u00eaveber ya KCK\u00ea Mistefa Karas\u00fb \u00eero heyeta \u00cemraliy\u00ea rexne kir \u00fb got ku \u00e7ima di nava heyet\u00ea de hevserok\u00ean DEM partiy\u00ea n\u00eenin. Mistefa Karas\u00fb \u00eero roja s\u00ea\u015fem\u00ee 7 \u00c7ileya 2025\u00ea ji telefzyona Mediya Haber ya PKK\u00ea re axiv\u00ee \u00fb hin nirxandin bo rojev\u00ea \u00fb p\u00eavajoya ku li Tirkiy\u00ea destp\u00ea kir\u00ee, kir. Karas\u00fb derbar\u00ea [&hellip;]"}