{"version":"1.0","provider_name":"Darka Maz\u00ee","provider_url":"https:\/\/darkamazi.info","title":"M\u00ceT\u00ea berpirseka PKK\u00ea li Rojava Kurdistan\u00ea ku\u015ft - Darka Maz\u00ee","type":"rich","width":600,"height":338,"html":"<blockquote class=\"darka-embedded-content\" data-secret=\"lkp4P0mIag\"><a href=\"https:\/\/darkamazi.info\/archives\/1046816\">M\u00ceT\u00ea berpirseka PKK\u00ea li Rojava Kurdistan\u00ea ku\u015ft<\/a><\/blockquote><iframe sandbox=\"allow-scripts\" security=\"restricted\" src=\"https:\/\/darkamazi.info\/archives\/1046816\/embed#?secret=lkp4P0mIag\" width=\"600\" height=\"338\" title=\"&#8220;M\u00ceT\u00ea berpirseka PKK\u00ea li Rojava Kurdistan\u00ea ku\u015ft&#8221; &#8212; Darka Maz\u00ee\" data-secret=\"lkp4P0mIag\" frameborder=\"0\" marginwidth=\"0\" marginheight=\"0\" scrolling=\"no\" class=\"darka-embedded-content\"><\/iframe><script>\n\/*! This file is auto-generated *\/\n!function(d,l){\"use strict\";l.querySelector&&d.addEventListener&&\"undefined\"!=typeof URL&&(d.wp=d.wp||{},d.wp.receiveEmbedMessage||(d.wp.receiveEmbedMessage=function(e){var t=e.data;if((t||t.secret||t.message||t.value)&&!\/[^a-zA-Z0-9]\/.test(t.secret)){for(var s,r,n,a=l.querySelectorAll('iframe[data-secret=\"'+t.secret+'\"]'),o=l.querySelectorAll('blockquote[data-secret=\"'+t.secret+'\"]'),c=new RegExp(\"^https?:$\",\"i\"),i=0;i<o.length;i++)o[i].style.display=\"none\";for(i=0;i<a.length;i++)s=a[i],e.source===s.contentWindow&&(s.removeAttribute(\"style\"),\"height\"===t.message?(1e3<(r=parseInt(t.value,10))?r=1e3:~~r<200&&(r=200),s.height=r):\"link\"===t.message&&(r=new URL(s.getAttribute(\"src\")),n=new URL(t.value),c.test(n.protocol))&&n.host===r.host&&l.activeElement===s&&(d.top.location.href=t.value))}},d.addEventListener(\"message\",d.wp.receiveEmbedMessage,!1),l.addEventListener(\"DOMContentLoaded\",function(){for(var e,t,s=l.querySelectorAll(\"iframe.darka-embedded-content\"),r=0;r<s.length;r++)(t=(e=s[r]).getAttribute(\"data-secret\"))||(t=Math.random().toString(36).substring(2,12),e.src+=\"#?secret=\"+t,e.setAttribute(\"data-secret\",t)),e.contentWindow.postMessage({message:\"ready\",secret:t},\"*\")},!1)))}(window,document);\n\/\/# sourceURL=https:\/\/darkamazi.info\/other\/js\/wp-embed.min.js\n<\/script>\n","thumbnail_url":"https:\/\/darkamazi.info\/file\/2025\/01\/Sozdar-Efrin-pkk-ypg-info.jpg","thumbnail_width":900,"thumbnail_height":500,"description":"\u00cestixbarata dewleta Tirk (M\u00ceT\u00ea) li Rojava Kurdistan\u00ea bi operasyonek\u00ea berpirsa PKK\u00ea ya bi nav\u00ea \u015e\u00eeraz Omer \u00fb kodnav\u00ea &#8220;Sozdar Efr\u00een&#8221;, ku\u015ft. Ajansa Anadoluy\u00ea \u00eero roja \u00e7ar\u015fem\u00ee 29 \u00c7ileya 2025\u00ea belavkir, li gor agahiy\u00ean ku ji \u00e7avkaniy\u00ean ewlehiy\u00ea hatin hildan, cih\u00ea \u015e\u00eeraz Omer ya ku nav\u00ea w\u00ea di l\u00eesteya hedef\u00ea ya M\u00ceT\u00ea da b\u00fb pi\u015ft\u00ee xebat\u00ean [&hellip;]"}