{"version":"1.0","provider_name":"Darka Maz\u00ee","provider_url":"https:\/\/darkamazi.info","title":"Wez\u00eer\u00ea Dad\u00ea y\u00ea Tirkiyey\u00ea: Em dest\u00fbriy\u00ea bi hevd\u00eetina s\u00eay\u00ea ya \u015fanda Dem Partiy\u00ea \u00fb Ocalan didin - Darka Maz\u00ee","type":"rich","width":600,"height":338,"html":"<blockquote class=\"darka-embedded-content\" data-secret=\"qooSmDMD6c\"><a href=\"https:\/\/darkamazi.info\/archives\/1047146\">Wez\u00eer\u00ea Dad\u00ea y\u00ea Tirkiyey\u00ea: Em dest\u00fbriy\u00ea bi hevd\u00eetina s\u00eay\u00ea ya \u015fanda Dem Partiy\u00ea \u00fb Ocalan didin<\/a><\/blockquote><iframe sandbox=\"allow-scripts\" security=\"restricted\" src=\"https:\/\/darkamazi.info\/archives\/1047146\/embed#?secret=qooSmDMD6c\" width=\"600\" height=\"338\" title=\"&#8220;Wez\u00eer\u00ea Dad\u00ea y\u00ea Tirkiyey\u00ea: Em dest\u00fbriy\u00ea bi hevd\u00eetina s\u00eay\u00ea ya \u015fanda Dem Partiy\u00ea \u00fb Ocalan didin&#8221; &#8212; Darka Maz\u00ee\" data-secret=\"qooSmDMD6c\" frameborder=\"0\" marginwidth=\"0\" marginheight=\"0\" scrolling=\"no\" class=\"darka-embedded-content\"><\/iframe><script>\n\/*! This file is auto-generated *\/\n!function(d,l){\"use strict\";l.querySelector&&d.addEventListener&&\"undefined\"!=typeof URL&&(d.wp=d.wp||{},d.wp.receiveEmbedMessage||(d.wp.receiveEmbedMessage=function(e){var t=e.data;if((t||t.secret||t.message||t.value)&&!\/[^a-zA-Z0-9]\/.test(t.secret)){for(var s,r,n,a=l.querySelectorAll('iframe[data-secret=\"'+t.secret+'\"]'),o=l.querySelectorAll('blockquote[data-secret=\"'+t.secret+'\"]'),c=new RegExp(\"^https?:$\",\"i\"),i=0;i<o.length;i++)o[i].style.display=\"none\";for(i=0;i<a.length;i++)s=a[i],e.source===s.contentWindow&&(s.removeAttribute(\"style\"),\"height\"===t.message?(1e3<(r=parseInt(t.value,10))?r=1e3:~~r<200&&(r=200),s.height=r):\"link\"===t.message&&(r=new URL(s.getAttribute(\"src\")),n=new URL(t.value),c.test(n.protocol))&&n.host===r.host&&l.activeElement===s&&(d.top.location.href=t.value))}},d.addEventListener(\"message\",d.wp.receiveEmbedMessage,!1),l.addEventListener(\"DOMContentLoaded\",function(){for(var e,t,s=l.querySelectorAll(\"iframe.darka-embedded-content\"),r=0;r<s.length;r++)(t=(e=s[r]).getAttribute(\"data-secret\"))||(t=Math.random().toString(36).substring(2,12),e.src+=\"#?secret=\"+t,e.setAttribute(\"data-secret\",t)),e.contentWindow.postMessage({message:\"ready\",secret:t},\"*\")},!1)))}(window,document);\n\/\/# sourceURL=https:\/\/darkamazi.info\/other\/js\/wp-embed.min.js\n<\/script>\n","thumbnail_url":"https:\/\/darkamazi.info\/file\/2025\/02\/yilmaz-tunc.jpg","thumbnail_width":900,"thumbnail_height":497,"description":"Wez\u00eer\u00ea Dad\u00ea y\u00ea Tirkiyey\u00ea tekez dike ku, dest\u00fbriy\u00ea bi hevd\u00eetina s\u00eay\u00ea ya \u015fanda Dem Partiy\u00ea \u00fb Ocalan didin, l\u00ea w\u00ea \u015fand\u00ea heta niha \u00e7i daxwaziyek ji bo w\u00ea merem\u00ea p\u00ea\u015fk\u00ea\u015f nekiriye. Wez\u00eer\u00ea Dad\u00ea y\u00ea Tirkiyey\u00ea Yilmaz T\u00fbn\u00e7 li ser serdana s\u00eay\u00ea ya \u015fanda Partiya Wekhev\u00ee \u00fb Demokrasiya Gelan (Dem Part\u00ee) ji bo \u00cemraliy\u00ea ji bo [&hellip;]"}