{"version":"1.0","provider_name":"Darka Maz\u00ee","provider_url":"https:\/\/darkamazi.info","title":"Ji ber ku ala Kurdistan\u00ea rakir, Dem\u00ea l\u00eapirs\u00een li dij\u00ee parlementera xwe da destp\u00eakirin - Darka Maz\u00ee","type":"rich","width":600,"height":338,"html":"<blockquote class=\"darka-embedded-content\" data-secret=\"nzaFNsZYGZ\"><a href=\"https:\/\/darkamazi.info\/archives\/1047629\">Ji ber ku ala Kurdistan\u00ea rakir, Dem\u00ea l\u00eapirs\u00een li dij\u00ee parlementera xwe da destp\u00eakirin<\/a><\/blockquote><iframe sandbox=\"allow-scripts\" security=\"restricted\" src=\"https:\/\/darkamazi.info\/archives\/1047629\/embed#?secret=nzaFNsZYGZ\" width=\"600\" height=\"338\" title=\"&#8220;Ji ber ku ala Kurdistan\u00ea rakir, Dem\u00ea l\u00eapirs\u00een li dij\u00ee parlementera xwe da destp\u00eakirin&#8221; &#8212; Darka Maz\u00ee\" data-secret=\"nzaFNsZYGZ\" frameborder=\"0\" marginwidth=\"0\" marginheight=\"0\" scrolling=\"no\" class=\"darka-embedded-content\"><\/iframe><script>\n\/*! This file is auto-generated *\/\n!function(d,l){\"use strict\";l.querySelector&&d.addEventListener&&\"undefined\"!=typeof URL&&(d.wp=d.wp||{},d.wp.receiveEmbedMessage||(d.wp.receiveEmbedMessage=function(e){var t=e.data;if((t||t.secret||t.message||t.value)&&!\/[^a-zA-Z0-9]\/.test(t.secret)){for(var s,r,n,a=l.querySelectorAll('iframe[data-secret=\"'+t.secret+'\"]'),o=l.querySelectorAll('blockquote[data-secret=\"'+t.secret+'\"]'),c=new RegExp(\"^https?:$\",\"i\"),i=0;i<o.length;i++)o[i].style.display=\"none\";for(i=0;i<a.length;i++)s=a[i],e.source===s.contentWindow&&(s.removeAttribute(\"style\"),\"height\"===t.message?(1e3<(r=parseInt(t.value,10))?r=1e3:~~r<200&&(r=200),s.height=r):\"link\"===t.message&&(r=new URL(s.getAttribute(\"src\")),n=new URL(t.value),c.test(n.protocol))&&n.host===r.host&&l.activeElement===s&&(d.top.location.href=t.value))}},d.addEventListener(\"message\",d.wp.receiveEmbedMessage,!1),l.addEventListener(\"DOMContentLoaded\",function(){for(var e,t,s=l.querySelectorAll(\"iframe.darka-embedded-content\"),r=0;r<s.length;r++)(t=(e=s[r]).getAttribute(\"data-secret\"))||(t=Math.random().toString(36).substring(2,12),e.src+=\"#?secret=\"+t,e.setAttribute(\"data-secret\",t)),e.contentWindow.postMessage({message:\"ready\",secret:t},\"*\")},!1)))}(window,document);\n\/\/# sourceURL=https:\/\/darkamazi.info\/other\/js\/wp-embed.min.js\n<\/script>\n","thumbnail_url":"https:\/\/darkamazi.info\/file\/2025\/03\/Newroz-Yusal-Dem-Parti.jpg","thumbnail_width":900,"thumbnail_height":497,"description":"DEM Part\u00ee li gelek bajaran Newroz\u00ea p\u00eeroz dike. L\u00ea Newroz\u00ean DEM\u00ea de Ala Kurdistan\u00ea nay\u00ea bilindkirin \u00fb bi ten\u00ea DEM sembol\u00ean partiya xwe \u00fb car cara weney\u00ean Ocalan radike \u00fb hinek cihan de j\u00ee al\u00ean PKK\u00ea bilind dikin. \u00cesal DEM\u00ea newroz li \u015eirnex\u00ea j\u00ee p\u00eeroz kir \u00fb Parlementera DEM\u00ea ya \u015eirnex\u00ea Newroz Uysal ket ser\u00ea [&hellip;]"}