{"version":"1.0","provider_name":"Darka Maz\u00ee","provider_url":"https:\/\/darkamazi.info","title":"Hevdem\u00ea ragihandina hilwe\u015fandina xwe, PKK\u2019\u00ea mirina Ali Heyder Qeytan \u00fb Riza Alt\u00fbn j\u00ee e\u015fkere kir - Darka Maz\u00ee","type":"rich","width":600,"height":338,"html":"<blockquote class=\"darka-embedded-content\" data-secret=\"BFVWFT6xRb\"><a href=\"https:\/\/darkamazi.info\/archives\/1048267\">Hevdem\u00ea ragihandina hilwe\u015fandina xwe, PKK\u2019\u00ea mirina Ali Heyder Qeytan \u00fb Riza Alt\u00fbn j\u00ee e\u015fkere kir<\/a><\/blockquote><iframe sandbox=\"allow-scripts\" security=\"restricted\" src=\"https:\/\/darkamazi.info\/archives\/1048267\/embed#?secret=BFVWFT6xRb\" width=\"600\" height=\"338\" title=\"&#8220;Hevdem\u00ea ragihandina hilwe\u015fandina xwe, PKK\u2019\u00ea mirina Ali Heyder Qeytan \u00fb Riza Alt\u00fbn j\u00ee e\u015fkere kir&#8221; &#8212; Darka Maz\u00ee\" data-secret=\"BFVWFT6xRb\" frameborder=\"0\" marginwidth=\"0\" marginheight=\"0\" scrolling=\"no\" class=\"darka-embedded-content\"><\/iframe><script>\n\/*! This file is auto-generated *\/\n!function(d,l){\"use strict\";l.querySelector&&d.addEventListener&&\"undefined\"!=typeof URL&&(d.wp=d.wp||{},d.wp.receiveEmbedMessage||(d.wp.receiveEmbedMessage=function(e){var t=e.data;if((t||t.secret||t.message||t.value)&&!\/[^a-zA-Z0-9]\/.test(t.secret)){for(var s,r,n,a=l.querySelectorAll('iframe[data-secret=\"'+t.secret+'\"]'),o=l.querySelectorAll('blockquote[data-secret=\"'+t.secret+'\"]'),c=new RegExp(\"^https?:$\",\"i\"),i=0;i<o.length;i++)o[i].style.display=\"none\";for(i=0;i<a.length;i++)s=a[i],e.source===s.contentWindow&&(s.removeAttribute(\"style\"),\"height\"===t.message?(1e3<(r=parseInt(t.value,10))?r=1e3:~~r<200&&(r=200),s.height=r):\"link\"===t.message&&(r=new URL(s.getAttribute(\"src\")),n=new URL(t.value),c.test(n.protocol))&&n.host===r.host&&l.activeElement===s&&(d.top.location.href=t.value))}},d.addEventListener(\"message\",d.wp.receiveEmbedMessage,!1),l.addEventListener(\"DOMContentLoaded\",function(){for(var e,t,s=l.querySelectorAll(\"iframe.darka-embedded-content\"),r=0;r<s.length;r++)(t=(e=s[r]).getAttribute(\"data-secret\"))||(t=Math.random().toString(36).substring(2,12),e.src+=\"#?secret=\"+t,e.setAttribute(\"data-secret\",t)),e.contentWindow.postMessage({message:\"ready\",secret:t},\"*\")},!1)))}(window,document);\n\/\/# sourceURL=https:\/\/darkamazi.info\/other\/js\/wp-embed.min.js\n<\/script>\n","thumbnail_url":"https:\/\/darkamazi.info\/file\/2025\/05\/Riza-altun-pkk-kck-info.jpg","thumbnail_width":900,"thumbnail_height":497,"description":"\u00cero roja du\u015fem\u00ee, 12\/5\/2025an, Partiya Karker\u00ean Kurdistan\u00ea (PKK\u2019)\u00ea biryar\u00ean kongreya xweya 12em\u00een a\u015fkera kirin \u00fb bi nav\u00ea PKK\u2019\u00ea hem\u00fb xebat\u00ean xwe bi daw\u00ee an\u00een \u00fb bi awayek\u00ee ferm\u00ee xwe hilwe\u015fand. Hevdem\u00ea ragihandina hilwe\u015fandina xwe, PKK\u2019\u00ea mirina du ji Endam\u00ean Konseya R\u00eaveber a PKK\u2019\u00ea j\u00ee bi dalqandina w\u00eaney\u00ean wan ligel w\u00eaney\u00ean &#8220;\u015eeh\u00eed\u00ean PKK\u2019\u00ea&#8221; e\u015fkere kir. PKK\u2019\u00ea [&hellip;]"}