{"version":"1.0","provider_name":"Darka Maz\u00ee","provider_url":"https:\/\/darkamazi.info","title":"T\u00ea \u00eediakirin ku Abdullah Ocalan nexwe\u015fiya pence\u015f\u00ear\u00ea heye - Darka Maz\u00ee","type":"rich","width":600,"height":338,"html":"<blockquote class=\"darka-embedded-content\" data-secret=\"tVSYWc80MT\"><a href=\"https:\/\/darkamazi.info\/archives\/1048276\">T\u00ea \u00eediakirin ku Abdullah Ocalan nexwe\u015fiya pence\u015f\u00ear\u00ea heye<\/a><\/blockquote><iframe sandbox=\"allow-scripts\" security=\"restricted\" src=\"https:\/\/darkamazi.info\/archives\/1048276\/embed#?secret=tVSYWc80MT\" width=\"600\" height=\"338\" title=\"&#8220;T\u00ea \u00eediakirin ku Abdullah Ocalan nexwe\u015fiya pence\u015f\u00ear\u00ea heye&#8221; &#8212; Darka Maz\u00ee\" data-secret=\"tVSYWc80MT\" frameborder=\"0\" marginwidth=\"0\" marginheight=\"0\" scrolling=\"no\" class=\"darka-embedded-content\"><\/iframe><script>\n\/*! This file is auto-generated *\/\n!function(d,l){\"use strict\";l.querySelector&&d.addEventListener&&\"undefined\"!=typeof URL&&(d.wp=d.wp||{},d.wp.receiveEmbedMessage||(d.wp.receiveEmbedMessage=function(e){var t=e.data;if((t||t.secret||t.message||t.value)&&!\/[^a-zA-Z0-9]\/.test(t.secret)){for(var s,r,n,a=l.querySelectorAll('iframe[data-secret=\"'+t.secret+'\"]'),o=l.querySelectorAll('blockquote[data-secret=\"'+t.secret+'\"]'),c=new RegExp(\"^https?:$\",\"i\"),i=0;i<o.length;i++)o[i].style.display=\"none\";for(i=0;i<a.length;i++)s=a[i],e.source===s.contentWindow&&(s.removeAttribute(\"style\"),\"height\"===t.message?(1e3<(r=parseInt(t.value,10))?r=1e3:~~r<200&&(r=200),s.height=r):\"link\"===t.message&&(r=new URL(s.getAttribute(\"src\")),n=new URL(t.value),c.test(n.protocol))&&n.host===r.host&&l.activeElement===s&&(d.top.location.href=t.value))}},d.addEventListener(\"message\",d.wp.receiveEmbedMessage,!1),l.addEventListener(\"DOMContentLoaded\",function(){for(var e,t,s=l.querySelectorAll(\"iframe.darka-embedded-content\"),r=0;r<s.length;r++)(t=(e=s[r]).getAttribute(\"data-secret\"))||(t=Math.random().toString(36).substring(2,12),e.src+=\"#?secret=\"+t,e.setAttribute(\"data-secret\",t)),e.contentWindow.postMessage({message:\"ready\",secret:t},\"*\")},!1)))}(window,document);\n\/\/# sourceURL=https:\/\/darkamazi.info\/other\/js\/wp-embed.min.js\n<\/script>\n","thumbnail_url":"https:\/\/darkamazi.info\/file\/2025\/05\/Ocalan-Canser-info.jpg","thumbnail_width":900,"thumbnail_height":500,"description":"Pi\u015ft\u00ee kongreya hilwe\u015fandina PKK\u00ea, hate \u00eediakirin ku Abdullah Ocalan nexwe\u015fiya pen\u00e7e\u015f\u00eara pankreas\u00ea heye. \u00c7avkaniy\u00ean Tirk\u00ee gotin ku Abdullah Ocalan li Nexwe\u015fxaneya Le\u015fker\u00ee ya Enqer\u00ea emeliyata \u00e7av\u00ea w\u00ee hatiye kirin. Hin \u00e7avkaniy\u00ean n\u00eaz\u00eek\u00ee PKK\u00ea dib\u00eajin ku Abdullah Ocalan nexwe\u015fiya pen\u00e7e\u015f\u00eara pankreas\u00ea heye \u00fb dewleta Tirkiy\u00ea ji ber v\u00ea sedem\u00ea dixwest ku PKKe z\u00fb biryarek\u00ea ji bo [&hellip;]"}