{"version":"1.0","provider_name":"Darka Maz\u00ee","provider_url":"https:\/\/darkamazi.info","title":"Dayik\u00ean A\u015ftiy\u00ea, Diyarbekir\u00ea \u00fb \u015eemiy\u00ea di\u00e7in Kom\u00eesyona A\u015ftiy\u00ea ya Parlementoya Tirkiyey\u00ea - Darka Maz\u00ee","type":"rich","width":600,"height":338,"html":"<blockquote class=\"darka-embedded-content\" data-secret=\"Hs9hp3Umwc\"><a href=\"https:\/\/darkamazi.info\/archives\/1049500\">Dayik\u00ean A\u015ftiy\u00ea, Diyarbekir\u00ea \u00fb \u015eemiy\u00ea di\u00e7in Kom\u00eesyona A\u015ftiy\u00ea ya Parlementoya Tirkiyey\u00ea<\/a><\/blockquote><iframe sandbox=\"allow-scripts\" security=\"restricted\" src=\"https:\/\/darkamazi.info\/archives\/1049500\/embed#?secret=Hs9hp3Umwc\" width=\"600\" height=\"338\" title=\"&#8220;Dayik\u00ean A\u015ftiy\u00ea, Diyarbekir\u00ea \u00fb \u015eemiy\u00ea di\u00e7in Kom\u00eesyona A\u015ftiy\u00ea ya Parlementoya Tirkiyey\u00ea&#8221; &#8212; Darka Maz\u00ee\" data-secret=\"Hs9hp3Umwc\" frameborder=\"0\" marginwidth=\"0\" marginheight=\"0\" scrolling=\"no\" class=\"darka-embedded-content\"><\/iframe><script>\n\/*! This file is auto-generated *\/\n!function(d,l){\"use strict\";l.querySelector&&d.addEventListener&&\"undefined\"!=typeof URL&&(d.wp=d.wp||{},d.wp.receiveEmbedMessage||(d.wp.receiveEmbedMessage=function(e){var t=e.data;if((t||t.secret||t.message||t.value)&&!\/[^a-zA-Z0-9]\/.test(t.secret)){for(var s,r,n,a=l.querySelectorAll('iframe[data-secret=\"'+t.secret+'\"]'),o=l.querySelectorAll('blockquote[data-secret=\"'+t.secret+'\"]'),c=new RegExp(\"^https?:$\",\"i\"),i=0;i<o.length;i++)o[i].style.display=\"none\";for(i=0;i<a.length;i++)s=a[i],e.source===s.contentWindow&&(s.removeAttribute(\"style\"),\"height\"===t.message?(1e3<(r=parseInt(t.value,10))?r=1e3:~~r<200&&(r=200),s.height=r):\"link\"===t.message&&(r=new URL(s.getAttribute(\"src\")),n=new URL(t.value),c.test(n.protocol))&&n.host===r.host&&l.activeElement===s&&(d.top.location.href=t.value))}},d.addEventListener(\"message\",d.wp.receiveEmbedMessage,!1),l.addEventListener(\"DOMContentLoaded\",function(){for(var e,t,s=l.querySelectorAll(\"iframe.darka-embedded-content\"),r=0;r<s.length;r++)(t=(e=s[r]).getAttribute(\"data-secret\"))||(t=Math.random().toString(36).substring(2,12),e.src+=\"#?secret=\"+t,e.setAttribute(\"data-secret\",t)),e.contentWindow.postMessage({message:\"ready\",secret:t},\"*\")},!1)))}(window,document);\n\/\/# sourceURL=https:\/\/darkamazi.info\/other\/js\/wp-embed.min.js\n<\/script>\n","thumbnail_url":"https:\/\/darkamazi.info\/file\/2025\/08\/Komisyona-Pevajoya-Astiye.jpg","thumbnail_width":900,"thumbnail_height":497,"description":"Kom\u00eesyona A\u015ftiy\u00ea \u00eero d\u00ea p\u00ea\u015fwaziya Dayik\u00ean Diyarbekir\u00ea bike \u00fb sibe j\u00ee d\u00ea p\u00ea\u015fwaziya Dayik\u00ean A\u015ftiy\u00ea \u00fb \u015eemiy\u00ea bike. Li gor\u00ee medyaya Tirkiyey\u00ea, Kom\u00eesyon A\u015ftiy\u00ea d\u00ea \u00eero di du r\u00fbni\u015ftinan de xebata xwe bidom\u00eene, r\u00fbni\u015ftina yek\u00ea d\u00ea bi p\u00ea\u015fk\u00ea\u015fkirina gotarek\u00ea ji aliy\u00ea Wez\u00eer Mahinur \u00d6zdemir G\u00f6kta\u015f ve b\u00ea destp\u00eakirin \u00fb di r\u00fbni\u015ftina duy\u00ea de j\u00ee d\u00ea [&hellip;]"}