{"version":"1.0","provider_name":"Darka Maz\u00ee","provider_url":"https:\/\/darkamazi.info","title":"Day\u00eek\u00ean A\u015ftiy\u00ea: Em pi\u015ftg\u0131riya \u00e7areseriy\u00ea dikin l\u00ea helwesta dij\u00ee ziman j\u00ee qeb\u00fbl nakin - Darka Maz\u00ee","type":"rich","width":600,"height":338,"html":"<blockquote class=\"darka-embedded-content\" data-secret=\"jTU0DzQAkU\"><a href=\"https:\/\/darkamazi.info\/archives\/1049543\">Day\u00eek\u00ean A\u015ftiy\u00ea: Em pi\u015ftg\u0131riya \u00e7areseriy\u00ea dikin l\u00ea helwesta dij\u00ee ziman j\u00ee qeb\u00fbl nakin<\/a><\/blockquote><iframe sandbox=\"allow-scripts\" security=\"restricted\" src=\"https:\/\/darkamazi.info\/archives\/1049543\/embed#?secret=jTU0DzQAkU\" width=\"600\" height=\"338\" title=\"&#8220;Day\u00eek\u00ean A\u015ftiy\u00ea: Em pi\u015ftg\u0131riya \u00e7areseriy\u00ea dikin l\u00ea helwesta dij\u00ee ziman j\u00ee qeb\u00fbl nakin&#8221; &#8212; Darka Maz\u00ee\" data-secret=\"jTU0DzQAkU\" frameborder=\"0\" marginwidth=\"0\" marginheight=\"0\" scrolling=\"no\" class=\"darka-embedded-content\"><\/iframe><script>\n\/*! This file is auto-generated *\/\n!function(d,l){\"use strict\";l.querySelector&&d.addEventListener&&\"undefined\"!=typeof URL&&(d.wp=d.wp||{},d.wp.receiveEmbedMessage||(d.wp.receiveEmbedMessage=function(e){var t=e.data;if((t||t.secret||t.message||t.value)&&!\/[^a-zA-Z0-9]\/.test(t.secret)){for(var s,r,n,a=l.querySelectorAll('iframe[data-secret=\"'+t.secret+'\"]'),o=l.querySelectorAll('blockquote[data-secret=\"'+t.secret+'\"]'),c=new RegExp(\"^https?:$\",\"i\"),i=0;i<o.length;i++)o[i].style.display=\"none\";for(i=0;i<a.length;i++)s=a[i],e.source===s.contentWindow&&(s.removeAttribute(\"style\"),\"height\"===t.message?(1e3<(r=parseInt(t.value,10))?r=1e3:~~r<200&&(r=200),s.height=r):\"link\"===t.message&&(r=new URL(s.getAttribute(\"src\")),n=new URL(t.value),c.test(n.protocol))&&n.host===r.host&&l.activeElement===s&&(d.top.location.href=t.value))}},d.addEventListener(\"message\",d.wp.receiveEmbedMessage,!1),l.addEventListener(\"DOMContentLoaded\",function(){for(var e,t,s=l.querySelectorAll(\"iframe.darka-embedded-content\"),r=0;r<s.length;r++)(t=(e=s[r]).getAttribute(\"data-secret\"))||(t=Math.random().toString(36).substring(2,12),e.src+=\"#?secret=\"+t,e.setAttribute(\"data-secret\",t)),e.contentWindow.postMessage({message:\"ready\",secret:t},\"*\")},!1)))}(window,document);\n\/\/# sourceURL=https:\/\/darkamazi.info\/other\/js\/wp-embed.min.js\n<\/script>\n","thumbnail_url":"https:\/\/darkamazi.info\/file\/2025\/08\/dayiken-asitiye.jpg","thumbnail_width":900,"thumbnail_height":497,"description":"Day\u00eek\u00ean a\u015ftiy\u00ea y\u00ean ku li parlelentoya Tirkiyey\u00ea r\u00ea li ber axaftina wan a bi kurd\u00ee hatib\u00fb girtin amaje kirin ku div\u00ea hemu zext \u00fb zor\u00ean p\u00ea\u015fiya ziman\u00ea kurd\u00ee ji hol\u00ea rabin \u00fb her wiha div\u00ea di dest\u00fbra Tirkiyey\u00ea de nasname \u00fb ziman\u00ea kurd\u00ee j\u00ee were nas\u00een. Day\u00eek\u00ean a\u015ftiy\u00ea bo komisyona hevgirtina netewey\u00ee birat\u00ee \u00fb demokrasiy\u00ea [&hellip;]"}