{"version":"1.0","provider_name":"Darka Maz\u00ee","provider_url":"https:\/\/darkamazi.info","title":"Bayram Bozyel: Kil\u00eeda a\u015ftiya Rojhilata Nav\u00een di \u00e7areserkirina pirsa Kurd de ye - Darka Maz\u00ee","type":"rich","width":600,"height":338,"html":"<blockquote class=\"darka-embedded-content\" data-secret=\"97Q3oOpgTw\"><a href=\"https:\/\/darkamazi.info\/archives\/1049637\">Bayram Bozyel: Kil\u00eeda a\u015ftiya Rojhilata Nav\u00een di \u00e7areserkirina pirsa Kurd de ye<\/a><\/blockquote><iframe sandbox=\"allow-scripts\" security=\"restricted\" src=\"https:\/\/darkamazi.info\/archives\/1049637\/embed#?secret=97Q3oOpgTw\" width=\"600\" height=\"338\" title=\"&#8220;Bayram Bozyel: Kil\u00eeda a\u015ftiya Rojhilata Nav\u00een di \u00e7areserkirina pirsa Kurd de ye&#8221; &#8212; Darka Maz\u00ee\" data-secret=\"97Q3oOpgTw\" frameborder=\"0\" marginwidth=\"0\" marginheight=\"0\" scrolling=\"no\" class=\"darka-embedded-content\"><\/iframe><script>\n\/*! This file is auto-generated *\/\n!function(d,l){\"use strict\";l.querySelector&&d.addEventListener&&\"undefined\"!=typeof URL&&(d.wp=d.wp||{},d.wp.receiveEmbedMessage||(d.wp.receiveEmbedMessage=function(e){var t=e.data;if((t||t.secret||t.message||t.value)&&!\/[^a-zA-Z0-9]\/.test(t.secret)){for(var s,r,n,a=l.querySelectorAll('iframe[data-secret=\"'+t.secret+'\"]'),o=l.querySelectorAll('blockquote[data-secret=\"'+t.secret+'\"]'),c=new RegExp(\"^https?:$\",\"i\"),i=0;i<o.length;i++)o[i].style.display=\"none\";for(i=0;i<a.length;i++)s=a[i],e.source===s.contentWindow&&(s.removeAttribute(\"style\"),\"height\"===t.message?(1e3<(r=parseInt(t.value,10))?r=1e3:~~r<200&&(r=200),s.height=r):\"link\"===t.message&&(r=new URL(s.getAttribute(\"src\")),n=new URL(t.value),c.test(n.protocol))&&n.host===r.host&&l.activeElement===s&&(d.top.location.href=t.value))}},d.addEventListener(\"message\",d.wp.receiveEmbedMessage,!1),l.addEventListener(\"DOMContentLoaded\",function(){for(var e,t,s=l.querySelectorAll(\"iframe.darka-embedded-content\"),r=0;r<s.length;r++)(t=(e=s[r]).getAttribute(\"data-secret\"))||(t=Math.random().toString(36).substring(2,12),e.src+=\"#?secret=\"+t,e.setAttribute(\"data-secret\",t)),e.contentWindow.postMessage({message:\"ready\",secret:t},\"*\")},!1)))}(window,document);\n\/\/# sourceURL=https:\/\/darkamazi.info\/other\/js\/wp-embed.min.js\n<\/script>\n","thumbnail_url":"https:\/\/darkamazi.info\/file\/2025\/08\/Bayram-Bozyel.jpg","thumbnail_width":900,"thumbnail_height":497,"description":"Serok\u00ea Gi\u015ft\u00ee y\u00ea Partiya Sosyal\u00eest a Kurdistan\u00ea (PSK) Bayram Bozyel \u00eero 30\u00ea Tebax\u00ea, daxuyaniyek niv\u00eesk\u00ee bi helkefta 1\u00ea \u00celon\u00ea, Roja A\u015ftiy\u00ea ya C\u00eehan\u00ea, belav kir \u00fb t\u00ea de tekez kir ku a\u015ftiyeke may\u00eende li Rojhilata Nav\u00een ten\u00ea bi \u00e7areseriyeke adil \u00fb wekhev a pirsgir\u00eaka Kurd p\u00eakan e. Di daxuyaniy\u00ea de hat destn\u00ee\u015fankirin ku mirovah\u00ee ji [&hellip;]"}