{"version":"1.0","provider_name":"Darka Maz\u00ee","provider_url":"https:\/\/darkamazi.info","title":"Ocalan bi r\u00eeya R\u00fbdaw\u00ea bang li Kurdan kir bi dewlet\u00ean dag\u00eerker re bin \u00fb dev ji maf\u00ean xwe berdin - Darka Maz\u00ee","type":"rich","width":600,"height":338,"html":"<blockquote class=\"darka-embedded-content\" data-secret=\"z7WuCuPRul\"><a href=\"https:\/\/darkamazi.info\/archives\/1049677\">Ocalan bi r\u00eeya R\u00fbdaw\u00ea bang li Kurdan kir bi dewlet\u00ean dag\u00eerker re bin \u00fb dev ji maf\u00ean xwe berdin<\/a><\/blockquote><iframe sandbox=\"allow-scripts\" security=\"restricted\" src=\"https:\/\/darkamazi.info\/archives\/1049677\/embed#?secret=z7WuCuPRul\" width=\"600\" height=\"338\" title=\"&#8220;Ocalan bi r\u00eeya R\u00fbdaw\u00ea bang li Kurdan kir bi dewlet\u00ean dag\u00eerker re bin \u00fb dev ji maf\u00ean xwe berdin&#8221; &#8212; Darka Maz\u00ee\" data-secret=\"z7WuCuPRul\" frameborder=\"0\" marginwidth=\"0\" marginheight=\"0\" scrolling=\"no\" class=\"darka-embedded-content\"><\/iframe><script>\n\/*! This file is auto-generated *\/\n!function(d,l){\"use strict\";l.querySelector&&d.addEventListener&&\"undefined\"!=typeof URL&&(d.wp=d.wp||{},d.wp.receiveEmbedMessage||(d.wp.receiveEmbedMessage=function(e){var t=e.data;if((t||t.secret||t.message||t.value)&&!\/[^a-zA-Z0-9]\/.test(t.secret)){for(var s,r,n,a=l.querySelectorAll('iframe[data-secret=\"'+t.secret+'\"]'),o=l.querySelectorAll('blockquote[data-secret=\"'+t.secret+'\"]'),c=new RegExp(\"^https?:$\",\"i\"),i=0;i<o.length;i++)o[i].style.display=\"none\";for(i=0;i<a.length;i++)s=a[i],e.source===s.contentWindow&&(s.removeAttribute(\"style\"),\"height\"===t.message?(1e3<(r=parseInt(t.value,10))?r=1e3:~~r<200&&(r=200),s.height=r):\"link\"===t.message&&(r=new URL(s.getAttribute(\"src\")),n=new URL(t.value),c.test(n.protocol))&&n.host===r.host&&l.activeElement===s&&(d.top.location.href=t.value))}},d.addEventListener(\"message\",d.wp.receiveEmbedMessage,!1),l.addEventListener(\"DOMContentLoaded\",function(){for(var e,t,s=l.querySelectorAll(\"iframe.darka-embedded-content\"),r=0;r<s.length;r++)(t=(e=s[r]).getAttribute(\"data-secret\"))||(t=Math.random().toString(36).substring(2,12),e.src+=\"#?secret=\"+t,e.setAttribute(\"data-secret\",t)),e.contentWindow.postMessage({message:\"ready\",secret:t},\"*\")},!1)))}(window,document);\n\/\/# sourceURL=https:\/\/darkamazi.info\/other\/js\/wp-embed.min.js\n<\/script>\n","thumbnail_url":"https:\/\/darkamazi.info\/file\/2025\/09\/Ocalan-Peyam-Rudaw-konferance-Info.jpg","thumbnail_width":900,"thumbnail_height":500,"description":"Abdulla Ocalan \u00eero peyam da konferansa navenda l\u00eakol\u00eenan ya R\u00fbdaw\u00ea \u00fb bang\u00ee hem\u00fb Kurdan kir ku bi dewlet\u00ean dag\u00eerker re bin \u00fb bi wan re di nav yek\u00eet\u00ee \u00fb hevgirtin\u00ea de bin. Navenda l\u00eakol\u00eenan ya r\u00fbdaw\u00ea li ser p\u00eavajoya li Tirkiy\u00ea \u00fb Bakur\u00ea Kurdistan\u00ea ku Tirkiye nav\u00ea p\u00eavajoya Tirkiyeya B\u00ea Teror l\u00ea dike, konferansek bi [&hellip;]"}