{"version":"1.0","provider_name":"Darka Maz\u00ee","provider_url":"https:\/\/darkamazi.info","title":"Komek din ya ciwan\u00ean Kurdan y\u00ean ku PKK\u00ea mirina wan ji sala 2020\u00ea ve\u015fart\u00ee - Darka Maz\u00ee","type":"rich","width":600,"height":338,"html":"<blockquote class=\"darka-embedded-content\" data-secret=\"1SFxUjQpvP\"><a href=\"https:\/\/darkamazi.info\/archives\/1049681\">Komek din ya ciwan\u00ean Kurdan y\u00ean ku PKK\u00ea mirina wan ji sala 2020\u00ea ve\u015fart\u00ee<\/a><\/blockquote><iframe sandbox=\"allow-scripts\" security=\"restricted\" src=\"https:\/\/darkamazi.info\/archives\/1049681\/embed#?secret=1SFxUjQpvP\" width=\"600\" height=\"338\" title=\"&#8220;Komek din ya ciwan\u00ean Kurdan y\u00ean ku PKK\u00ea mirina wan ji sala 2020\u00ea ve\u015fart\u00ee&#8221; &#8212; Darka Maz\u00ee\" data-secret=\"1SFxUjQpvP\" frameborder=\"0\" marginwidth=\"0\" marginheight=\"0\" scrolling=\"no\" class=\"darka-embedded-content\"><\/iframe><script>\n\/*! This file is auto-generated *\/\n!function(d,l){\"use strict\";l.querySelector&&d.addEventListener&&\"undefined\"!=typeof URL&&(d.wp=d.wp||{},d.wp.receiveEmbedMessage||(d.wp.receiveEmbedMessage=function(e){var t=e.data;if((t||t.secret||t.message||t.value)&&!\/[^a-zA-Z0-9]\/.test(t.secret)){for(var s,r,n,a=l.querySelectorAll('iframe[data-secret=\"'+t.secret+'\"]'),o=l.querySelectorAll('blockquote[data-secret=\"'+t.secret+'\"]'),c=new RegExp(\"^https?:$\",\"i\"),i=0;i<o.length;i++)o[i].style.display=\"none\";for(i=0;i<a.length;i++)s=a[i],e.source===s.contentWindow&&(s.removeAttribute(\"style\"),\"height\"===t.message?(1e3<(r=parseInt(t.value,10))?r=1e3:~~r<200&&(r=200),s.height=r):\"link\"===t.message&&(r=new URL(s.getAttribute(\"src\")),n=new URL(t.value),c.test(n.protocol))&&n.host===r.host&&l.activeElement===s&&(d.top.location.href=t.value))}},d.addEventListener(\"message\",d.wp.receiveEmbedMessage,!1),l.addEventListener(\"DOMContentLoaded\",function(){for(var e,t,s=l.querySelectorAll(\"iframe.darka-embedded-content\"),r=0;r<s.length;r++)(t=(e=s[r]).getAttribute(\"data-secret\"))||(t=Math.random().toString(36).substring(2,12),e.src+=\"#?secret=\"+t,e.setAttribute(\"data-secret\",t)),e.contentWindow.postMessage({message:\"ready\",secret:t},\"*\")},!1)))}(window,document);\n\/\/# sourceURL=https:\/\/darkamazi.info\/other\/js\/wp-embed.min.js\n<\/script>\n","thumbnail_url":"https:\/\/darkamazi.info\/file\/2025\/09\/5-pkk-gerila-kck-hpg-turkey-info.jpg","thumbnail_width":900,"thumbnail_height":500,"description":"Nasnameya 5 ciwan\u00ean din y\u00ean Kurdan a\u015fkere b\u00fb ku ji sala 2020\u00ea ve ketine ber \u00ear\u00ee\u015f\u00ean dewleta Tirk \u00fb r\u00eaxistina PKK\u00ea mirina wan ve\u015fart\u00ee hi\u015ftib\u00fb. HPG\u00ea bask\u00ea le\u015fker\u00ee y\u00ea PKK\u00ea \u00eero roja s\u00ea\u015fem\u00ee 2 \u00celona 2025\u00ea, nasnamey\u00ean 5 \u00e7ekdar\u00ean xwe y\u00eak j\u00ea jin a\u015fkere kirine ku p\u00ea\u015f\u00ee 5 salan ber\u00ea wan daye mirin\u00ea \u00fb heya [&hellip;]"}