{"version":"1.0","provider_name":"Darka Maz\u00ee","provider_url":"https:\/\/darkamazi.info","title":"Ti\u015ft\u00ea ku di dil\u00ea Dewleta Tirk\u00eeyey\u00ea de ye: \u2018\u2019Bila kurd li tu der\u00ea dayika xwe neb\u00eene\u2019\u2019 - Darka Maz\u00ee","type":"rich","width":600,"height":338,"html":"<blockquote class=\"darka-embedded-content\" data-secret=\"1zlmQtMfVG\"><a href=\"https:\/\/darkamazi.info\/archives\/1049748\">Ti\u015ft\u00ea ku di dil\u00ea Dewleta Tirk\u00eeyey\u00ea de ye: \u2018\u2019Bila kurd li tu der\u00ea dayika xwe neb\u00eene\u2019\u2019<\/a><\/blockquote><iframe sandbox=\"allow-scripts\" security=\"restricted\" src=\"https:\/\/darkamazi.info\/archives\/1049748\/embed#?secret=1zlmQtMfVG\" width=\"600\" height=\"338\" title=\"&#8220;Ti\u015ft\u00ea ku di dil\u00ea Dewleta Tirk\u00eeyey\u00ea de ye: \u2018\u2019Bila kurd li tu der\u00ea dayika xwe neb\u00eene\u2019\u2019&#8221; &#8212; Darka Maz\u00ee\" data-secret=\"1zlmQtMfVG\" frameborder=\"0\" marginwidth=\"0\" marginheight=\"0\" scrolling=\"no\" class=\"darka-embedded-content\"><\/iframe><script>\n\/*! This file is auto-generated *\/\n!function(d,l){\"use strict\";l.querySelector&&d.addEventListener&&\"undefined\"!=typeof URL&&(d.wp=d.wp||{},d.wp.receiveEmbedMessage||(d.wp.receiveEmbedMessage=function(e){var t=e.data;if((t||t.secret||t.message||t.value)&&!\/[^a-zA-Z0-9]\/.test(t.secret)){for(var s,r,n,a=l.querySelectorAll('iframe[data-secret=\"'+t.secret+'\"]'),o=l.querySelectorAll('blockquote[data-secret=\"'+t.secret+'\"]'),c=new RegExp(\"^https?:$\",\"i\"),i=0;i<o.length;i++)o[i].style.display=\"none\";for(i=0;i<a.length;i++)s=a[i],e.source===s.contentWindow&&(s.removeAttribute(\"style\"),\"height\"===t.message?(1e3<(r=parseInt(t.value,10))?r=1e3:~~r<200&&(r=200),s.height=r):\"link\"===t.message&&(r=new URL(s.getAttribute(\"src\")),n=new URL(t.value),c.test(n.protocol))&&n.host===r.host&&l.activeElement===s&&(d.top.location.href=t.value))}},d.addEventListener(\"message\",d.wp.receiveEmbedMessage,!1),l.addEventListener(\"DOMContentLoaded\",function(){for(var e,t,s=l.querySelectorAll(\"iframe.darka-embedded-content\"),r=0;r<s.length;r++)(t=(e=s[r]).getAttribute(\"data-secret\"))||(t=Math.random().toString(36).substring(2,12),e.src+=\"#?secret=\"+t,e.setAttribute(\"data-secret\",t)),e.contentWindow.postMessage({message:\"ready\",secret:t},\"*\")},!1)))}(window,document);\n\/\/# sourceURL=https:\/\/darkamazi.info\/other\/js\/wp-embed.min.js\n<\/script>\n","thumbnail_url":"https:\/\/darkamazi.info\/file\/2025\/09\/mustafa-ozcelik-pwk.jpg","thumbnail_width":900,"thumbnail_height":497,"description":"Em di \u2018\u2019p\u00eavajoyeke n\u00fb\u2019\u2019 de derbas dibin ku her al\u00eeyek li gor\u00ee berjewend\u00ee \u00fb fikr\u00ean xwe navek\u00ee l\u00ea dikin. Hem\u00fb rayedar\u00ean Dewleta Tirk\u00eeyey\u00ea bi awayek\u00ee vekir\u00ee dib\u00eajin \u2018\u2019Armanca v\u00ea p\u00eavajoya ku t\u00ea behs kirin, ava kirina \u2018Tirk\u00eeyeya B\u00eateror\u2019 e\u2019\u2019. Bi desthilat\u00ee \u00fb mixalefeta xwe ve, hem\u00fb part\u00ee \u00fb r\u00eavebir\u00ean Dewleta Tirk\u00eeyey\u00ea, bi b\u00eaminet\u00ee dib\u00eajin, \u2018\u2019Bi [&hellip;]"}