{"version":"1.0","provider_name":"Darka Maz\u00ee","provider_url":"https:\/\/darkamazi.info","title":"PWK: Em n\u00ear\u00eena Ocalan ya di derbar\u00ea pirsa Kurd\u00ee de bi tund\u00ee red dikin - Darka Maz\u00ee","type":"rich","width":600,"height":338,"html":"<blockquote class=\"darka-embedded-content\" data-secret=\"QaBS8SyhqD\"><a href=\"https:\/\/darkamazi.info\/archives\/1049792\">PWK: Em n\u00ear\u00eena Ocalan ya di derbar\u00ea pirsa Kurd\u00ee de bi tund\u00ee red dikin<\/a><\/blockquote><iframe sandbox=\"allow-scripts\" security=\"restricted\" src=\"https:\/\/darkamazi.info\/archives\/1049792\/embed#?secret=QaBS8SyhqD\" width=\"600\" height=\"338\" title=\"&#8220;PWK: Em n\u00ear\u00eena Ocalan ya di derbar\u00ea pirsa Kurd\u00ee de bi tund\u00ee red dikin&#8221; &#8212; Darka Maz\u00ee\" data-secret=\"QaBS8SyhqD\" frameborder=\"0\" marginwidth=\"0\" marginheight=\"0\" scrolling=\"no\" class=\"darka-embedded-content\"><\/iframe><script>\n\/*! This file is auto-generated *\/\n!function(d,l){\"use strict\";l.querySelector&&d.addEventListener&&\"undefined\"!=typeof URL&&(d.wp=d.wp||{},d.wp.receiveEmbedMessage||(d.wp.receiveEmbedMessage=function(e){var t=e.data;if((t||t.secret||t.message||t.value)&&!\/[^a-zA-Z0-9]\/.test(t.secret)){for(var s,r,n,a=l.querySelectorAll('iframe[data-secret=\"'+t.secret+'\"]'),o=l.querySelectorAll('blockquote[data-secret=\"'+t.secret+'\"]'),c=new RegExp(\"^https?:$\",\"i\"),i=0;i<o.length;i++)o[i].style.display=\"none\";for(i=0;i<a.length;i++)s=a[i],e.source===s.contentWindow&&(s.removeAttribute(\"style\"),\"height\"===t.message?(1e3<(r=parseInt(t.value,10))?r=1e3:~~r<200&&(r=200),s.height=r):\"link\"===t.message&&(r=new URL(s.getAttribute(\"src\")),n=new URL(t.value),c.test(n.protocol))&&n.host===r.host&&l.activeElement===s&&(d.top.location.href=t.value))}},d.addEventListener(\"message\",d.wp.receiveEmbedMessage,!1),l.addEventListener(\"DOMContentLoaded\",function(){for(var e,t,s=l.querySelectorAll(\"iframe.darka-embedded-content\"),r=0;r<s.length;r++)(t=(e=s[r]).getAttribute(\"data-secret\"))||(t=Math.random().toString(36).substring(2,12),e.src+=\"#?secret=\"+t,e.setAttribute(\"data-secret\",t)),e.contentWindow.postMessage({message:\"ready\",secret:t},\"*\")},!1)))}(window,document);\n\/\/# sourceURL=https:\/\/darkamazi.info\/other\/js\/wp-embed.min.js\n<\/script>\n","thumbnail_url":"https:\/\/darkamazi.info\/file\/2025\/09\/PWK-Ocalan-info.jpg","thumbnail_width":900,"thumbnail_height":500,"description":"Part\u00eeya Welatpar\u00eaz\u00ean Kurdistan\u00ea (PWK), bi boneya duyem\u00een salvegera damezrandina xwe, daxuyaniyek berfireh belav kir \u00fb t\u00ea de hem t\u00eako\u015f\u00eena xwe ya du salan nirxand, hem j\u00ee helwesta xwe ya li ser rojeva siyas\u00ee ya Kurdistan \u00fb Tirkiyey\u00ea a\u015fkera kir.\u00a0 Di daxuyaniy\u00ea de, PWK bal ki\u015fand ser doza girtin\u00ea ya li dij\u00ee w\u00ea, n\u00ear\u00een\u00ean xwe y\u00ean [&hellip;]"}