{"version":"1.0","provider_name":"Darka Maz\u00ee","provider_url":"https:\/\/darkamazi.info","title":"Darka Maz\u00ee naveroka hevd\u00eetina \u015fanda \u00cemraliy\u00ea \u00fb Ocalan ya di 25\u00ee N\u00eesan\u00ea de parve dike \u00ab10\u00bb - Darka Maz\u00ee","type":"rich","width":600,"height":338,"html":"<blockquote class=\"darka-embedded-content\" data-secret=\"rsn5CGLMX5\"><a href=\"https:\/\/darkamazi.info\/archives\/1049882\">Darka Maz\u00ee naveroka hevd\u00eetina \u015fanda \u00cemraliy\u00ea \u00fb Ocalan ya di 25\u00ee N\u00eesan\u00ea de parve dike \u00ab10\u00bb<\/a><\/blockquote><iframe sandbox=\"allow-scripts\" security=\"restricted\" src=\"https:\/\/darkamazi.info\/archives\/1049882\/embed#?secret=rsn5CGLMX5\" width=\"600\" height=\"338\" title=\"&#8220;Darka Maz\u00ee naveroka hevd\u00eetina \u015fanda \u00cemraliy\u00ea \u00fb Ocalan ya di 25\u00ee N\u00eesan\u00ea de parve dike \u00ab10\u00bb&#8221; &#8212; Darka Maz\u00ee\" data-secret=\"rsn5CGLMX5\" frameborder=\"0\" marginwidth=\"0\" marginheight=\"0\" scrolling=\"no\" class=\"darka-embedded-content\"><\/iframe><script>\n\/*! This file is auto-generated *\/\n!function(d,l){\"use strict\";l.querySelector&&d.addEventListener&&\"undefined\"!=typeof URL&&(d.wp=d.wp||{},d.wp.receiveEmbedMessage||(d.wp.receiveEmbedMessage=function(e){var t=e.data;if((t||t.secret||t.message||t.value)&&!\/[^a-zA-Z0-9]\/.test(t.secret)){for(var s,r,n,a=l.querySelectorAll('iframe[data-secret=\"'+t.secret+'\"]'),o=l.querySelectorAll('blockquote[data-secret=\"'+t.secret+'\"]'),c=new RegExp(\"^https?:$\",\"i\"),i=0;i<o.length;i++)o[i].style.display=\"none\";for(i=0;i<a.length;i++)s=a[i],e.source===s.contentWindow&&(s.removeAttribute(\"style\"),\"height\"===t.message?(1e3<(r=parseInt(t.value,10))?r=1e3:~~r<200&&(r=200),s.height=r):\"link\"===t.message&&(r=new URL(s.getAttribute(\"src\")),n=new URL(t.value),c.test(n.protocol))&&n.host===r.host&&l.activeElement===s&&(d.top.location.href=t.value))}},d.addEventListener(\"message\",d.wp.receiveEmbedMessage,!1),l.addEventListener(\"DOMContentLoaded\",function(){for(var e,t,s=l.querySelectorAll(\"iframe.darka-embedded-content\"),r=0;r<s.length;r++)(t=(e=s[r]).getAttribute(\"data-secret\"))||(t=Math.random().toString(36).substring(2,12),e.src+=\"#?secret=\"+t,e.setAttribute(\"data-secret\",t)),e.contentWindow.postMessage({message:\"ready\",secret:t},\"*\")},!1)))}(window,document);\n\/\/# sourceURL=https:\/\/darkamazi.info\/other\/js\/wp-embed.min.js\n<\/script>\n","thumbnail_url":"https:\/\/darkamazi.info\/file\/2025\/09\/imrali-2.jpg","thumbnail_width":900,"thumbnail_height":497,"description":"Wek t\u00ea zan\u00een \u015fanda Dem Partiy\u00ea ji boy hevd\u00eetina bi r\u00eaber\u00ea PKK\u2019\u00ea Evdilla Ocalan re, di 25\u00ee N\u00eesana 2025 de ser\u00ee li greva \u00cemraliy\u00ea dab\u00fb, di v\u00ea hevd\u00eetin\u00ea de Ocalan \u00fb \u015fanda dem\u00ea dan\u00fbstandin li ser gelek mijaran kirib\u00fb, tev\u00ee ku hinek ji axaftin\u00ean di v\u00ea hevd\u00eetin\u00ea de ji aliy\u00ea \u015fanda dem\u00ea hatib\u00fbn parvekirin j\u00ee, [&hellip;]"}