{"version":"1.0","provider_name":"Darka Maz\u00ee","provider_url":"https:\/\/darkamazi.info","title":"Raziye Ozt\u00fcrk: Ocalan DEM\u00ea rexne dike - Darka Maz\u00ee","type":"rich","width":600,"height":338,"html":"<blockquote class=\"darka-embedded-content\" data-secret=\"lt1HELapYY\"><a href=\"https:\/\/darkamazi.info\/archives\/1049956\">Raziye Ozt\u00fcrk: Ocalan DEM\u00ea rexne dike<\/a><\/blockquote><iframe sandbox=\"allow-scripts\" security=\"restricted\" src=\"https:\/\/darkamazi.info\/archives\/1049956\/embed#?secret=lt1HELapYY\" width=\"600\" height=\"338\" title=\"&#8220;Raziye Ozt\u00fcrk: Ocalan DEM\u00ea rexne dike&#8221; &#8212; Darka Maz\u00ee\" data-secret=\"lt1HELapYY\" frameborder=\"0\" marginwidth=\"0\" marginheight=\"0\" scrolling=\"no\" class=\"darka-embedded-content\"><\/iframe><script>\n\/*! This file is auto-generated *\/\n!function(d,l){\"use strict\";l.querySelector&&d.addEventListener&&\"undefined\"!=typeof URL&&(d.wp=d.wp||{},d.wp.receiveEmbedMessage||(d.wp.receiveEmbedMessage=function(e){var t=e.data;if((t||t.secret||t.message||t.value)&&!\/[^a-zA-Z0-9]\/.test(t.secret)){for(var s,r,n,a=l.querySelectorAll('iframe[data-secret=\"'+t.secret+'\"]'),o=l.querySelectorAll('blockquote[data-secret=\"'+t.secret+'\"]'),c=new RegExp(\"^https?:$\",\"i\"),i=0;i<o.length;i++)o[i].style.display=\"none\";for(i=0;i<a.length;i++)s=a[i],e.source===s.contentWindow&&(s.removeAttribute(\"style\"),\"height\"===t.message?(1e3<(r=parseInt(t.value,10))?r=1e3:~~r<200&&(r=200),s.height=r):\"link\"===t.message&&(r=new URL(s.getAttribute(\"src\")),n=new URL(t.value),c.test(n.protocol))&&n.host===r.host&&l.activeElement===s&&(d.top.location.href=t.value))}},d.addEventListener(\"message\",d.wp.receiveEmbedMessage,!1),l.addEventListener(\"DOMContentLoaded\",function(){for(var e,t,s=l.querySelectorAll(\"iframe.darka-embedded-content\"),r=0;r<s.length;r++)(t=(e=s[r]).getAttribute(\"data-secret\"))||(t=Math.random().toString(36).substring(2,12),e.src+=\"#?secret=\"+t,e.setAttribute(\"data-secret\",t)),e.contentWindow.postMessage({message:\"ready\",secret:t},\"*\")},!1)))}(window,document);\n\/\/# sourceURL=https:\/\/darkamazi.info\/other\/js\/wp-embed.min.js\n<\/script>\n","thumbnail_url":"https:\/\/darkamazi.info\/file\/2025\/09\/parezera-ocalan.jpg","thumbnail_width":900,"thumbnail_height":497,"description":"R\u00eaber\u00ea PKK\u00ea Abdullah Ocalan Partiya DEM rexne kir ji ber ku \u201cbi nepejirandina p\u00eavajoya bi nav\u00ea \u201cTirkiyeya B\u00ea Teror\u00eezm\u00ea\u201d re, ew li pey qezenca kesane ye.\u201d Par\u00eazer\u00ean ji Of\u00eesa Hiq\u00fbq\u00ea ya Asrin, ku n\u00fbnertiya Abdullah Ocalan dikin, roja Du\u015fem\u00ea, 15\u00ea \u00celona 2025an, cara yekem pi\u015ft\u00ee \u015fe\u015f salan serdana Girava \u00cemraliy\u00ea kirin. Par\u00eazera Ocalan, Raziye Ozt\u00fcrk, [&hellip;]"}