{"version":"1.0","provider_name":"Darka Maz\u00ee","provider_url":"https:\/\/darkamazi.info","title":"Karasu: Ocalan fermana bah\u00e7el\u00ee bi c\u00eeh an\u00ee - Darka Maz\u00ee","type":"rich","width":600,"height":338,"html":"<blockquote class=\"darka-embedded-content\" data-secret=\"QONTAEkbSb\"><a href=\"https:\/\/darkamazi.info\/archives\/1050053\">Karasu: Ocalan fermana bah\u00e7el\u00ee bi c\u00eeh an\u00ee<\/a><\/blockquote><iframe sandbox=\"allow-scripts\" security=\"restricted\" src=\"https:\/\/darkamazi.info\/archives\/1050053\/embed#?secret=QONTAEkbSb\" width=\"600\" height=\"338\" title=\"&#8220;Karasu: Ocalan fermana bah\u00e7el\u00ee bi c\u00eeh an\u00ee&#8221; &#8212; Darka Maz\u00ee\" data-secret=\"QONTAEkbSb\" frameborder=\"0\" marginwidth=\"0\" marginheight=\"0\" scrolling=\"no\" class=\"darka-embedded-content\"><\/iframe><script>\n\/*! This file is auto-generated *\/\n!function(d,l){\"use strict\";l.querySelector&&d.addEventListener&&\"undefined\"!=typeof URL&&(d.wp=d.wp||{},d.wp.receiveEmbedMessage||(d.wp.receiveEmbedMessage=function(e){var t=e.data;if((t||t.secret||t.message||t.value)&&!\/[^a-zA-Z0-9]\/.test(t.secret)){for(var s,r,n,a=l.querySelectorAll('iframe[data-secret=\"'+t.secret+'\"]'),o=l.querySelectorAll('blockquote[data-secret=\"'+t.secret+'\"]'),c=new RegExp(\"^https?:$\",\"i\"),i=0;i<o.length;i++)o[i].style.display=\"none\";for(i=0;i<a.length;i++)s=a[i],e.source===s.contentWindow&&(s.removeAttribute(\"style\"),\"height\"===t.message?(1e3<(r=parseInt(t.value,10))?r=1e3:~~r<200&&(r=200),s.height=r):\"link\"===t.message&&(r=new URL(s.getAttribute(\"src\")),n=new URL(t.value),c.test(n.protocol))&&n.host===r.host&&l.activeElement===s&&(d.top.location.href=t.value))}},d.addEventListener(\"message\",d.wp.receiveEmbedMessage,!1),l.addEventListener(\"DOMContentLoaded\",function(){for(var e,t,s=l.querySelectorAll(\"iframe.darka-embedded-content\"),r=0;r<s.length;r++)(t=(e=s[r]).getAttribute(\"data-secret\"))||(t=Math.random().toString(36).substring(2,12),e.src+=\"#?secret=\"+t,e.setAttribute(\"data-secret\",t)),e.contentWindow.postMessage({message:\"ready\",secret:t},\"*\")},!1)))}(window,document);\n\/\/# sourceURL=https:\/\/darkamazi.info\/other\/js\/wp-embed.min.js\n<\/script>\n","thumbnail_url":"https:\/\/darkamazi.info\/file\/2025\/10\/Karasu-ocalan-bahceli-info.jpg","thumbnail_width":900,"thumbnail_height":500,"description":"R\u00eavebr\u00ea PKK\u00ea Mistefa Karasu derbar\u00ea p\u00eavajoya a\u015ftiy\u00ea ya ku Tirkiye nav\u00ea Tirkiyeya b\u00ea teror l\u00ea dike ragihand ku ti\u015fta ku Bah\u00e7el\u00ee got\u00ee Ocalan bi c\u00eeh kir, l\u00ea bi v\u00ea n\u00eaz\u00eekat\u00eeya ku niha Tirkiye dike, \u00e7i p\u00ea\u015fketin \u00e7\u00eanabe. Mustafa Karasu ji Medya Haber\u00ea re axiv\u00ee \u00fb r\u00fbdan\u00ean daw\u00ee y\u00ean derbar\u00ea p\u00eavajoya \u00e7areseriy\u00ea, nirxandin kirin. Karasu hevd\u00eetina [&hellip;]"}