{"version":"1.0","provider_name":"Darka Maz\u00ee","provider_url":"https:\/\/darkamazi.info","title":"Felsefeya Abdulla Ocalan y\u00ea ku bi hezaran Ciwan\u00ean Kurdan dayne ku\u015ftin \u00e7\u00ee ye? - Darka Maz\u00ee","type":"rich","width":600,"height":338,"html":"<blockquote class=\"darka-embedded-content\" data-secret=\"fop1xS5mpn\"><a href=\"https:\/\/darkamazi.info\/archives\/1050081\">Felsefeya Abdulla Ocalan y\u00ea ku bi hezaran Ciwan\u00ean Kurdan dayne ku\u015ftin \u00e7\u00ee ye?<\/a><\/blockquote><iframe sandbox=\"allow-scripts\" security=\"restricted\" src=\"https:\/\/darkamazi.info\/archives\/1050081\/embed#?secret=fop1xS5mpn\" width=\"600\" height=\"338\" title=\"&#8220;Felsefeya Abdulla Ocalan y\u00ea ku bi hezaran Ciwan\u00ean Kurdan dayne ku\u015ftin \u00e7\u00ee ye?&#8221; &#8212; Darka Maz\u00ee\" data-secret=\"fop1xS5mpn\" frameborder=\"0\" marginwidth=\"0\" marginheight=\"0\" scrolling=\"no\" class=\"darka-embedded-content\"><\/iframe><script>\n\/*! This file is auto-generated *\/\n!function(d,l){\"use strict\";l.querySelector&&d.addEventListener&&\"undefined\"!=typeof URL&&(d.wp=d.wp||{},d.wp.receiveEmbedMessage||(d.wp.receiveEmbedMessage=function(e){var t=e.data;if((t||t.secret||t.message||t.value)&&!\/[^a-zA-Z0-9]\/.test(t.secret)){for(var s,r,n,a=l.querySelectorAll('iframe[data-secret=\"'+t.secret+'\"]'),o=l.querySelectorAll('blockquote[data-secret=\"'+t.secret+'\"]'),c=new RegExp(\"^https?:$\",\"i\"),i=0;i<o.length;i++)o[i].style.display=\"none\";for(i=0;i<a.length;i++)s=a[i],e.source===s.contentWindow&&(s.removeAttribute(\"style\"),\"height\"===t.message?(1e3<(r=parseInt(t.value,10))?r=1e3:~~r<200&&(r=200),s.height=r):\"link\"===t.message&&(r=new URL(s.getAttribute(\"src\")),n=new URL(t.value),c.test(n.protocol))&&n.host===r.host&&l.activeElement===s&&(d.top.location.href=t.value))}},d.addEventListener(\"message\",d.wp.receiveEmbedMessage,!1),l.addEventListener(\"DOMContentLoaded\",function(){for(var e,t,s=l.querySelectorAll(\"iframe.darka-embedded-content\"),r=0;r<s.length;r++)(t=(e=s[r]).getAttribute(\"data-secret\"))||(t=Math.random().toString(36).substring(2,12),e.src+=\"#?secret=\"+t,e.setAttribute(\"data-secret\",t)),e.contentWindow.postMessage({message:\"ready\",secret:t},\"*\")},!1)))}(window,document);\n\/\/# sourceURL=https:\/\/darkamazi.info\/other\/js\/wp-embed.min.js\n<\/script>\n","thumbnail_url":"https:\/\/darkamazi.info\/file\/2025\/10\/Felsefa-Ocalan-Info.jpg","thumbnail_width":900,"thumbnail_height":500,"description":"Abdulla Ocalan 27 salan ber\u00ea li mekteba navend\u00eeya PKK\u00ea ya li \u015eam\u00ea ji ciwan\u00ean Kurdan re digo: Y\u00ean ku nikarin dijmin\u00ean xwe t\u00eak bibin, div\u00ea ew bimirin, ev Felsefeya min e. Y\u00ean ku nikarin dijimn\u00ean xwe t\u00eak bibin, div\u00ea ew bimirin Ocalan di axaftina xwe de ku li 24 Gulana 1998\u00ea ji komeke ciwan\u00ean Kurdan [&hellip;]"}