{"version":"1.0","provider_name":"Darka Maz\u00ee","provider_url":"https:\/\/darkamazi.info","title":"Bi nav\u00ea Kurdistan\u00ea xapandin \u00fb bo bih\u00eazkirina Tirkiyey\u00ea dan ku\u015ftin - Darka Maz\u00ee","type":"rich","width":600,"height":338,"html":"<blockquote class=\"darka-embedded-content\" data-secret=\"oNzaYXM3IS\"><a href=\"https:\/\/darkamazi.info\/archives\/1050318\">Bi nav\u00ea Kurdistan\u00ea xapandin \u00fb bo bih\u00eazkirina Tirkiyey\u00ea dan ku\u015ftin<\/a><\/blockquote><iframe sandbox=\"allow-scripts\" security=\"restricted\" src=\"https:\/\/darkamazi.info\/archives\/1050318\/embed#?secret=oNzaYXM3IS\" width=\"600\" height=\"338\" title=\"&#8220;Bi nav\u00ea Kurdistan\u00ea xapandin \u00fb bo bih\u00eazkirina Tirkiyey\u00ea dan ku\u015ftin&#8221; &#8212; Darka Maz\u00ee\" data-secret=\"oNzaYXM3IS\" frameborder=\"0\" marginwidth=\"0\" marginheight=\"0\" scrolling=\"no\" class=\"darka-embedded-content\"><\/iframe><script>\n\/*! This file is auto-generated *\/\n!function(d,l){\"use strict\";l.querySelector&&d.addEventListener&&\"undefined\"!=typeof URL&&(d.wp=d.wp||{},d.wp.receiveEmbedMessage||(d.wp.receiveEmbedMessage=function(e){var t=e.data;if((t||t.secret||t.message||t.value)&&!\/[^a-zA-Z0-9]\/.test(t.secret)){for(var s,r,n,a=l.querySelectorAll('iframe[data-secret=\"'+t.secret+'\"]'),o=l.querySelectorAll('blockquote[data-secret=\"'+t.secret+'\"]'),c=new RegExp(\"^https?:$\",\"i\"),i=0;i<o.length;i++)o[i].style.display=\"none\";for(i=0;i<a.length;i++)s=a[i],e.source===s.contentWindow&&(s.removeAttribute(\"style\"),\"height\"===t.message?(1e3<(r=parseInt(t.value,10))?r=1e3:~~r<200&&(r=200),s.height=r):\"link\"===t.message&&(r=new URL(s.getAttribute(\"src\")),n=new URL(t.value),c.test(n.protocol))&&n.host===r.host&&l.activeElement===s&&(d.top.location.href=t.value))}},d.addEventListener(\"message\",d.wp.receiveEmbedMessage,!1),l.addEventListener(\"DOMContentLoaded\",function(){for(var e,t,s=l.querySelectorAll(\"iframe.darka-embedded-content\"),r=0;r<s.length;r++)(t=(e=s[r]).getAttribute(\"data-secret\"))||(t=Math.random().toString(36).substring(2,12),e.src+=\"#?secret=\"+t,e.setAttribute(\"data-secret\",t)),e.contentWindow.postMessage({message:\"ready\",secret:t},\"*\")},!1)))}(window,document);\n\/\/# sourceURL=https:\/\/darkamazi.info\/other\/js\/wp-embed.min.js\n<\/script>\n","thumbnail_url":"https:\/\/darkamazi.info\/file\/2025\/10\/PKK-6-gerila-kurd-turkey-info.jpg","thumbnail_width":900,"thumbnail_height":500,"description":"Nasnameya 6 ciwan\u00ean din y\u00ean Kurdan a\u015fkere b\u00fb ku r\u00eaxistina PKK\u00ea ew li sala 2018\u00ea li Ba\u015f\u00fbr\u00ea Kurdistan\u00ea bo demokrat\u00eekirina Tirkiyey\u00ea da ne ku\u015ftin \u00fb mirina wan li malbat\u00ean wan ve\u015fartib\u00fb. HPG\u00ea bask\u00ea le\u015fker\u00ee y\u00ea PKK\u00ea roja du\u015fem\u00ee 20 Cotmeha 2025\u00ea, nasnamey\u00ean 6 \u00e7ekdar\u00ean xwe a\u015fkere kirine ku p\u00ea\u015f\u00ee 7 salan ber\u00ea wan daye mirin\u00ea [&hellip;]"}