{"version":"1.0","provider_name":"Darka Maz\u00ee","provider_url":"https:\/\/darkamazi.info","title":"Hevd\u00eetina Erdogan \u00fb Heyeta \u00cemraliy\u00ea hat bipa\u015fxistin - Darka Maz\u00ee","type":"rich","width":600,"height":338,"html":"<blockquote class=\"darka-embedded-content\" data-secret=\"Tjurrl7IjQ\"><a href=\"https:\/\/darkamazi.info\/archives\/1050371\">Hevd\u00eetina Erdogan \u00fb Heyeta \u00cemraliy\u00ea hat bipa\u015fxistin<\/a><\/blockquote><iframe sandbox=\"allow-scripts\" security=\"restricted\" src=\"https:\/\/darkamazi.info\/archives\/1050371\/embed#?secret=Tjurrl7IjQ\" width=\"600\" height=\"338\" title=\"&#8220;Hevd\u00eetina Erdogan \u00fb Heyeta \u00cemraliy\u00ea hat bipa\u015fxistin&#8221; &#8212; Darka Maz\u00ee\" data-secret=\"Tjurrl7IjQ\" frameborder=\"0\" marginwidth=\"0\" marginheight=\"0\" scrolling=\"no\" class=\"darka-embedded-content\"><\/iframe><script>\n\/*! This file is auto-generated *\/\n!function(d,l){\"use strict\";l.querySelector&&d.addEventListener&&\"undefined\"!=typeof URL&&(d.wp=d.wp||{},d.wp.receiveEmbedMessage||(d.wp.receiveEmbedMessage=function(e){var t=e.data;if((t||t.secret||t.message||t.value)&&!\/[^a-zA-Z0-9]\/.test(t.secret)){for(var s,r,n,a=l.querySelectorAll('iframe[data-secret=\"'+t.secret+'\"]'),o=l.querySelectorAll('blockquote[data-secret=\"'+t.secret+'\"]'),c=new RegExp(\"^https?:$\",\"i\"),i=0;i<o.length;i++)o[i].style.display=\"none\";for(i=0;i<a.length;i++)s=a[i],e.source===s.contentWindow&&(s.removeAttribute(\"style\"),\"height\"===t.message?(1e3<(r=parseInt(t.value,10))?r=1e3:~~r<200&&(r=200),s.height=r):\"link\"===t.message&&(r=new URL(s.getAttribute(\"src\")),n=new URL(t.value),c.test(n.protocol))&&n.host===r.host&&l.activeElement===s&&(d.top.location.href=t.value))}},d.addEventListener(\"message\",d.wp.receiveEmbedMessage,!1),l.addEventListener(\"DOMContentLoaded\",function(){for(var e,t,s=l.querySelectorAll(\"iframe.darka-embedded-content\"),r=0;r<s.length;r++)(t=(e=s[r]).getAttribute(\"data-secret\"))||(t=Math.random().toString(36).substring(2,12),e.src+=\"#?secret=\"+t,e.setAttribute(\"data-secret\",t)),e.contentWindow.postMessage({message:\"ready\",secret:t},\"*\")},!1)))}(window,document);\n\/\/# sourceURL=https:\/\/darkamazi.info\/other\/js\/wp-embed.min.js\n<\/script>\n","thumbnail_url":"https:\/\/darkamazi.info\/file\/2025\/10\/Imraly-Heyet-Erdogan-2.jpg","thumbnail_width":900,"thumbnail_height":500,"description":"DEM Partiy\u00ea ber\u00ea ragihandib\u00fb Heyeta \u00cemraliy\u00ea d\u00ea 28\u00ea meh\u00ea bi Erdogan re bicive l\u00ea bi daxuyaniyek\u00ea bipa\u015fxistina civ\u00een\u00ea ya 30\u00ea meh\u00ea hat ragihandin. DEM Partiy\u00ea ragihand ku endam\u00ean Heyeta \u00cemraliy\u00ea Perv\u00een Buldan \u00fb M\u00eethat Sancar d\u00ea 30\u00ea \u00c7iriya P\u00ea\u015f\u00een bi Serokkomar\u00ea Tirkiyey\u00ea Recep Tayy\u00eep Erdogan re bicivin. Di daxuyaniya niv\u00eesk\u00ee ya Of\u00eesa \u00c7apemeniy\u00ea ya DEM [&hellip;]"}