{"version":"1.0","provider_name":"Darka Maz\u00ee","provider_url":"https:\/\/darkamazi.info","title":"Ma ger\u00eela li Bakur hene ji bo ku biryara vek\u015f\u00eena wan were day\u00een? - Darka Maz\u00ee","type":"rich","width":600,"height":338,"html":"<blockquote class=\"darka-embedded-content\" data-secret=\"ve0MW9fu9q\"><a href=\"https:\/\/darkamazi.info\/archives\/1050429\">Ma ger\u00eela li Bakur hene ji bo ku biryara vek\u015f\u00eena wan were day\u00een?<\/a><\/blockquote><iframe sandbox=\"allow-scripts\" security=\"restricted\" src=\"https:\/\/darkamazi.info\/archives\/1050429\/embed#?secret=ve0MW9fu9q\" width=\"600\" height=\"338\" title=\"&#8220;Ma ger\u00eela li Bakur hene ji bo ku biryara vek\u015f\u00eena wan were day\u00een?&#8221; &#8212; Darka Maz\u00ee\" data-secret=\"ve0MW9fu9q\" frameborder=\"0\" marginwidth=\"0\" marginheight=\"0\" scrolling=\"no\" class=\"darka-embedded-content\"><\/iframe><script>\n\/*! This file is auto-generated *\/\n!function(d,l){\"use strict\";l.querySelector&&d.addEventListener&&\"undefined\"!=typeof URL&&(d.wp=d.wp||{},d.wp.receiveEmbedMessage||(d.wp.receiveEmbedMessage=function(e){var t=e.data;if((t||t.secret||t.message||t.value)&&!\/[^a-zA-Z0-9]\/.test(t.secret)){for(var s,r,n,a=l.querySelectorAll('iframe[data-secret=\"'+t.secret+'\"]'),o=l.querySelectorAll('blockquote[data-secret=\"'+t.secret+'\"]'),c=new RegExp(\"^https?:$\",\"i\"),i=0;i<o.length;i++)o[i].style.display=\"none\";for(i=0;i<a.length;i++)s=a[i],e.source===s.contentWindow&&(s.removeAttribute(\"style\"),\"height\"===t.message?(1e3<(r=parseInt(t.value,10))?r=1e3:~~r<200&&(r=200),s.height=r):\"link\"===t.message&&(r=new URL(s.getAttribute(\"src\")),n=new URL(t.value),c.test(n.protocol))&&n.host===r.host&&l.activeElement===s&&(d.top.location.href=t.value))}},d.addEventListener(\"message\",d.wp.receiveEmbedMessage,!1),l.addEventListener(\"DOMContentLoaded\",function(){for(var e,t,s=l.querySelectorAll(\"iframe.darka-embedded-content\"),r=0;r<s.length;r++)(t=(e=s[r]).getAttribute(\"data-secret\"))||(t=Math.random().toString(36).substring(2,12),e.src+=\"#?secret=\"+t,e.setAttribute(\"data-secret\",t)),e.contentWindow.postMessage({message:\"ready\",secret:t},\"*\")},!1)))}(window,document);\n\/\/# sourceURL=https:\/\/darkamazi.info\/other\/js\/wp-embed.min.js\n<\/script>\n","thumbnail_url":"https:\/\/darkamazi.info\/file\/2025\/10\/Gerila-Turkey-pkk-ocalan-bahceli-Info.jpg","thumbnail_width":900,"thumbnail_height":500,"description":"R\u00eaxistina PKK\u00ea 25 Cotmeh\u00ea ragihand, ew\u00ea tev h\u00eaz\u00ean xwe y\u00ean li Tirkiy\u00ea vek\u015f\u00eene Ba\u015f\u00fbr\u00ea Kurdistan\u00ea, ev y\u00eak di demek\u00ea de ye ku r\u00eaxistin\u00ea tu h\u00eaz\u00ean wisa li Bakur \u00fb Tirkiy\u00ea tune \u00fb ti\u015fta hey\u00ee ten\u00ea hinek yek\u00eeney\u00ean 3 kes\u00ee y\u00ean Ger\u00eela ne \u00fb ti \u00e7alak\u00eeyan encam ne didan. Wez\u00eer\u00ea navxwe y\u00ea Tirkiy\u00ea y\u00ea ber\u00ea Suleyman [&hellip;]"}