{"version":"1.0","provider_name":"Darka Maz\u00ee","provider_url":"https:\/\/darkamazi.info","title":"Heyeta \u00cemraliy\u00ea naveroka hevd\u00eetina bi Ocalan re e\u015fkere kir - Darka Maz\u00ee","type":"rich","width":600,"height":338,"html":"<blockquote class=\"darka-embedded-content\" data-secret=\"HIxmnLp8AL\"><a href=\"https:\/\/darkamazi.info\/archives\/1050527\">Heyeta \u00cemraliy\u00ea naveroka hevd\u00eetina bi Ocalan re e\u015fkere kir<\/a><\/blockquote><iframe sandbox=\"allow-scripts\" security=\"restricted\" src=\"https:\/\/darkamazi.info\/archives\/1050527\/embed#?secret=HIxmnLp8AL\" width=\"600\" height=\"338\" title=\"&#8220;Heyeta \u00cemraliy\u00ea naveroka hevd\u00eetina bi Ocalan re e\u015fkere kir&#8221; &#8212; Darka Maz\u00ee\" data-secret=\"HIxmnLp8AL\" frameborder=\"0\" marginwidth=\"0\" marginheight=\"0\" scrolling=\"no\" class=\"darka-embedded-content\"><\/iframe><script>\n\/*! This file is auto-generated *\/\n!function(d,l){\"use strict\";l.querySelector&&d.addEventListener&&\"undefined\"!=typeof URL&&(d.wp=d.wp||{},d.wp.receiveEmbedMessage||(d.wp.receiveEmbedMessage=function(e){var t=e.data;if((t||t.secret||t.message||t.value)&&!\/[^a-zA-Z0-9]\/.test(t.secret)){for(var s,r,n,a=l.querySelectorAll('iframe[data-secret=\"'+t.secret+'\"]'),o=l.querySelectorAll('blockquote[data-secret=\"'+t.secret+'\"]'),c=new RegExp(\"^https?:$\",\"i\"),i=0;i<o.length;i++)o[i].style.display=\"none\";for(i=0;i<a.length;i++)s=a[i],e.source===s.contentWindow&&(s.removeAttribute(\"style\"),\"height\"===t.message?(1e3<(r=parseInt(t.value,10))?r=1e3:~~r<200&&(r=200),s.height=r):\"link\"===t.message&&(r=new URL(s.getAttribute(\"src\")),n=new URL(t.value),c.test(n.protocol))&&n.host===r.host&&l.activeElement===s&&(d.top.location.href=t.value))}},d.addEventListener(\"message\",d.wp.receiveEmbedMessage,!1),l.addEventListener(\"DOMContentLoaded\",function(){for(var e,t,s=l.querySelectorAll(\"iframe.darka-embedded-content\"),r=0;r<s.length;r++)(t=(e=s[r]).getAttribute(\"data-secret\"))||(t=Math.random().toString(36).substring(2,12),e.src+=\"#?secret=\"+t,e.setAttribute(\"data-secret\",t)),e.contentWindow.postMessage({message:\"ready\",secret:t},\"*\")},!1)))}(window,document);\n\/\/# sourceURL=https:\/\/darkamazi.info\/other\/js\/wp-embed.min.js\n<\/script>\n","thumbnail_url":"https:\/\/darkamazi.info\/file\/2025\/11\/Imraly-heyet-Ocalan-11.jpg","thumbnail_width":900,"thumbnail_height":500,"description":"Heyeta \u00cemraliy\u00ea ya DEM Partiy\u00ea ragihand ku wan li \u00cemraliy\u00ea bi R\u00eaber\u00ea PKKy\u00ea Abdullah Ocalan re hevd\u00eetinek &#8220;gelek\u00ee er\u00ean\u00ee&#8221; p\u00eak aniye. Li gor\u00ee daxuyaniy\u00ea, Ocalan gotiye, \u201cP\u00eawendiya Tirk \u00fb Kurdan wek\u00ee du st\u00fbn\u00ean hezar sal\u00ee ye\u201d \u00fb div\u00ea \u201cdiyardeya Kurdan bi hem\u00fb aliy\u00ean xwe ve tevl\u00ee yasay\u00eeb\u00fbna komar\u00ea bibe.\u201d Heyeta \u00cemraliy\u00ea ya DEM Partiy\u00ea \u00eero [&hellip;]"}