{"version":"1.0","provider_name":"Darka Maz\u00ee","provider_url":"https:\/\/darkamazi.info","title":"Numan Kurtulmu\u015f: Hatina Ocalan bo Parlamentoy\u00ea di rojeva me de n\u00eene - Darka Maz\u00ee","type":"rich","width":600,"height":338,"html":"<blockquote class=\"darka-embedded-content\" data-secret=\"S4bVbK4jZq\"><a href=\"https:\/\/darkamazi.info\/archives\/1050577\">Numan Kurtulmu\u015f: Hatina Ocalan bo Parlamentoy\u00ea di rojeva me de n\u00eene<\/a><\/blockquote><iframe sandbox=\"allow-scripts\" security=\"restricted\" src=\"https:\/\/darkamazi.info\/archives\/1050577\/embed#?secret=S4bVbK4jZq\" width=\"600\" height=\"338\" title=\"&#8220;Numan Kurtulmu\u015f: Hatina Ocalan bo Parlamentoy\u00ea di rojeva me de n\u00eene&#8221; &#8212; Darka Maz\u00ee\" data-secret=\"S4bVbK4jZq\" frameborder=\"0\" marginwidth=\"0\" marginheight=\"0\" scrolling=\"no\" class=\"darka-embedded-content\"><\/iframe><script>\n\/*! This file is auto-generated *\/\n!function(d,l){\"use strict\";l.querySelector&&d.addEventListener&&\"undefined\"!=typeof URL&&(d.wp=d.wp||{},d.wp.receiveEmbedMessage||(d.wp.receiveEmbedMessage=function(e){var t=e.data;if((t||t.secret||t.message||t.value)&&!\/[^a-zA-Z0-9]\/.test(t.secret)){for(var s,r,n,a=l.querySelectorAll('iframe[data-secret=\"'+t.secret+'\"]'),o=l.querySelectorAll('blockquote[data-secret=\"'+t.secret+'\"]'),c=new RegExp(\"^https?:$\",\"i\"),i=0;i<o.length;i++)o[i].style.display=\"none\";for(i=0;i<a.length;i++)s=a[i],e.source===s.contentWindow&&(s.removeAttribute(\"style\"),\"height\"===t.message?(1e3<(r=parseInt(t.value,10))?r=1e3:~~r<200&&(r=200),s.height=r):\"link\"===t.message&&(r=new URL(s.getAttribute(\"src\")),n=new URL(t.value),c.test(n.protocol))&&n.host===r.host&&l.activeElement===s&&(d.top.location.href=t.value))}},d.addEventListener(\"message\",d.wp.receiveEmbedMessage,!1),l.addEventListener(\"DOMContentLoaded\",function(){for(var e,t,s=l.querySelectorAll(\"iframe.darka-embedded-content\"),r=0;r<s.length;r++)(t=(e=s[r]).getAttribute(\"data-secret\"))||(t=Math.random().toString(36).substring(2,12),e.src+=\"#?secret=\"+t,e.setAttribute(\"data-secret\",t)),e.contentWindow.postMessage({message:\"ready\",secret:t},\"*\")},!1)))}(window,document);\n\/\/# sourceURL=https:\/\/darkamazi.info\/other\/js\/wp-embed.min.js\n<\/script>\n","thumbnail_url":"https:\/\/darkamazi.info\/file\/2025\/11\/Numan-Kurtulmus-1.jpg","thumbnail_width":900,"thumbnail_height":497,"description":"Numan Kurtulmu\u015f diyar kir ku ger lihevkirinek \u00e7\u00eabibe, hevd\u00eetinek bi Ocalan re dikare were kirin \u00fb got, \u201cDi rojeva me de ne \u00d6calan di Parlamentoy\u00ea de \u00fb ne j\u00ee serokatiya koma DEM\u00ea heye.\u201d Serok\u00ea Parlamentoy\u00ea Numan Kurtulmu\u015f li Qesra Ataturk a gir\u00eaday\u00ee Mecl\u00eesa Netewey\u00ee ya Mezin a Tirkiyey\u00ea (TBMM) li Stenbol\u00ea bi berpirs\u00ean \u00e7apemeniy\u00ea re [&hellip;]"}