{"version":"1.0","provider_name":"Darka Maz\u00ee","provider_url":"https:\/\/darkamazi.info","title":"Ji bo pi\u015ftevaniya Leyla Zanay\u00ea, Amedspor deriy\u00ean xwe ji jinan re vedike - Darka Maz\u00ee","type":"rich","width":600,"height":338,"html":"<blockquote class=\"darka-embedded-content\" data-secret=\"pMRmJ4HwpV\"><a href=\"https:\/\/darkamazi.info\/archives\/1051098\">Ji bo pi\u015ftevaniya Leyla Zanay\u00ea, Amedspor deriy\u00ean xwe ji jinan re vedike<\/a><\/blockquote><iframe sandbox=\"allow-scripts\" security=\"restricted\" src=\"https:\/\/darkamazi.info\/archives\/1051098\/embed#?secret=pMRmJ4HwpV\" width=\"600\" height=\"338\" title=\"&#8220;Ji bo pi\u015ftevaniya Leyla Zanay\u00ea, Amedspor deriy\u00ean xwe ji jinan re vedike&#8221; &#8212; Darka Maz\u00ee\" data-secret=\"pMRmJ4HwpV\" frameborder=\"0\" marginwidth=\"0\" marginheight=\"0\" scrolling=\"no\" class=\"darka-embedded-content\"><\/iframe><script>\n\/*! This file is auto-generated *\/\n!function(d,l){\"use strict\";l.querySelector&&d.addEventListener&&\"undefined\"!=typeof URL&&(d.wp=d.wp||{},d.wp.receiveEmbedMessage||(d.wp.receiveEmbedMessage=function(e){var t=e.data;if((t||t.secret||t.message||t.value)&&!\/[^a-zA-Z0-9]\/.test(t.secret)){for(var s,r,n,a=l.querySelectorAll('iframe[data-secret=\"'+t.secret+'\"]'),o=l.querySelectorAll('blockquote[data-secret=\"'+t.secret+'\"]'),c=new RegExp(\"^https?:$\",\"i\"),i=0;i<o.length;i++)o[i].style.display=\"none\";for(i=0;i<a.length;i++)s=a[i],e.source===s.contentWindow&&(s.removeAttribute(\"style\"),\"height\"===t.message?(1e3<(r=parseInt(t.value,10))?r=1e3:~~r<200&&(r=200),s.height=r):\"link\"===t.message&&(r=new URL(s.getAttribute(\"src\")),n=new URL(t.value),c.test(n.protocol))&&n.host===r.host&&l.activeElement===s&&(d.top.location.href=t.value))}},d.addEventListener(\"message\",d.wp.receiveEmbedMessage,!1),l.addEventListener(\"DOMContentLoaded\",function(){for(var e,t,s=l.querySelectorAll(\"iframe.darka-embedded-content\"),r=0;r<s.length;r++)(t=(e=s[r]).getAttribute(\"data-secret\"))||(t=Math.random().toString(36).substring(2,12),e.src+=\"#?secret=\"+t,e.setAttribute(\"data-secret\",t)),e.contentWindow.postMessage({message:\"ready\",secret:t},\"*\")},!1)))}(window,document);\n\/\/# sourceURL=https:\/\/darkamazi.info\/other\/js\/wp-embed.min.js\n<\/script>\n","thumbnail_url":"https:\/\/darkamazi.info\/file\/2025\/12\/amed-spor.jpg","thumbnail_width":900,"thumbnail_height":497,"description":"Yaneya Amedspor\u00ea ragihand, di l\u00eestika li hember Igdirspor\u00ea de, wek\u00ee bersivek li dij\u00ee sivikatiy\u00ean ku li dij\u00ee siyasetmedar Leyla Zanay\u00ea kirin, d\u00ea ketina yar\u00eegeh\u00ea ji bo jinan b\u00eapere be. Pi\u015ft\u00ee ku di l\u00eestika navbera Bursaspor \u00fb Somaspor\u00ea ya 16\u00ea Ber\u00e7iley\u00ea de, komek al\u00eegir\u00ean nijadperest \u00ear\u00ee\u015fa devk\u00ee \u00fb sivikat\u00ee li siyasetmedara Kurd Leyla Zanay\u00ea kirib\u00fbn, bertek\u00ean [&hellip;]"}