{"version":"1.0","provider_name":"Darka Maz\u00ee","provider_url":"https:\/\/darkamazi.info","title":"Peyama Ocalan ji bo Kongreya ANKA-DER \u00ea \u015fand\u00ee \u00fb n\u00eaz\u00eekatiya PKK\u00ea ji bo meseleya \"\u015eeh\u00eedan\"\u2026 - Darka Maz\u00ee","type":"rich","width":600,"height":338,"html":"<blockquote class=\"darka-embedded-content\" data-secret=\"OMxeLyktDt\"><a href=\"https:\/\/darkamazi.info\/archives\/1051101\">Peyama Ocalan ji bo Kongreya ANKA-DER \u00ea \u015fand\u00ee \u00fb n\u00eaz\u00eekatiya PKK\u00ea ji bo meseleya &#8220;\u015eeh\u00eedan&#8221;\u2026<\/a><\/blockquote><iframe sandbox=\"allow-scripts\" security=\"restricted\" src=\"https:\/\/darkamazi.info\/archives\/1051101\/embed#?secret=OMxeLyktDt\" width=\"600\" height=\"338\" title=\"&#8220;Peyama Ocalan ji bo Kongreya ANKA-DER \u00ea \u015fand\u00ee \u00fb n\u00eaz\u00eekatiya PKK\u00ea ji bo meseleya &#8220;\u015eeh\u00eedan&#8221;\u2026&#8221; &#8212; Darka Maz\u00ee\" data-secret=\"OMxeLyktDt\" frameborder=\"0\" marginwidth=\"0\" marginheight=\"0\" scrolling=\"no\" class=\"darka-embedded-content\"><\/iframe><script>\n\/*! This file is auto-generated *\/\n!function(d,l){\"use strict\";l.querySelector&&d.addEventListener&&\"undefined\"!=typeof URL&&(d.wp=d.wp||{},d.wp.receiveEmbedMessage||(d.wp.receiveEmbedMessage=function(e){var t=e.data;if((t||t.secret||t.message||t.value)&&!\/[^a-zA-Z0-9]\/.test(t.secret)){for(var s,r,n,a=l.querySelectorAll('iframe[data-secret=\"'+t.secret+'\"]'),o=l.querySelectorAll('blockquote[data-secret=\"'+t.secret+'\"]'),c=new RegExp(\"^https?:$\",\"i\"),i=0;i<o.length;i++)o[i].style.display=\"none\";for(i=0;i<a.length;i++)s=a[i],e.source===s.contentWindow&&(s.removeAttribute(\"style\"),\"height\"===t.message?(1e3<(r=parseInt(t.value,10))?r=1e3:~~r<200&&(r=200),s.height=r):\"link\"===t.message&&(r=new URL(s.getAttribute(\"src\")),n=new URL(t.value),c.test(n.protocol))&&n.host===r.host&&l.activeElement===s&&(d.top.location.href=t.value))}},d.addEventListener(\"message\",d.wp.receiveEmbedMessage,!1),l.addEventListener(\"DOMContentLoaded\",function(){for(var e,t,s=l.querySelectorAll(\"iframe.darka-embedded-content\"),r=0;r<s.length;r++)(t=(e=s[r]).getAttribute(\"data-secret\"))||(t=Math.random().toString(36).substring(2,12),e.src+=\"#?secret=\"+t,e.setAttribute(\"data-secret\",t)),e.contentWindow.postMessage({message:\"ready\",secret:t},\"*\")},!1)))}(window,document);\n\/\/# sourceURL=https:\/\/darkamazi.info\/other\/js\/wp-embed.min.js\n<\/script>\n","thumbnail_url":"https:\/\/darkamazi.info\/file\/2025\/12\/Ocalan-u-kujeri-info.jpg","thumbnail_width":900,"thumbnail_height":475,"description":"Evdila Ocalan, 52 sal in, kes\u00ean ku di nav PKK\u00ea de jiyana xwe ji dest dane bi b\u00eer t\u00eene, l\u00ea w\u00ee carek\u00ea j\u00ee behsa Kurdistan\u00ea nekiriye\u2026 Evdila Ocalan peyamek ji bo konferansa ku ji bo b\u00eeran\u00eena windahiy\u00ean ku PKK\u00ea di maw\u00ea 52 salan de dane het\u00ee lidarxistin \u015fand. Ocalan carek\u00ea j\u00ee peyva Kurdistan\u00ea bi kar [&hellip;]"}