{"version":"1.0","provider_name":"Darka Maz\u00ee","provider_url":"https:\/\/darkamazi.info","title":"\u201cOcalan plan dike ku r\u00eaxistina Partiya DEM\u00ea ya hey\u00ee hilwe\u015f\u00eene\u201d - Darka Maz\u00ee","type":"rich","width":600,"height":338,"html":"<blockquote class=\"darka-embedded-content\" data-secret=\"pKoakhm69f\"><a href=\"https:\/\/darkamazi.info\/archives\/1051132\">\u201cOcalan plan dike ku r\u00eaxistina Partiya DEM\u00ea ya hey\u00ee hilwe\u015f\u00eene\u201d<\/a><\/blockquote><iframe sandbox=\"allow-scripts\" security=\"restricted\" src=\"https:\/\/darkamazi.info\/archives\/1051132\/embed#?secret=pKoakhm69f\" width=\"600\" height=\"338\" title=\"&#8220;\u201cOcalan plan dike ku r\u00eaxistina Partiya DEM\u00ea ya hey\u00ee hilwe\u015f\u00eene\u201d&#8221; &#8212; Darka Maz\u00ee\" data-secret=\"pKoakhm69f\" frameborder=\"0\" marginwidth=\"0\" marginheight=\"0\" scrolling=\"no\" class=\"darka-embedded-content\"><\/iframe><script>\n\/*! This file is auto-generated *\/\n!function(d,l){\"use strict\";l.querySelector&&d.addEventListener&&\"undefined\"!=typeof URL&&(d.wp=d.wp||{},d.wp.receiveEmbedMessage||(d.wp.receiveEmbedMessage=function(e){var t=e.data;if((t||t.secret||t.message||t.value)&&!\/[^a-zA-Z0-9]\/.test(t.secret)){for(var s,r,n,a=l.querySelectorAll('iframe[data-secret=\"'+t.secret+'\"]'),o=l.querySelectorAll('blockquote[data-secret=\"'+t.secret+'\"]'),c=new RegExp(\"^https?:$\",\"i\"),i=0;i<o.length;i++)o[i].style.display=\"none\";for(i=0;i<a.length;i++)s=a[i],e.source===s.contentWindow&&(s.removeAttribute(\"style\"),\"height\"===t.message?(1e3<(r=parseInt(t.value,10))?r=1e3:~~r<200&&(r=200),s.height=r):\"link\"===t.message&&(r=new URL(s.getAttribute(\"src\")),n=new URL(t.value),c.test(n.protocol))&&n.host===r.host&&l.activeElement===s&&(d.top.location.href=t.value))}},d.addEventListener(\"message\",d.wp.receiveEmbedMessage,!1),l.addEventListener(\"DOMContentLoaded\",function(){for(var e,t,s=l.querySelectorAll(\"iframe.darka-embedded-content\"),r=0;r<s.length;r++)(t=(e=s[r]).getAttribute(\"data-secret\"))||(t=Math.random().toString(36).substring(2,12),e.src+=\"#?secret=\"+t,e.setAttribute(\"data-secret\",t)),e.contentWindow.postMessage({message:\"ready\",secret:t},\"*\")},!1)))}(window,document);\n\/\/# sourceURL=https:\/\/darkamazi.info\/other\/js\/wp-embed.min.js\n<\/script>\n","thumbnail_url":"https:\/\/darkamazi.info\/file\/2025\/12\/Abdullah-Ocalan-10-wezir-net.jpg","thumbnail_width":900,"thumbnail_height":500,"description":"Li ser rew\u015fa Abdullah Ocalan \u00fb helwesta Ocalan di p\u00eavajoya bi nav\u00ea \u201d Tirkiyeya B\u00ea Teror\u201d de r\u00fbdidin gelek got\u00fbb\u00eaj\u00ean cuda t\u00eane kirin. Yek ji van got\u00fbb\u00eajan ya her\u00ee balk\u00ea\u015f helwest \u00fb kesayeta Ocalan bi xwe ye. Li gora n\u00fb\u00e7eyek, di bloka Sesl\u00ee Heber de parlementerek ber\u00ea y\u00ea HDP\u00ea di dax\u00fbyaniyeka xwe de behsa helwesta [&hellip;]"}