{"version":"1.0","provider_name":"Darka Maz\u00ee","provider_url":"https:\/\/darkamazi.info","title":"Li ser Gotina ku Kurd li S\u00fbriy k\u00eamnetewey\u00ean ko\u00e7ber in - Darka Maz\u00ee","type":"rich","width":600,"height":338,"html":"<blockquote class=\"darka-embedded-content\" data-secret=\"OJRKHYjJrQ\"><a href=\"https:\/\/darkamazi.info\/archives\/1051135\">Li ser Gotina ku Kurd li S\u00fbriy k\u00eamnetewey\u00ean ko\u00e7ber in<\/a><\/blockquote><iframe sandbox=\"allow-scripts\" security=\"restricted\" src=\"https:\/\/darkamazi.info\/archives\/1051135\/embed#?secret=OJRKHYjJrQ\" width=\"600\" height=\"338\" title=\"&#8220;Li ser Gotina ku Kurd li S\u00fbriy k\u00eamnetewey\u00ean ko\u00e7ber in&#8221; &#8212; Darka Maz\u00ee\" data-secret=\"OJRKHYjJrQ\" frameborder=\"0\" marginwidth=\"0\" marginheight=\"0\" scrolling=\"no\" class=\"darka-embedded-content\"><\/iframe><script>\n\/*! This file is auto-generated *\/\n!function(d,l){\"use strict\";l.querySelector&&d.addEventListener&&\"undefined\"!=typeof URL&&(d.wp=d.wp||{},d.wp.receiveEmbedMessage||(d.wp.receiveEmbedMessage=function(e){var t=e.data;if((t||t.secret||t.message||t.value)&&!\/[^a-zA-Z0-9]\/.test(t.secret)){for(var s,r,n,a=l.querySelectorAll('iframe[data-secret=\"'+t.secret+'\"]'),o=l.querySelectorAll('blockquote[data-secret=\"'+t.secret+'\"]'),c=new RegExp(\"^https?:$\",\"i\"),i=0;i<o.length;i++)o[i].style.display=\"none\";for(i=0;i<a.length;i++)s=a[i],e.source===s.contentWindow&&(s.removeAttribute(\"style\"),\"height\"===t.message?(1e3<(r=parseInt(t.value,10))?r=1e3:~~r<200&&(r=200),s.height=r):\"link\"===t.message&&(r=new URL(s.getAttribute(\"src\")),n=new URL(t.value),c.test(n.protocol))&&n.host===r.host&&l.activeElement===s&&(d.top.location.href=t.value))}},d.addEventListener(\"message\",d.wp.receiveEmbedMessage,!1),l.addEventListener(\"DOMContentLoaded\",function(){for(var e,t,s=l.querySelectorAll(\"iframe.darka-embedded-content\"),r=0;r<s.length;r++)(t=(e=s[r]).getAttribute(\"data-secret\"))||(t=Math.random().toString(36).substring(2,12),e.src+=\"#?secret=\"+t,e.setAttribute(\"data-secret\",t)),e.contentWindow.postMessage({message:\"ready\",secret:t},\"*\")},!1)))}(window,document);\n\/\/# sourceURL=https:\/\/darkamazi.info\/other\/js\/wp-embed.min.js\n<\/script>\n","thumbnail_url":"https:\/\/darkamazi.info\/file\/2025\/12\/kurdistan.jpg","thumbnail_width":900,"thumbnail_height":497,"description":"Mahir Hesen Gotina ku \u201cKurd li S\u00fbriy\u00ea k\u00eamnetewey\u00ean ko\u00e7ber in\u201d ne ten\u00ea \u015fa\u015f e, l\u00ea bi armanca tunekirin\u00ea hatiye \u00e7\u00eakirin. Ev gotin dixwaze rastiya d\u00eerok\u00ee biguher\u00eene, l\u00ea nikarin. Ax bi xwe \u015fahid e. D\u00eerok \u015fahid e. Belge \u015fahid in. Kurd ne ten\u00ea be\u015fek ji v\u00ea welat\u00ee ne; ew xwediy\u00ean be\u015fek ji v\u00ea ax\u00ea ne. Kurdistana [&hellip;]"}